{"id":15663,"date":"2024-08-25T19:48:53","date_gmt":"2024-08-25T16:48:53","guid":{"rendered":"https:\/\/www.ovidiudragosargesanu.ro\/?post_type=product&#038;p=15663"},"modified":"2025-10-02T16:43:14","modified_gmt":"2025-10-02T13:43:14","slug":"curs-puterea-personala-si-de-manifestare-mostenirile-transgenerationale-arad-acces-online","status":"publish","type":"product","link":"https:\/\/www.ovidiudragosargesanu.ro\/en\/shop\/cursuri-premium\/drept-divin-cursuri-premium\/curs-puterea-personala-si-de-manifestare-mostenirile-transgenerationale-arad-acces-online\/","title":{"rendered":"Curs: Puterea personala si de manifestare. Mostenirile transgenerationale &#8211; Arad &#8211; acces online"},"content":{"rendered":"<p><span style=\"font-weight: 400;\">Cursul \u201ePuterea personal\u0103 \u0219i de manifestare. Mo\u0219tenirile transgenera\u021bionale\u201d, pe care l-am sus\u021bin \u00een Arad, pe 19 septembrie 2024,\u00a0 este conceput pentru cei care \u00ee\u0219i doresc s\u0103 \u00een\u021beleag\u0103 \u0219i s\u0103 \u00ee\u0219i deblocheze adev\u0103rata putere interioar\u0103, \u00eenv\u0103\u021b\u00e2nd s\u0103 \u00ee\u0219i manifeste dorin\u021bele \u0219i obiectivele.<\/span><\/p>\n<h3><b>De ce ar trebui s\u0103 achizi\u021bionezi acest curs?<\/b><\/h3>\n<p><span style=\"font-weight: 400;\">\u00cen primul r\u00e2nd, puterea personal\u0103 \u0219i abilitatea de a manifesta nu sunt doar concepte abstracte, ci sunt realit\u0103\u021bi pe care fiecare dintre noi le putem accesa. Acest curs te va ghida pas cu pas \u00een procesul de a \u00een\u021belege cum mo\u0219tenirile transgenera\u021bionale \u2013 tipare de g\u00e2ndire, comportamente \u0219i credin\u021be transmise din genera\u021bie \u00een genera\u021bie \u2013 \u00ee\u021bi influen\u021beaz\u0103 prezentul \u0219i viitorul.<\/span><\/p>\n<p><span style=\"font-weight: 400;\">Prin acest curs, vei \u00eenv\u0103\u021ba s\u0103:<\/span><\/p>\n<ol>\n<li style=\"font-weight: 400;\" aria-level=\"1\"><b>Identifici \u0219i s\u0103 eliberezi blocajele<\/b><span style=\"font-weight: 400;\"> care provin din mo\u0219tenirile tale transgenera\u021bionale.<\/span><\/li>\n<li style=\"font-weight: 400;\" aria-level=\"1\"><b>\u00ce\u021bi cre\u0219ti nivelul de con\u0219tientizare<\/b><span style=\"font-weight: 400;\"> cu privire la influen\u021bele ancestrale \u0219i s\u0103 le transformi \u00een surse de putere.<\/span><\/li>\n<li style=\"font-weight: 400;\" aria-level=\"1\"><b>Manife\u0219ti cu inten\u021bie<\/b><span style=\"font-weight: 400;\"> ceea ce \u00ee\u021bi dore\u0219ti \u00een via\u021ba ta, folosind tehnici \u0219i practici spirituale.<\/span><\/li>\n<\/ol>\n<h3><b>Beneficiile cursului:<\/b><\/h3>\n<ul>\n<li style=\"font-weight: 400;\" aria-level=\"1\"><b>Autocunoa\u0219tere profund\u0103:<\/b><span style=\"font-weight: 400;\"> Vei descoperi pa\u0219i concre\u021bi pentru a \u00eencepe s\u0103 \u0219tii cine e\u0219ti cu adev\u0103rat \u0219i ce te \u00eempiedic\u0103 s\u0103 \u00ee\u021bi atingi poten\u021bialul maxim.<\/span><\/li>\n<li style=\"font-weight: 400;\" aria-level=\"1\"><b>Vindecare emo\u021bional\u0103 \u0219i energetic\u0103:<\/b><span style=\"font-weight: 400;\"> Vei \u00eenv\u0103\u021ba cum se pot vindeca r\u0103nile emo\u021bionale care \u021bi-au fost transmise din genera\u021bie \u00een genera\u021bie, eliber\u00e2nd astfel energia necesar\u0103 pentru a-\u021bi manifesta dorin\u021bele.<\/span><\/li>\n<li style=\"font-weight: 400;\" aria-level=\"1\"><b>Claritate \u0219i focus:<\/b><span style=\"font-weight: 400;\"> Acest curs \u00ee\u021bi va oferi instrumentele necesare pentru a-\u021bi clarifica inten\u021biile \u0219i a-\u021bi concentra energia \u00een direc\u021bia dorit\u0103.<\/span><\/li>\n<li style=\"font-weight: 400;\" aria-level=\"1\"><b>Transformare personal\u0103:<\/b><span style=\"font-weight: 400;\"> \u00ce\u021bi vei schimba percep\u021bia asupra propriei tale persoane \u0219i a vie\u021bii tale, av\u00e2nd puterea de a crea realitatea pe care o dore\u0219ti.<\/span><\/li>\n<\/ul>\n<p><span style=\"font-weight: 400;\">Voi lucra cu tine la toate nivelurile \u2013 minte, corp, suflet \u2013 pentru a te ajuta s\u0103 \u00ee\u021bi accesezi adev\u0103rata putere \u0219i s\u0103 \u00ee\u021bi manife\u0219ti dorin\u021bele cu succes.<\/span><\/p>\n<p>&nbsp;<\/p>\n<p>&nbsp;<\/p>\n","protected":false},"excerpt":{"rendered":"<p><span style=\"font-weight: 400;\">Cursul \u201ePuterea personal\u0103 \u0219i de manifestare. Mo\u0219tenirile transgenera\u021bionale\u201d pe care l-am sus\u021binut \u00een Arad, pe 19 septembrie 2024.<\/span><\/p>\n","protected":false},"featured_media":65950,"template":"","meta":{"inline_featured_image":false},"product_brand":[],"product_cat":[602,702,755,737],"product_tag":[],"class_list":{"0":"post-15663","1":"product","2":"type-product","3":"status-publish","4":"has-post-thumbnail","6":"product_cat-cursuri-premium","7":"product_cat-drept-divin-cursuri-premium","8":"product_cat-karma-cursuri-premium","9":"product_cat-supraconstiinta-cursuri-premium","11":"first","12":"instock","13":"virtual","14":"sold-individually","15":"taxable","16":"purchasable","17":"product-type-simple"},"yoast_head":"<!-- This site is optimized with the Yoast SEO plugin v26.9 - https:\/\/yoast.com\/product\/yoast-seo-wordpress\/ -->\n<title>Curs: Puterea personala si de manifestare. Mostenirile transgenerationale - Arad - acces online - Ovidiu Drago\u0219 Arge\u0219anu<\/title>\n<meta name=\"description\" content=\"Cursul \u201ePuterea personal\u0103 \u0219i de manifestare. Mo\u0219tenirile transgenera\u021bionale\u201d, pe care \u00eel sus\u021bin \u00een Arad, 19 septembrie 2024, \u00eencep\u00e2nd cu ora 18:00\" \/>\n<meta name=\"robots\" content=\"noindex, follow, max-snippet:-1, max-image-preview:large, max-video-preview:-1\" \/>\n<meta property=\"og:locale\" content=\"en_US\" \/>\n<meta property=\"og:type\" content=\"article\" \/>\n<meta property=\"og:title\" content=\"Curs: Puterea personala si de manifestare. Mostenirile transgenerationale - Arad - acces online - Ovidiu Drago\u0219 Arge\u0219anu\" \/>\n<meta property=\"og:description\" content=\"Cursul \u201ePuterea personal\u0103 \u0219i de manifestare. Mo\u0219tenirile transgenera\u021bionale\u201d, pe care \u00eel sus\u021bin \u00een Arad, 19 septembrie 2024, \u00eencep\u00e2nd cu ora 18:00\" \/>\n<meta property=\"og:url\" content=\"https:\/\/www.ovidiudragosargesanu.ro\/en\/shop\/cursuri-premium\/drept-divin-cursuri-premium\/curs-puterea-personala-si-de-manifestare-mostenirile-transgenerationale-arad-acces-online\/\" \/>\n<meta property=\"og:site_name\" content=\"Ovidiu Drago\u0219 Arge\u0219anu\" \/>\n<meta property=\"article:modified_time\" content=\"2025-10-02T13:43:14+00:00\" \/>\n<meta property=\"og:image\" content=\"https:\/\/www.ovidiudragosargesanu.ro\/en\/wp-content\/uploads\/2024\/08\/Curs-premium-Puterea-personala-si-de-manifestare.Mostenirile-transgenerationale-Arad600X800.png\" \/>\n\t<meta property=\"og:image:width\" content=\"600\" \/>\n\t<meta property=\"og:image:height\" content=\"800\" \/>\n\t<meta property=\"og:image:type\" content=\"image\/png\" \/>\n<meta name=\"twitter:card\" content=\"summary_large_image\" \/>\n<meta name=\"twitter:label1\" content=\"Est. reading time\" \/>\n\t<meta name=\"twitter:data1\" content=\"2 minutes\" \/>\n<script type=\"application\/ld+json\" class=\"yoast-schema-graph\">{\"@context\":\"https:\/\/schema.org\",\"@graph\":[{\"@type\":\"WebPage\",\"@id\":\"https:\/\/www.ovidiudragosargesanu.ro\/en\/shop\/cursuri-premium\/drept-divin-cursuri-premium\/curs-puterea-personala-si-de-manifestare-mostenirile-transgenerationale-arad-acces-online\/\",\"url\":\"https:\/\/www.ovidiudragosargesanu.ro\/en\/shop\/cursuri-premium\/drept-divin-cursuri-premium\/curs-puterea-personala-si-de-manifestare-mostenirile-transgenerationale-arad-acces-online\/\",\"name\":\"Curs: Puterea personala si de manifestare. Mostenirile transgenerationale - Arad - acces online - Ovidiu Drago\u0219 Arge\u0219anu\",\"isPartOf\":{\"@id\":\"https:\/\/www.ovidiudragosargesanu.ro\/en\/#website\"},\"primaryImageOfPage\":{\"@id\":\"https:\/\/www.ovidiudragosargesanu.ro\/en\/shop\/cursuri-premium\/drept-divin-cursuri-premium\/curs-puterea-personala-si-de-manifestare-mostenirile-transgenerationale-arad-acces-online\/#primaryimage\"},\"image\":{\"@id\":\"https:\/\/www.ovidiudragosargesanu.ro\/en\/shop\/cursuri-premium\/drept-divin-cursuri-premium\/curs-puterea-personala-si-de-manifestare-mostenirile-transgenerationale-arad-acces-online\/#primaryimage\"},\"thumbnailUrl\":\"https:\/\/www.ovidiudragosargesanu.ro\/en\/wp-content\/uploads\/2024\/08\/Curs-premium-Puterea-personala-si-de-manifestare.Mostenirile-transgenerationale-Arad600X800.png\",\"datePublished\":\"2024-08-25T16:48:53+00:00\",\"dateModified\":\"2025-10-02T13:43:14+00:00\",\"description\":\"Cursul \u201ePuterea personal\u0103 \u0219i de manifestare. Mo\u0219tenirile transgenera\u021bionale\u201d, pe care \u00eel sus\u021bin \u00een Arad, 19 septembrie 2024, \u00eencep\u00e2nd cu ora 18:00\",\"breadcrumb\":{\"@id\":\"https:\/\/www.ovidiudragosargesanu.ro\/en\/shop\/cursuri-premium\/drept-divin-cursuri-premium\/curs-puterea-personala-si-de-manifestare-mostenirile-transgenerationale-arad-acces-online\/#breadcrumb\"},\"inLanguage\":\"en-US\",\"potentialAction\":[{\"@type\":\"ReadAction\",\"target\":[\"https:\/\/www.ovidiudragosargesanu.ro\/en\/shop\/cursuri-premium\/drept-divin-cursuri-premium\/curs-puterea-personala-si-de-manifestare-mostenirile-transgenerationale-arad-acces-online\/\"]}]},{\"@type\":\"ImageObject\",\"inLanguage\":\"en-US\",\"@id\":\"https:\/\/www.ovidiudragosargesanu.ro\/en\/shop\/cursuri-premium\/drept-divin-cursuri-premium\/curs-puterea-personala-si-de-manifestare-mostenirile-transgenerationale-arad-acces-online\/#primaryimage\",\"url\":\"https:\/\/www.ovidiudragosargesanu.ro\/en\/wp-content\/uploads\/2024\/08\/Curs-premium-Puterea-personala-si-de-manifestare.Mostenirile-transgenerationale-Arad600X800.png\",\"contentUrl\":\"https:\/\/www.ovidiudragosargesanu.ro\/en\/wp-content\/uploads\/2024\/08\/Curs-premium-Puterea-personala-si-de-manifestare.Mostenirile-transgenerationale-Arad600X800.png\",\"width\":600,\"height\":800},{\"@type\":\"BreadcrumbList\",\"@id\":\"https:\/\/www.ovidiudragosargesanu.ro\/en\/shop\/cursuri-premium\/drept-divin-cursuri-premium\/curs-puterea-personala-si-de-manifestare-mostenirile-transgenerationale-arad-acces-online\/#breadcrumb\",\"itemListElement\":[{\"@type\":\"ListItem\",\"position\":1,\"name\":\"Prima pagin\u0103\",\"item\":\"https:\/\/www.ovidiudragosargesanu.ro\/en\/\"},{\"@type\":\"ListItem\",\"position\":2,\"name\":\"Shop\",\"item\":\"https:\/\/www.ovidiudragosargesanu.ro\/en\/shop\/\"},{\"@type\":\"ListItem\",\"position\":3,\"name\":\"Curs: Puterea personala si de manifestare. Mostenirile transgenerationale &#8211; Arad &#8211; acces online\"}]},{\"@type\":\"WebSite\",\"@id\":\"https:\/\/www.ovidiudragosargesanu.ro\/en\/#website\",\"url\":\"https:\/\/www.ovidiudragosargesanu.ro\/en\/\",\"name\":\"Ovidiu Drago\u0219 Arge\u0219anu\",\"description\":\"\",\"publisher\":{\"@id\":\"https:\/\/www.ovidiudragosargesanu.ro\/en\/#organization\"},\"potentialAction\":[{\"@type\":\"SearchAction\",\"target\":{\"@type\":\"EntryPoint\",\"urlTemplate\":\"https:\/\/www.ovidiudragosargesanu.ro\/en\/?s={search_term_string}\"},\"query-input\":{\"@type\":\"PropertyValueSpecification\",\"valueRequired\":true,\"valueName\":\"search_term_string\"}}],\"inLanguage\":\"en-US\"},{\"@type\":\"Organization\",\"@id\":\"https:\/\/www.ovidiudragosargesanu.ro\/en\/#organization\",\"name\":\"Ovidiu Drago\u0219 Arge\u0219anu\",\"url\":\"https:\/\/www.ovidiudragosargesanu.ro\/en\/\",\"logo\":{\"@type\":\"ImageObject\",\"inLanguage\":\"en-US\",\"@id\":\"https:\/\/www.ovidiudragosargesanu.ro\/en\/#\/schema\/logo\/image\/\",\"url\":\"https:\/\/www.ovidiudragosargesanu.ro\/en\/wp-content\/uploads\/2018\/03\/dragos-logo-lotus-black-400.svg\",\"contentUrl\":\"https:\/\/www.ovidiudragosargesanu.ro\/en\/wp-content\/uploads\/2018\/03\/dragos-logo-lotus-black-400.svg\",\"width\":300,\"height\":150,\"caption\":\"Ovidiu Drago\u0219 Arge\u0219anu\"},\"image\":{\"@id\":\"https:\/\/www.ovidiudragosargesanu.ro\/en\/#\/schema\/logo\/image\/\"}}]}<\/script>\n<!-- \/ Yoast SEO plugin. -->","yoast_head_json":{"title":"Curs: Puterea personala si de manifestare. Mostenirile transgenerationale - Arad - acces online - Ovidiu Drago\u0219 Arge\u0219anu","description":"Cursul \u201ePuterea personal\u0103 \u0219i de manifestare. Mo\u0219tenirile transgenera\u021bionale\u201d, pe care \u00eel sus\u021bin \u00een Arad, 19 septembrie 2024, \u00eencep\u00e2nd cu ora 18:00","robots":{"index":"noindex","follow":"follow","max-snippet":"max-snippet:-1","max-image-preview":"max-image-preview:large","max-video-preview":"max-video-preview:-1"},"og_locale":"en_US","og_type":"article","og_title":"Curs: Puterea personala si de manifestare. Mostenirile transgenerationale - Arad - acces online - Ovidiu Drago\u0219 Arge\u0219anu","og_description":"Cursul \u201ePuterea personal\u0103 \u0219i de manifestare. Mo\u0219tenirile transgenera\u021bionale\u201d, pe care \u00eel sus\u021bin \u00een Arad, 19 septembrie 2024, \u00eencep\u00e2nd cu ora 18:00","og_url":"https:\/\/www.ovidiudragosargesanu.ro\/en\/shop\/cursuri-premium\/drept-divin-cursuri-premium\/curs-puterea-personala-si-de-manifestare-mostenirile-transgenerationale-arad-acces-online\/","og_site_name":"Ovidiu Drago\u0219 Arge\u0219anu","article_modified_time":"2025-10-02T13:43:14+00:00","og_image":[{"width":600,"height":800,"url":"https:\/\/www.ovidiudragosargesanu.ro\/en\/wp-content\/uploads\/2024\/08\/Curs-premium-Puterea-personala-si-de-manifestare.Mostenirile-transgenerationale-Arad600X800.png","type":"image\/png"}],"twitter_card":"summary_large_image","twitter_misc":{"Est. reading time":"2 minutes"},"schema":{"@context":"https:\/\/schema.org","@graph":[{"@type":"WebPage","@id":"https:\/\/www.ovidiudragosargesanu.ro\/en\/shop\/cursuri-premium\/drept-divin-cursuri-premium\/curs-puterea-personala-si-de-manifestare-mostenirile-transgenerationale-arad-acces-online\/","url":"https:\/\/www.ovidiudragosargesanu.ro\/en\/shop\/cursuri-premium\/drept-divin-cursuri-premium\/curs-puterea-personala-si-de-manifestare-mostenirile-transgenerationale-arad-acces-online\/","name":"Curs: Puterea personala si de manifestare. Mostenirile transgenerationale - Arad - acces online - Ovidiu Drago\u0219 Arge\u0219anu","isPartOf":{"@id":"https:\/\/www.ovidiudragosargesanu.ro\/en\/#website"},"primaryImageOfPage":{"@id":"https:\/\/www.ovidiudragosargesanu.ro\/en\/shop\/cursuri-premium\/drept-divin-cursuri-premium\/curs-puterea-personala-si-de-manifestare-mostenirile-transgenerationale-arad-acces-online\/#primaryimage"},"image":{"@id":"https:\/\/www.ovidiudragosargesanu.ro\/en\/shop\/cursuri-premium\/drept-divin-cursuri-premium\/curs-puterea-personala-si-de-manifestare-mostenirile-transgenerationale-arad-acces-online\/#primaryimage"},"thumbnailUrl":"https:\/\/www.ovidiudragosargesanu.ro\/en\/wp-content\/uploads\/2024\/08\/Curs-premium-Puterea-personala-si-de-manifestare.Mostenirile-transgenerationale-Arad600X800.png","datePublished":"2024-08-25T16:48:53+00:00","dateModified":"2025-10-02T13:43:14+00:00","description":"Cursul \u201ePuterea personal\u0103 \u0219i de manifestare. Mo\u0219tenirile transgenera\u021bionale\u201d, pe care \u00eel sus\u021bin \u00een Arad, 19 septembrie 2024, \u00eencep\u00e2nd cu ora 18:00","breadcrumb":{"@id":"https:\/\/www.ovidiudragosargesanu.ro\/en\/shop\/cursuri-premium\/drept-divin-cursuri-premium\/curs-puterea-personala-si-de-manifestare-mostenirile-transgenerationale-arad-acces-online\/#breadcrumb"},"inLanguage":"en-US","potentialAction":[{"@type":"ReadAction","target":["https:\/\/www.ovidiudragosargesanu.ro\/en\/shop\/cursuri-premium\/drept-divin-cursuri-premium\/curs-puterea-personala-si-de-manifestare-mostenirile-transgenerationale-arad-acces-online\/"]}]},{"@type":"ImageObject","inLanguage":"en-US","@id":"https:\/\/www.ovidiudragosargesanu.ro\/en\/shop\/cursuri-premium\/drept-divin-cursuri-premium\/curs-puterea-personala-si-de-manifestare-mostenirile-transgenerationale-arad-acces-online\/#primaryimage","url":"https:\/\/www.ovidiudragosargesanu.ro\/en\/wp-content\/uploads\/2024\/08\/Curs-premium-Puterea-personala-si-de-manifestare.Mostenirile-transgenerationale-Arad600X800.png","contentUrl":"https:\/\/www.ovidiudragosargesanu.ro\/en\/wp-content\/uploads\/2024\/08\/Curs-premium-Puterea-personala-si-de-manifestare.Mostenirile-transgenerationale-Arad600X800.png","width":600,"height":800},{"@type":"BreadcrumbList","@id":"https:\/\/www.ovidiudragosargesanu.ro\/en\/shop\/cursuri-premium\/drept-divin-cursuri-premium\/curs-puterea-personala-si-de-manifestare-mostenirile-transgenerationale-arad-acces-online\/#breadcrumb","itemListElement":[{"@type":"ListItem","position":1,"name":"Prima pagin\u0103","item":"https:\/\/www.ovidiudragosargesanu.ro\/en\/"},{"@type":"ListItem","position":2,"name":"Shop","item":"https:\/\/www.ovidiudragosargesanu.ro\/en\/shop\/"},{"@type":"ListItem","position":3,"name":"Curs: Puterea personala si de manifestare. Mostenirile transgenerationale &#8211; Arad &#8211; acces online"}]},{"@type":"WebSite","@id":"https:\/\/www.ovidiudragosargesanu.ro\/en\/#website","url":"https:\/\/www.ovidiudragosargesanu.ro\/en\/","name":"Ovidiu Drago\u0219 Arge\u0219anu","description":"","publisher":{"@id":"https:\/\/www.ovidiudragosargesanu.ro\/en\/#organization"},"potentialAction":[{"@type":"SearchAction","target":{"@type":"EntryPoint","urlTemplate":"https:\/\/www.ovidiudragosargesanu.ro\/en\/?s={search_term_string}"},"query-input":{"@type":"PropertyValueSpecification","valueRequired":true,"valueName":"search_term_string"}}],"inLanguage":"en-US"},{"@type":"Organization","@id":"https:\/\/www.ovidiudragosargesanu.ro\/en\/#organization","name":"Ovidiu Drago\u0219 Arge\u0219anu","url":"https:\/\/www.ovidiudragosargesanu.ro\/en\/","logo":{"@type":"ImageObject","inLanguage":"en-US","@id":"https:\/\/www.ovidiudragosargesanu.ro\/en\/#\/schema\/logo\/image\/","url":"https:\/\/www.ovidiudragosargesanu.ro\/en\/wp-content\/uploads\/2018\/03\/dragos-logo-lotus-black-400.svg","contentUrl":"https:\/\/www.ovidiudragosargesanu.ro\/en\/wp-content\/uploads\/2018\/03\/dragos-logo-lotus-black-400.svg","width":300,"height":150,"caption":"Ovidiu Drago\u0219 Arge\u0219anu"},"image":{"@id":"https:\/\/www.ovidiudragosargesanu.ro\/en\/#\/schema\/logo\/image\/"}}]}},"_links":{"self":[{"href":"https:\/\/www.ovidiudragosargesanu.ro\/en\/wp-json\/wp\/v2\/product\/15663","targetHints":{"allow":["GET"]}}],"collection":[{"href":"https:\/\/www.ovidiudragosargesanu.ro\/en\/wp-json\/wp\/v2\/product"}],"about":[{"href":"https:\/\/www.ovidiudragosargesanu.ro\/en\/wp-json\/wp\/v2\/types\/product"}],"version-history":[{"count":3,"href":"https:\/\/www.ovidiudragosargesanu.ro\/en\/wp-json\/wp\/v2\/product\/15663\/revisions"}],"predecessor-version":[{"id":20070,"href":"https:\/\/www.ovidiudragosargesanu.ro\/en\/wp-json\/wp\/v2\/product\/15663\/revisions\/20070"}],"wp:featuredmedia":[{"embeddable":true,"href":"https:\/\/www.ovidiudragosargesanu.ro\/en\/wp-json\/wp\/v2\/media\/65950"}],"wp:attachment":[{"href":"https:\/\/www.ovidiudragosargesanu.ro\/en\/wp-json\/wp\/v2\/media?parent=15663"}],"wp:term":[{"taxonomy":"product_brand","embeddable":true,"href":"https:\/\/www.ovidiudragosargesanu.ro\/en\/wp-json\/wp\/v2\/product_brand?post=15663"},{"taxonomy":"product_cat","embeddable":true,"href":"https:\/\/www.ovidiudragosargesanu.ro\/en\/wp-json\/wp\/v2\/product_cat?post=15663"},{"taxonomy":"product_tag","embeddable":true,"href":"https:\/\/www.ovidiudragosargesanu.ro\/en\/wp-json\/wp\/v2\/product_tag?post=15663"}],"curies":[{"name":"wp","href":"https:\/\/api.w.org\/{rel}","templated":true}]}}