{"id":18727,"date":"2024-09-14T21:05:10","date_gmt":"2024-09-14T18:05:10","guid":{"rendered":"https:\/\/www.ovidiudragosargesanu.ro\/?post_type=product&#038;p=18727"},"modified":"2025-05-17T19:55:58","modified_gmt":"2025-05-17T16:55:58","slug":"despre-karma-intrebari-si-raspunsuri","status":"publish","type":"product","link":"https:\/\/www.ovidiudragosargesanu.ro\/en\/shop\/carti\/spiritualitate\/despre-karma-intrebari-si-raspunsuri\/","title":{"rendered":"Despre Karma. Intrebari si raspunsuri"},"content":{"rendered":"<p>,,Ideea acestei c\u0103r\u021bi a plecat de la faptul c\u0103 natura mea nu este una umil\u0103 \u0219i supus\u0103. Nu am putut s\u0103 accept c\u0103 am un IQ cu care m-am n\u0103scut \u0219i pe care nu-l pot \u00eembun\u0103t\u0103\u021bi, nu am putut s\u0103 accept c\u0103 totul este de la dracu` \u0219i doar din vina lui, cum ne \u00eenva\u021b\u0103 cre\u0219tinismul. Am sim\u021bit c\u0103 nu este adev\u0103rat faptul c\u0103 trebuie s\u0103-\u021bi accep\u021bi soarta a\u0219a cum este dat\u0103, ca \u0219i cum am fi purta\u021bi de un destin inefabil.<br \/>\nStudiul karmei \u0219i al modalit\u0103\u021bilor prin care ne putem elibera de trecutul care ne determin\u0103 prezentul are ca scop tocmai construirea \u00een mod con\u0219tient al propriului viitor, conform dorin\u021belor noastre.<br \/>\n\u00cen timpul vie\u021bii g\u00e2ndim, spunem \u0219i facem at\u00e2t lucruri pozitive, c\u00e2t \u0219i lucruri negative. Cre\u0103m o informa\u021bie care r\u0103m\u00e2ne \u00een Univers \u0219i astfel gener\u0103m \u0219i o parte pozitiv\u0103 \u0219i o parte negativ\u0103. Informa\u021bia pozitiv\u0103 se va duce \u0219i va forma dup\u0103 moartea noastr\u0103 Supraeul, iar informa\u021bia negativ\u0103 va r\u0103m\u00e2ne tot a noastr\u0103, dar pe P\u0103m\u00e2nt, particip\u00e2nd la formarea Umbrei noastre. Ceea ce am creat pozitiv formeaz\u0103 karma noastr\u0103 benefic\u0103, iar ceea ce am creat negativ creeaz\u0103 karma noastr\u0103 nebenefic\u0103, ambele r\u0103m\u00e2n\u00e2nd ale noaste. Karma negativ\u0103 \u0219i karma pozitiv\u0103 sunt cele care ne vor forma via\u021ba actual\u0103 \u0219i vie\u021bile noastre viitoare.\u201d (Ovidiu Drago\u0219 Arge\u0219anu)<\/p>\n","protected":false},"excerpt":{"rendered":"\n<table id=\"tablepress-75\" class=\"tablepress tablepress-id-75\">\n<tbody class=\"row-striping row-hover\">\n<tr class=\"row-1\">\n\t<td class=\"column-1\">Editura<\/td><td class=\"column-2\"><b>PRO DAO<\/b><\/td>\n<\/tr>\n<tr class=\"row-2\">\n\t<td class=\"column-1\">Autor<\/td><td class=\"column-2\">Ovidiu Drago\u0219 Arge\u0219anu<\/td>\n<\/tr>\n<tr class=\"row-3\">\n\t<td class=\"column-1\">Cod produs - SKU<\/td><td class=\"column-2\">9786069721247<\/td>\n<\/tr>\n<\/tbody>\n<\/table>\n<!-- #tablepress-75 from cache -->\n","protected":false},"featured_media":18744,"template":"","meta":{"inline_featured_image":false},"product_brand":[],"product_cat":[527,662,660,661],"product_tag":[],"class_list":{"0":"post-18727","1":"product","2":"type-product","3":"status-publish","4":"has-post-thumbnail","6":"product_cat-carti","7":"product_cat-dezvoltare-personala","8":"product_cat-spiritualitate","9":"product_cat-terapii-complementare","11":"first","12":"instock","13":"taxable","14":"shipping-taxable","15":"purchasable","16":"product-type-simple"},"yoast_head":"<!-- This site is optimized with the Yoast SEO plugin v26.9 - https:\/\/yoast.com\/product\/yoast-seo-wordpress\/ -->\n<title>Despre Karma. Intrebari si raspunsuri - Ovidiu Drago\u0219 Arge\u0219anu<\/title>\n<meta name=\"description\" content=\"Ideea acestei c\u0103r\u021bi a plecat de la faptul c\u0103 natura mea nu este una umil\u0103 \u0219i supus\u0103. Nu am putut s\u0103 accept c\u0103 am un IQ cu care m-am\" \/>\n<meta name=\"robots\" content=\"noindex, follow, max-snippet:-1, max-image-preview:large, max-video-preview:-1\" \/>\n<meta property=\"og:locale\" content=\"en_US\" \/>\n<meta property=\"og:type\" content=\"article\" \/>\n<meta property=\"og:title\" content=\"Despre Karma. Intrebari si raspunsuri - Ovidiu Drago\u0219 Arge\u0219anu\" \/>\n<meta property=\"og:description\" content=\"Ideea acestei c\u0103r\u021bi a plecat de la faptul c\u0103 natura mea nu este una umil\u0103 \u0219i supus\u0103. Nu am putut s\u0103 accept c\u0103 am un IQ cu care m-am\" \/>\n<meta property=\"og:url\" content=\"https:\/\/www.ovidiudragosargesanu.ro\/en\/shop\/carti\/spiritualitate\/despre-karma-intrebari-si-raspunsuri\/\" \/>\n<meta property=\"og:site_name\" content=\"Ovidiu Drago\u0219 Arge\u0219anu\" \/>\n<meta property=\"article:modified_time\" content=\"2025-05-17T16:55:58+00:00\" \/>\n<meta property=\"og:image\" content=\"https:\/\/www.ovidiudragosargesanu.ro\/en\/wp-content\/uploads\/2024\/09\/Despre-karma.Intrebari-si-raspunsuri-Front.png\" \/>\n\t<meta property=\"og:image:width\" content=\"1000\" \/>\n\t<meta property=\"og:image:height\" content=\"1000\" \/>\n\t<meta property=\"og:image:type\" content=\"image\/png\" \/>\n<meta name=\"twitter:card\" content=\"summary_large_image\" \/>\n<meta name=\"twitter:label1\" content=\"Est. reading time\" \/>\n\t<meta name=\"twitter:data1\" content=\"2 minutes\" \/>\n<script type=\"application\/ld+json\" class=\"yoast-schema-graph\">{\"@context\":\"https:\/\/schema.org\",\"@graph\":[{\"@type\":\"WebPage\",\"@id\":\"https:\/\/www.ovidiudragosargesanu.ro\/en\/shop\/carti\/spiritualitate\/despre-karma-intrebari-si-raspunsuri\/\",\"url\":\"https:\/\/www.ovidiudragosargesanu.ro\/en\/shop\/carti\/spiritualitate\/despre-karma-intrebari-si-raspunsuri\/\",\"name\":\"Despre Karma. Intrebari si raspunsuri - Ovidiu Drago\u0219 Arge\u0219anu\",\"isPartOf\":{\"@id\":\"https:\/\/www.ovidiudragosargesanu.ro\/en\/#website\"},\"primaryImageOfPage\":{\"@id\":\"https:\/\/www.ovidiudragosargesanu.ro\/en\/shop\/carti\/spiritualitate\/despre-karma-intrebari-si-raspunsuri\/#primaryimage\"},\"image\":{\"@id\":\"https:\/\/www.ovidiudragosargesanu.ro\/en\/shop\/carti\/spiritualitate\/despre-karma-intrebari-si-raspunsuri\/#primaryimage\"},\"thumbnailUrl\":\"https:\/\/www.ovidiudragosargesanu.ro\/en\/wp-content\/uploads\/2024\/09\/Despre-karma.Intrebari-si-raspunsuri-Front.png\",\"datePublished\":\"2024-09-14T18:05:10+00:00\",\"dateModified\":\"2025-05-17T16:55:58+00:00\",\"description\":\"Ideea acestei c\u0103r\u021bi a plecat de la faptul c\u0103 natura mea nu este una umil\u0103 \u0219i supus\u0103. Nu am putut s\u0103 accept c\u0103 am un IQ cu care m-am\",\"breadcrumb\":{\"@id\":\"https:\/\/www.ovidiudragosargesanu.ro\/en\/shop\/carti\/spiritualitate\/despre-karma-intrebari-si-raspunsuri\/#breadcrumb\"},\"inLanguage\":\"en-US\",\"potentialAction\":[{\"@type\":\"ReadAction\",\"target\":[\"https:\/\/www.ovidiudragosargesanu.ro\/en\/shop\/carti\/spiritualitate\/despre-karma-intrebari-si-raspunsuri\/\"]}]},{\"@type\":\"ImageObject\",\"inLanguage\":\"en-US\",\"@id\":\"https:\/\/www.ovidiudragosargesanu.ro\/en\/shop\/carti\/spiritualitate\/despre-karma-intrebari-si-raspunsuri\/#primaryimage\",\"url\":\"https:\/\/www.ovidiudragosargesanu.ro\/en\/wp-content\/uploads\/2024\/09\/Despre-karma.Intrebari-si-raspunsuri-Front.png\",\"contentUrl\":\"https:\/\/www.ovidiudragosargesanu.ro\/en\/wp-content\/uploads\/2024\/09\/Despre-karma.Intrebari-si-raspunsuri-Front.png\",\"width\":1000,\"height\":1000},{\"@type\":\"BreadcrumbList\",\"@id\":\"https:\/\/www.ovidiudragosargesanu.ro\/en\/shop\/carti\/spiritualitate\/despre-karma-intrebari-si-raspunsuri\/#breadcrumb\",\"itemListElement\":[{\"@type\":\"ListItem\",\"position\":1,\"name\":\"Prima pagin\u0103\",\"item\":\"https:\/\/www.ovidiudragosargesanu.ro\/en\/\"},{\"@type\":\"ListItem\",\"position\":2,\"name\":\"Shop\",\"item\":\"https:\/\/www.ovidiudragosargesanu.ro\/en\/shop\/\"},{\"@type\":\"ListItem\",\"position\":3,\"name\":\"Despre Karma. Intrebari si raspunsuri\"}]},{\"@type\":\"WebSite\",\"@id\":\"https:\/\/www.ovidiudragosargesanu.ro\/en\/#website\",\"url\":\"https:\/\/www.ovidiudragosargesanu.ro\/en\/\",\"name\":\"Ovidiu Drago\u0219 Arge\u0219anu\",\"description\":\"\",\"publisher\":{\"@id\":\"https:\/\/www.ovidiudragosargesanu.ro\/en\/#organization\"},\"potentialAction\":[{\"@type\":\"SearchAction\",\"target\":{\"@type\":\"EntryPoint\",\"urlTemplate\":\"https:\/\/www.ovidiudragosargesanu.ro\/en\/?s={search_term_string}\"},\"query-input\":{\"@type\":\"PropertyValueSpecification\",\"valueRequired\":true,\"valueName\":\"search_term_string\"}}],\"inLanguage\":\"en-US\"},{\"@type\":\"Organization\",\"@id\":\"https:\/\/www.ovidiudragosargesanu.ro\/en\/#organization\",\"name\":\"Ovidiu Drago\u0219 Arge\u0219anu\",\"url\":\"https:\/\/www.ovidiudragosargesanu.ro\/en\/\",\"logo\":{\"@type\":\"ImageObject\",\"inLanguage\":\"en-US\",\"@id\":\"https:\/\/www.ovidiudragosargesanu.ro\/en\/#\/schema\/logo\/image\/\",\"url\":\"https:\/\/www.ovidiudragosargesanu.ro\/en\/wp-content\/uploads\/2018\/03\/dragos-logo-lotus-black-400.svg\",\"contentUrl\":\"https:\/\/www.ovidiudragosargesanu.ro\/en\/wp-content\/uploads\/2018\/03\/dragos-logo-lotus-black-400.svg\",\"width\":300,\"height\":150,\"caption\":\"Ovidiu Drago\u0219 Arge\u0219anu\"},\"image\":{\"@id\":\"https:\/\/www.ovidiudragosargesanu.ro\/en\/#\/schema\/logo\/image\/\"}}]}<\/script>\n<!-- \/ Yoast SEO plugin. -->","yoast_head_json":{"title":"Despre Karma. Intrebari si raspunsuri - Ovidiu Drago\u0219 Arge\u0219anu","description":"Ideea acestei c\u0103r\u021bi a plecat de la faptul c\u0103 natura mea nu este una umil\u0103 \u0219i supus\u0103. Nu am putut s\u0103 accept c\u0103 am un IQ cu care m-am","robots":{"index":"noindex","follow":"follow","max-snippet":"max-snippet:-1","max-image-preview":"max-image-preview:large","max-video-preview":"max-video-preview:-1"},"og_locale":"en_US","og_type":"article","og_title":"Despre Karma. Intrebari si raspunsuri - Ovidiu Drago\u0219 Arge\u0219anu","og_description":"Ideea acestei c\u0103r\u021bi a plecat de la faptul c\u0103 natura mea nu este una umil\u0103 \u0219i supus\u0103. Nu am putut s\u0103 accept c\u0103 am un IQ cu care m-am","og_url":"https:\/\/www.ovidiudragosargesanu.ro\/en\/shop\/carti\/spiritualitate\/despre-karma-intrebari-si-raspunsuri\/","og_site_name":"Ovidiu Drago\u0219 Arge\u0219anu","article_modified_time":"2025-05-17T16:55:58+00:00","og_image":[{"width":1000,"height":1000,"url":"https:\/\/www.ovidiudragosargesanu.ro\/en\/wp-content\/uploads\/2024\/09\/Despre-karma.Intrebari-si-raspunsuri-Front.png","type":"image\/png"}],"twitter_card":"summary_large_image","twitter_misc":{"Est. reading time":"2 minutes"},"schema":{"@context":"https:\/\/schema.org","@graph":[{"@type":"WebPage","@id":"https:\/\/www.ovidiudragosargesanu.ro\/en\/shop\/carti\/spiritualitate\/despre-karma-intrebari-si-raspunsuri\/","url":"https:\/\/www.ovidiudragosargesanu.ro\/en\/shop\/carti\/spiritualitate\/despre-karma-intrebari-si-raspunsuri\/","name":"Despre Karma. Intrebari si raspunsuri - Ovidiu Drago\u0219 Arge\u0219anu","isPartOf":{"@id":"https:\/\/www.ovidiudragosargesanu.ro\/en\/#website"},"primaryImageOfPage":{"@id":"https:\/\/www.ovidiudragosargesanu.ro\/en\/shop\/carti\/spiritualitate\/despre-karma-intrebari-si-raspunsuri\/#primaryimage"},"image":{"@id":"https:\/\/www.ovidiudragosargesanu.ro\/en\/shop\/carti\/spiritualitate\/despre-karma-intrebari-si-raspunsuri\/#primaryimage"},"thumbnailUrl":"https:\/\/www.ovidiudragosargesanu.ro\/en\/wp-content\/uploads\/2024\/09\/Despre-karma.Intrebari-si-raspunsuri-Front.png","datePublished":"2024-09-14T18:05:10+00:00","dateModified":"2025-05-17T16:55:58+00:00","description":"Ideea acestei c\u0103r\u021bi a plecat de la faptul c\u0103 natura mea nu este una umil\u0103 \u0219i supus\u0103. Nu am putut s\u0103 accept c\u0103 am un IQ cu care m-am","breadcrumb":{"@id":"https:\/\/www.ovidiudragosargesanu.ro\/en\/shop\/carti\/spiritualitate\/despre-karma-intrebari-si-raspunsuri\/#breadcrumb"},"inLanguage":"en-US","potentialAction":[{"@type":"ReadAction","target":["https:\/\/www.ovidiudragosargesanu.ro\/en\/shop\/carti\/spiritualitate\/despre-karma-intrebari-si-raspunsuri\/"]}]},{"@type":"ImageObject","inLanguage":"en-US","@id":"https:\/\/www.ovidiudragosargesanu.ro\/en\/shop\/carti\/spiritualitate\/despre-karma-intrebari-si-raspunsuri\/#primaryimage","url":"https:\/\/www.ovidiudragosargesanu.ro\/en\/wp-content\/uploads\/2024\/09\/Despre-karma.Intrebari-si-raspunsuri-Front.png","contentUrl":"https:\/\/www.ovidiudragosargesanu.ro\/en\/wp-content\/uploads\/2024\/09\/Despre-karma.Intrebari-si-raspunsuri-Front.png","width":1000,"height":1000},{"@type":"BreadcrumbList","@id":"https:\/\/www.ovidiudragosargesanu.ro\/en\/shop\/carti\/spiritualitate\/despre-karma-intrebari-si-raspunsuri\/#breadcrumb","itemListElement":[{"@type":"ListItem","position":1,"name":"Prima pagin\u0103","item":"https:\/\/www.ovidiudragosargesanu.ro\/en\/"},{"@type":"ListItem","position":2,"name":"Shop","item":"https:\/\/www.ovidiudragosargesanu.ro\/en\/shop\/"},{"@type":"ListItem","position":3,"name":"Despre Karma. Intrebari si raspunsuri"}]},{"@type":"WebSite","@id":"https:\/\/www.ovidiudragosargesanu.ro\/en\/#website","url":"https:\/\/www.ovidiudragosargesanu.ro\/en\/","name":"Ovidiu Drago\u0219 Arge\u0219anu","description":"","publisher":{"@id":"https:\/\/www.ovidiudragosargesanu.ro\/en\/#organization"},"potentialAction":[{"@type":"SearchAction","target":{"@type":"EntryPoint","urlTemplate":"https:\/\/www.ovidiudragosargesanu.ro\/en\/?s={search_term_string}"},"query-input":{"@type":"PropertyValueSpecification","valueRequired":true,"valueName":"search_term_string"}}],"inLanguage":"en-US"},{"@type":"Organization","@id":"https:\/\/www.ovidiudragosargesanu.ro\/en\/#organization","name":"Ovidiu Drago\u0219 Arge\u0219anu","url":"https:\/\/www.ovidiudragosargesanu.ro\/en\/","logo":{"@type":"ImageObject","inLanguage":"en-US","@id":"https:\/\/www.ovidiudragosargesanu.ro\/en\/#\/schema\/logo\/image\/","url":"https:\/\/www.ovidiudragosargesanu.ro\/en\/wp-content\/uploads\/2018\/03\/dragos-logo-lotus-black-400.svg","contentUrl":"https:\/\/www.ovidiudragosargesanu.ro\/en\/wp-content\/uploads\/2018\/03\/dragos-logo-lotus-black-400.svg","width":300,"height":150,"caption":"Ovidiu Drago\u0219 Arge\u0219anu"},"image":{"@id":"https:\/\/www.ovidiudragosargesanu.ro\/en\/#\/schema\/logo\/image\/"}}]}},"_links":{"self":[{"href":"https:\/\/www.ovidiudragosargesanu.ro\/en\/wp-json\/wp\/v2\/product\/18727","targetHints":{"allow":["GET"]}}],"collection":[{"href":"https:\/\/www.ovidiudragosargesanu.ro\/en\/wp-json\/wp\/v2\/product"}],"about":[{"href":"https:\/\/www.ovidiudragosargesanu.ro\/en\/wp-json\/wp\/v2\/types\/product"}],"version-history":[{"count":3,"href":"https:\/\/www.ovidiudragosargesanu.ro\/en\/wp-json\/wp\/v2\/product\/18727\/revisions"}],"predecessor-version":[{"id":18739,"href":"https:\/\/www.ovidiudragosargesanu.ro\/en\/wp-json\/wp\/v2\/product\/18727\/revisions\/18739"}],"wp:featuredmedia":[{"embeddable":true,"href":"https:\/\/www.ovidiudragosargesanu.ro\/en\/wp-json\/wp\/v2\/media\/18744"}],"wp:attachment":[{"href":"https:\/\/www.ovidiudragosargesanu.ro\/en\/wp-json\/wp\/v2\/media?parent=18727"}],"wp:term":[{"taxonomy":"product_brand","embeddable":true,"href":"https:\/\/www.ovidiudragosargesanu.ro\/en\/wp-json\/wp\/v2\/product_brand?post=18727"},{"taxonomy":"product_cat","embeddable":true,"href":"https:\/\/www.ovidiudragosargesanu.ro\/en\/wp-json\/wp\/v2\/product_cat?post=18727"},{"taxonomy":"product_tag","embeddable":true,"href":"https:\/\/www.ovidiudragosargesanu.ro\/en\/wp-json\/wp\/v2\/product_tag?post=18727"}],"curies":[{"name":"wp","href":"https:\/\/api.w.org\/{rel}","templated":true}]}}