{"id":26588,"date":"2024-11-16T17:38:00","date_gmt":"2024-11-16T15:38:00","guid":{"rendered":"https:\/\/www.ovidiudragosargesanu.ro\/?post_type=product&#038;p=26588"},"modified":"2025-02-28T19:32:18","modified_gmt":"2025-02-28T17:32:18","slug":"conferinta-omul-de-la-instinct-la-supraconstiinta-seniori","status":"publish","type":"product","link":"https:\/\/www.ovidiudragosargesanu.ro\/en\/shop\/seniori\/conferinta-omul-de-la-instinct-la-supraconstiinta-seniori\/","title":{"rendered":"Omul, de la instinct la supracon\u0219tiin\u021b\u0103 (Seniori)"},"content":{"rendered":"<p><span style=\"font-weight: 400;\">Nivelurile de vibra\u021bii, ierarhiile \u0219i armonia dintre cele dou\u0103 universuri dezv\u0103luie o perspectiv\u0103 fascinant\u0103 asupra existen\u021bei. Inspir\u0103-te s\u0103 transformi orice activitate \u00eentr-un act spiritual \u0219i s\u0103 vezi dincolo de lucruri, c\u0103ut\u00e2nd vocea divin\u0103. Fiecare problem\u0103 \u0219i pl\u0103cere pot deveni trepte pe drumul t\u0103u spiritual. Liberul arbitru este cheia iubirii, iar cunoa\u0219terea spiritual\u0103 te ghideaz\u0103 s\u0103 \u00een\u021belegi, s\u0103 iube\u0219ti \u0219i s\u0103 te \u00eentorci c\u0103tre Dumnezeu cu \u00een\u021belepciune. Afl\u0103 \u00een cadrul conferin\u021bei \u201cOmul, de la instinct la supracon\u0219tiin\u021b\u0103\u201c sus\u021binute de Dr. Drago\u0219-Ovidiu Arge\u0219anu cum aceast\u0103 c\u0103l\u0103torie transformatoare te aduce mai aproape de adev\u0103r \u0219i iubire autentic\u0103.<\/span><\/p>\n","protected":false},"excerpt":{"rendered":"<p>ACCES NELIMITAT!<\/p>\n<p>Exploreaz\u0103 tainele Universului \u00een conferin\u021ba captivant\u0103 \u201cOmul, de la instinct la supracon\u0219tiin\u021b\u0103\u201d sus\u021binut\u0103 de Dr. Drago\u0219-Ovidiu Arge\u0219anu ce aduce lumin\u0103 asupra complexit\u0103\u021bii materialului \u0219i spiritualului.<br \/>\nP\u0103trunde \u00een profunzimile anatomiei umane \u0219i conexiunea unic\u0103 cu cerul \u0219i p\u0103m\u00e2ntul.<br \/>\nPrin analiza subtilit\u0103\u021bilor dintre masculin \u0219i feminin, vei c\u00e2\u0219tiga o perspectiv\u0103 clar\u0103 asupra armoniei cosmice.<br \/>\n\u00cen\u021belege vizion\u00e2nd aceast\u0103 conferin\u021b\u0103 \u00een\u0103l\u021b\u0103toare care sunt treptele spirituale \u0219i afl\u0103 modalit\u0103\u021bile prin care po\u021bi urca pe aceast\u0103 scar\u0103 a cunoa\u0219terii, transform\u00e2ndu-\u021bi existen\u021ba \u00eentr-o c\u0103l\u0103torie profund\u0103 \u0219i iluminatoare.<\/p>\n","protected":false},"featured_media":4685,"template":"","meta":{"inline_featured_image":false},"product_brand":[],"product_cat":[795],"product_tag":[],"class_list":{"0":"post-26588","1":"product","2":"type-product","3":"status-publish","4":"has-post-thumbnail","6":"product_cat-seniori","8":"first","9":"instock","10":"sale","11":"virtual","12":"sold-individually","13":"taxable","14":"purchasable","15":"product-type-simple"},"yoast_head":"<!-- This site is optimized with the Yoast SEO plugin v26.9 - https:\/\/yoast.com\/product\/yoast-seo-wordpress\/ -->\n<title>Omul, de la instinct la supracon\u0219tiin\u021b\u0103 (Seniori) - Ovidiu Drago\u0219 Arge\u0219anu<\/title>\n<meta name=\"description\" content=\"Descoper\u0103 \u00een cadrul conferin\u021bei \u201cOmul, de la instinct la supracon\u0219tiin\u021b\u0103\u201d sus\u021binut\u0103 de Dr. Ovidiu-Drago\u0219 Arge\u0219anu pe 3 martie 2018 diferitele\" \/>\n<meta name=\"robots\" content=\"noindex, follow, max-snippet:-1, max-image-preview:large, max-video-preview:-1\" \/>\n<meta property=\"og:locale\" content=\"en_US\" \/>\n<meta property=\"og:type\" content=\"article\" \/>\n<meta property=\"og:title\" content=\"Omul, de la instinct la supracon\u0219tiin\u021b\u0103 (Seniori) - Ovidiu Drago\u0219 Arge\u0219anu\" \/>\n<meta property=\"og:description\" content=\"Descoper\u0103 \u00een cadrul conferin\u021bei \u201cOmul, de la instinct la supracon\u0219tiin\u021b\u0103\u201d sus\u021binut\u0103 de Dr. Ovidiu-Drago\u0219 Arge\u0219anu pe 3 martie 2018 diferitele\" \/>\n<meta property=\"og:url\" content=\"https:\/\/www.ovidiudragosargesanu.ro\/en\/shop\/seniori\/conferinta-omul-de-la-instinct-la-supraconstiinta-seniori\/\" \/>\n<meta property=\"og:site_name\" content=\"Ovidiu Drago\u0219 Arge\u0219anu\" \/>\n<meta property=\"article:modified_time\" content=\"2025-02-28T17:32:18+00:00\" \/>\n<meta property=\"og:image\" content=\"https:\/\/www.ovidiudragosargesanu.ro\/en\/wp-content\/uploads\/2023\/12\/Omul-de-la-instinct-la-supraconstiinta-Conferinta.png\" \/>\n\t<meta property=\"og:image:width\" content=\"600\" \/>\n\t<meta property=\"og:image:height\" content=\"800\" \/>\n\t<meta property=\"og:image:type\" content=\"image\/png\" \/>\n<meta name=\"twitter:card\" content=\"summary_large_image\" \/>\n<meta name=\"twitter:label1\" content=\"Est. reading time\" \/>\n\t<meta name=\"twitter:data1\" content=\"1 minute\" \/>\n<script type=\"application\/ld+json\" class=\"yoast-schema-graph\">{\"@context\":\"https:\/\/schema.org\",\"@graph\":[{\"@type\":\"WebPage\",\"@id\":\"https:\/\/www.ovidiudragosargesanu.ro\/en\/shop\/seniori\/conferinta-omul-de-la-instinct-la-supraconstiinta-seniori\/\",\"url\":\"https:\/\/www.ovidiudragosargesanu.ro\/en\/shop\/seniori\/conferinta-omul-de-la-instinct-la-supraconstiinta-seniori\/\",\"name\":\"Omul, de la instinct la supracon\u0219tiin\u021b\u0103 (Seniori) - Ovidiu Drago\u0219 Arge\u0219anu\",\"isPartOf\":{\"@id\":\"https:\/\/www.ovidiudragosargesanu.ro\/en\/#website\"},\"primaryImageOfPage\":{\"@id\":\"https:\/\/www.ovidiudragosargesanu.ro\/en\/shop\/seniori\/conferinta-omul-de-la-instinct-la-supraconstiinta-seniori\/#primaryimage\"},\"image\":{\"@id\":\"https:\/\/www.ovidiudragosargesanu.ro\/en\/shop\/seniori\/conferinta-omul-de-la-instinct-la-supraconstiinta-seniori\/#primaryimage\"},\"thumbnailUrl\":\"https:\/\/www.ovidiudragosargesanu.ro\/en\/wp-content\/uploads\/2023\/12\/Omul-de-la-instinct-la-supraconstiinta-Conferinta.png\",\"datePublished\":\"2024-11-16T15:38:00+00:00\",\"dateModified\":\"2025-02-28T17:32:18+00:00\",\"description\":\"Descoper\u0103 \u00een cadrul conferin\u021bei \u201cOmul, de la instinct la supracon\u0219tiin\u021b\u0103\u201d sus\u021binut\u0103 de Dr. Ovidiu-Drago\u0219 Arge\u0219anu pe 3 martie 2018 diferitele\",\"breadcrumb\":{\"@id\":\"https:\/\/www.ovidiudragosargesanu.ro\/en\/shop\/seniori\/conferinta-omul-de-la-instinct-la-supraconstiinta-seniori\/#breadcrumb\"},\"inLanguage\":\"en-US\",\"potentialAction\":[{\"@type\":\"ReadAction\",\"target\":[\"https:\/\/www.ovidiudragosargesanu.ro\/en\/shop\/seniori\/conferinta-omul-de-la-instinct-la-supraconstiinta-seniori\/\"]}]},{\"@type\":\"ImageObject\",\"inLanguage\":\"en-US\",\"@id\":\"https:\/\/www.ovidiudragosargesanu.ro\/en\/shop\/seniori\/conferinta-omul-de-la-instinct-la-supraconstiinta-seniori\/#primaryimage\",\"url\":\"https:\/\/www.ovidiudragosargesanu.ro\/en\/wp-content\/uploads\/2023\/12\/Omul-de-la-instinct-la-supraconstiinta-Conferinta.png\",\"contentUrl\":\"https:\/\/www.ovidiudragosargesanu.ro\/en\/wp-content\/uploads\/2023\/12\/Omul-de-la-instinct-la-supraconstiinta-Conferinta.png\",\"width\":600,\"height\":800},{\"@type\":\"BreadcrumbList\",\"@id\":\"https:\/\/www.ovidiudragosargesanu.ro\/en\/shop\/seniori\/conferinta-omul-de-la-instinct-la-supraconstiinta-seniori\/#breadcrumb\",\"itemListElement\":[{\"@type\":\"ListItem\",\"position\":1,\"name\":\"Prima pagin\u0103\",\"item\":\"https:\/\/www.ovidiudragosargesanu.ro\/en\/\"},{\"@type\":\"ListItem\",\"position\":2,\"name\":\"Shop\",\"item\":\"https:\/\/www.ovidiudragosargesanu.ro\/en\/shop\/\"},{\"@type\":\"ListItem\",\"position\":3,\"name\":\"Omul, de la instinct la supracon\u0219tiin\u021b\u0103 (Seniori)\"}]},{\"@type\":\"WebSite\",\"@id\":\"https:\/\/www.ovidiudragosargesanu.ro\/en\/#website\",\"url\":\"https:\/\/www.ovidiudragosargesanu.ro\/en\/\",\"name\":\"Ovidiu Drago\u0219 Arge\u0219anu\",\"description\":\"\",\"publisher\":{\"@id\":\"https:\/\/www.ovidiudragosargesanu.ro\/en\/#organization\"},\"potentialAction\":[{\"@type\":\"SearchAction\",\"target\":{\"@type\":\"EntryPoint\",\"urlTemplate\":\"https:\/\/www.ovidiudragosargesanu.ro\/en\/?s={search_term_string}\"},\"query-input\":{\"@type\":\"PropertyValueSpecification\",\"valueRequired\":true,\"valueName\":\"search_term_string\"}}],\"inLanguage\":\"en-US\"},{\"@type\":\"Organization\",\"@id\":\"https:\/\/www.ovidiudragosargesanu.ro\/en\/#organization\",\"name\":\"Ovidiu Drago\u0219 Arge\u0219anu\",\"url\":\"https:\/\/www.ovidiudragosargesanu.ro\/en\/\",\"logo\":{\"@type\":\"ImageObject\",\"inLanguage\":\"en-US\",\"@id\":\"https:\/\/www.ovidiudragosargesanu.ro\/en\/#\/schema\/logo\/image\/\",\"url\":\"https:\/\/www.ovidiudragosargesanu.ro\/en\/wp-content\/uploads\/2018\/03\/dragos-logo-lotus-black-400.svg\",\"contentUrl\":\"https:\/\/www.ovidiudragosargesanu.ro\/en\/wp-content\/uploads\/2018\/03\/dragos-logo-lotus-black-400.svg\",\"width\":300,\"height\":150,\"caption\":\"Ovidiu Drago\u0219 Arge\u0219anu\"},\"image\":{\"@id\":\"https:\/\/www.ovidiudragosargesanu.ro\/en\/#\/schema\/logo\/image\/\"}}]}<\/script>\n<!-- \/ Yoast SEO plugin. -->","yoast_head_json":{"title":"Omul, de la instinct la supracon\u0219tiin\u021b\u0103 (Seniori) - Ovidiu Drago\u0219 Arge\u0219anu","description":"Descoper\u0103 \u00een cadrul conferin\u021bei \u201cOmul, de la instinct la supracon\u0219tiin\u021b\u0103\u201d sus\u021binut\u0103 de Dr. Ovidiu-Drago\u0219 Arge\u0219anu pe 3 martie 2018 diferitele","robots":{"index":"noindex","follow":"follow","max-snippet":"max-snippet:-1","max-image-preview":"max-image-preview:large","max-video-preview":"max-video-preview:-1"},"og_locale":"en_US","og_type":"article","og_title":"Omul, de la instinct la supracon\u0219tiin\u021b\u0103 (Seniori) - Ovidiu Drago\u0219 Arge\u0219anu","og_description":"Descoper\u0103 \u00een cadrul conferin\u021bei \u201cOmul, de la instinct la supracon\u0219tiin\u021b\u0103\u201d sus\u021binut\u0103 de Dr. Ovidiu-Drago\u0219 Arge\u0219anu pe 3 martie 2018 diferitele","og_url":"https:\/\/www.ovidiudragosargesanu.ro\/en\/shop\/seniori\/conferinta-omul-de-la-instinct-la-supraconstiinta-seniori\/","og_site_name":"Ovidiu Drago\u0219 Arge\u0219anu","article_modified_time":"2025-02-28T17:32:18+00:00","og_image":[{"width":600,"height":800,"url":"https:\/\/www.ovidiudragosargesanu.ro\/en\/wp-content\/uploads\/2023\/12\/Omul-de-la-instinct-la-supraconstiinta-Conferinta.png","type":"image\/png"}],"twitter_card":"summary_large_image","twitter_misc":{"Est. reading time":"1 minute"},"schema":{"@context":"https:\/\/schema.org","@graph":[{"@type":"WebPage","@id":"https:\/\/www.ovidiudragosargesanu.ro\/en\/shop\/seniori\/conferinta-omul-de-la-instinct-la-supraconstiinta-seniori\/","url":"https:\/\/www.ovidiudragosargesanu.ro\/en\/shop\/seniori\/conferinta-omul-de-la-instinct-la-supraconstiinta-seniori\/","name":"Omul, de la instinct la supracon\u0219tiin\u021b\u0103 (Seniori) - Ovidiu Drago\u0219 Arge\u0219anu","isPartOf":{"@id":"https:\/\/www.ovidiudragosargesanu.ro\/en\/#website"},"primaryImageOfPage":{"@id":"https:\/\/www.ovidiudragosargesanu.ro\/en\/shop\/seniori\/conferinta-omul-de-la-instinct-la-supraconstiinta-seniori\/#primaryimage"},"image":{"@id":"https:\/\/www.ovidiudragosargesanu.ro\/en\/shop\/seniori\/conferinta-omul-de-la-instinct-la-supraconstiinta-seniori\/#primaryimage"},"thumbnailUrl":"https:\/\/www.ovidiudragosargesanu.ro\/en\/wp-content\/uploads\/2023\/12\/Omul-de-la-instinct-la-supraconstiinta-Conferinta.png","datePublished":"2024-11-16T15:38:00+00:00","dateModified":"2025-02-28T17:32:18+00:00","description":"Descoper\u0103 \u00een cadrul conferin\u021bei \u201cOmul, de la instinct la supracon\u0219tiin\u021b\u0103\u201d sus\u021binut\u0103 de Dr. Ovidiu-Drago\u0219 Arge\u0219anu pe 3 martie 2018 diferitele","breadcrumb":{"@id":"https:\/\/www.ovidiudragosargesanu.ro\/en\/shop\/seniori\/conferinta-omul-de-la-instinct-la-supraconstiinta-seniori\/#breadcrumb"},"inLanguage":"en-US","potentialAction":[{"@type":"ReadAction","target":["https:\/\/www.ovidiudragosargesanu.ro\/en\/shop\/seniori\/conferinta-omul-de-la-instinct-la-supraconstiinta-seniori\/"]}]},{"@type":"ImageObject","inLanguage":"en-US","@id":"https:\/\/www.ovidiudragosargesanu.ro\/en\/shop\/seniori\/conferinta-omul-de-la-instinct-la-supraconstiinta-seniori\/#primaryimage","url":"https:\/\/www.ovidiudragosargesanu.ro\/en\/wp-content\/uploads\/2023\/12\/Omul-de-la-instinct-la-supraconstiinta-Conferinta.png","contentUrl":"https:\/\/www.ovidiudragosargesanu.ro\/en\/wp-content\/uploads\/2023\/12\/Omul-de-la-instinct-la-supraconstiinta-Conferinta.png","width":600,"height":800},{"@type":"BreadcrumbList","@id":"https:\/\/www.ovidiudragosargesanu.ro\/en\/shop\/seniori\/conferinta-omul-de-la-instinct-la-supraconstiinta-seniori\/#breadcrumb","itemListElement":[{"@type":"ListItem","position":1,"name":"Prima pagin\u0103","item":"https:\/\/www.ovidiudragosargesanu.ro\/en\/"},{"@type":"ListItem","position":2,"name":"Shop","item":"https:\/\/www.ovidiudragosargesanu.ro\/en\/shop\/"},{"@type":"ListItem","position":3,"name":"Omul, de la instinct la supracon\u0219tiin\u021b\u0103 (Seniori)"}]},{"@type":"WebSite","@id":"https:\/\/www.ovidiudragosargesanu.ro\/en\/#website","url":"https:\/\/www.ovidiudragosargesanu.ro\/en\/","name":"Ovidiu Drago\u0219 Arge\u0219anu","description":"","publisher":{"@id":"https:\/\/www.ovidiudragosargesanu.ro\/en\/#organization"},"potentialAction":[{"@type":"SearchAction","target":{"@type":"EntryPoint","urlTemplate":"https:\/\/www.ovidiudragosargesanu.ro\/en\/?s={search_term_string}"},"query-input":{"@type":"PropertyValueSpecification","valueRequired":true,"valueName":"search_term_string"}}],"inLanguage":"en-US"},{"@type":"Organization","@id":"https:\/\/www.ovidiudragosargesanu.ro\/en\/#organization","name":"Ovidiu Drago\u0219 Arge\u0219anu","url":"https:\/\/www.ovidiudragosargesanu.ro\/en\/","logo":{"@type":"ImageObject","inLanguage":"en-US","@id":"https:\/\/www.ovidiudragosargesanu.ro\/en\/#\/schema\/logo\/image\/","url":"https:\/\/www.ovidiudragosargesanu.ro\/en\/wp-content\/uploads\/2018\/03\/dragos-logo-lotus-black-400.svg","contentUrl":"https:\/\/www.ovidiudragosargesanu.ro\/en\/wp-content\/uploads\/2018\/03\/dragos-logo-lotus-black-400.svg","width":300,"height":150,"caption":"Ovidiu Drago\u0219 Arge\u0219anu"},"image":{"@id":"https:\/\/www.ovidiudragosargesanu.ro\/en\/#\/schema\/logo\/image\/"}}]}},"_links":{"self":[{"href":"https:\/\/www.ovidiudragosargesanu.ro\/en\/wp-json\/wp\/v2\/product\/26588","targetHints":{"allow":["GET"]}}],"collection":[{"href":"https:\/\/www.ovidiudragosargesanu.ro\/en\/wp-json\/wp\/v2\/product"}],"about":[{"href":"https:\/\/www.ovidiudragosargesanu.ro\/en\/wp-json\/wp\/v2\/types\/product"}],"version-history":[{"count":2,"href":"https:\/\/www.ovidiudragosargesanu.ro\/en\/wp-json\/wp\/v2\/product\/26588\/revisions"}],"predecessor-version":[{"id":26929,"href":"https:\/\/www.ovidiudragosargesanu.ro\/en\/wp-json\/wp\/v2\/product\/26588\/revisions\/26929"}],"wp:featuredmedia":[{"embeddable":true,"href":"https:\/\/www.ovidiudragosargesanu.ro\/en\/wp-json\/wp\/v2\/media\/4685"}],"wp:attachment":[{"href":"https:\/\/www.ovidiudragosargesanu.ro\/en\/wp-json\/wp\/v2\/media?parent=26588"}],"wp:term":[{"taxonomy":"product_brand","embeddable":true,"href":"https:\/\/www.ovidiudragosargesanu.ro\/en\/wp-json\/wp\/v2\/product_brand?post=26588"},{"taxonomy":"product_cat","embeddable":true,"href":"https:\/\/www.ovidiudragosargesanu.ro\/en\/wp-json\/wp\/v2\/product_cat?post=26588"},{"taxonomy":"product_tag","embeddable":true,"href":"https:\/\/www.ovidiudragosargesanu.ro\/en\/wp-json\/wp\/v2\/product_tag?post=26588"}],"curies":[{"name":"wp","href":"https:\/\/api.w.org\/{rel}","templated":true}]}}