{"id":4177,"date":"2023-12-06T04:40:26","date_gmt":"2023-12-06T02:40:26","guid":{"rendered":"https:\/\/www.ovidiudragosargesanu.ro\/?post_type=product&#038;p=4177"},"modified":"2025-02-28T21:29:56","modified_gmt":"2025-02-28T19:29:56","slug":"karma-personala-si-de-neam","status":"publish","type":"product","link":"https:\/\/www.ovidiudragosargesanu.ro\/en\/shop\/conferinte-premium\/karma\/karma-personala-si-de-neam\/","title":{"rendered":"Conferin\u021b\u0103: Karma personal\u0103 \u0219i de neam"},"content":{"rendered":"<p><span style=\"font-weight: 400;\">Karma \u00eenseamn\u0103 crearea unor experien\u021be repetitive negative prin ac\u021biuni, cuvinte \u0219i g\u00e2nduri. Fiecare ac\u021biune genereaz\u0103 energie pozitiv\u0103 sau negativ\u0103, iar karma reprezint\u0103 suma acestor energii \u00eentr-o via\u021b\u0103. Universul echilibreaz\u0103 gre\u0219elile prin contrabalansarea ac\u021biunilor negative cu cele pozitive. Imagineaz\u0103-\u021bi karma ca un nor negru ce se opune iubirii \u0219i \u00een\u021belegerii. C\u00e2nd te ridici, karma poate \u00eencepe s\u0103 ac\u021bioneze \u00eempotriva ta. \u00cen evolu\u021bia spiritual\u0103 a unui cuplu, umbra devine primul du\u0219man. Interven\u021bia \u00een karma cuiva implic\u0103 preluarea b\u0103t\u0103ilor karmice. Descoper\u0103 \u00een cadrul conferin\u021bei \u201cDespre karma. Karma personal\u0103 si de neam\u201d dimensiunea profund\u0103 a dreptului divin \u00een bani \u0219i cum \u00eengerii p\u0103zitori asigur\u0103 echilibrul energetic al acestui drept. Exploreaz\u0103 secretele karmei \u0219i cum s\u0103 gestionezi aceast\u0103 for\u021b\u0103 \u00een c\u0103l\u0103toria ta spiritual\u0103!<\/span><\/p>\n","protected":false},"excerpt":{"rendered":"<p>ACCES NELIMITAT!<\/p>\n<p>Accept\u0103 invita\u021bia \u00eentr-o c\u0103l\u0103torie de \u00een\u021belegere a profunzimii termenului karma \u0219i diferen\u021ba dintre karma personal\u0103 \u0219i cea de neam.<br \/>\nExploreaz\u0103 \u00een cadrul conferin\u021bei \u201cDespre karma. Karma personal\u0103 si de neam\u201d cum influen\u021beaz\u0103 karma via\u021ba \u0219i rela\u021biile fiec\u0103ruia dintre noi, descoperind modalit\u0103\u021bi de identificare a momentelor \u00een care experimentezi pl\u0103\u021bi karmice. \u00cembog\u0103\u021be\u0219te-\u021bi \u00een\u021belegerea asupra karmei pentru o via\u021b\u0103 mai armonioas\u0103 \u0219i echilibrat\u0103 urm\u0103rind aceast\u0103 conferin\u021b\u0103 sus\u021binut\u0103 de Dr. Ovidiu- Drago\u0219 Arge\u0219anu.<\/p>\n","protected":false},"featured_media":4713,"template":"","meta":{"inline_featured_image":false},"product_brand":[],"product_cat":[604,700],"product_tag":[],"class_list":{"0":"post-4177","1":"product","2":"type-product","3":"status-publish","4":"has-post-thumbnail","6":"product_cat-conferinte-premium","7":"product_cat-karma","9":"first","10":"instock","11":"virtual","12":"taxable","13":"purchasable","14":"product-type-simple"},"yoast_head":"<!-- This site is optimized with the Yoast SEO plugin v26.9 - https:\/\/yoast.com\/product\/yoast-seo-wordpress\/ -->\n<title>Conferin\u021b\u0103: Karma personal\u0103 \u0219i de neam - Ovidiu Drago\u0219 Arge\u0219anu<\/title>\n<meta name=\"description\" content=\"Descoper\u0103 informa\u021bii captivante \u00een cadrul conferin\u021bei \u201cDespre karma. Karma personal\u0103 si de neam\u201d, sus\u021binut\u0103 de Dr. Ovidiu-Drago\u0219 Arge\u0219anu.\" \/>\n<meta name=\"robots\" content=\"noindex, follow, max-snippet:-1, max-image-preview:large, max-video-preview:-1\" \/>\n<meta property=\"og:locale\" content=\"en_US\" \/>\n<meta property=\"og:type\" content=\"article\" \/>\n<meta property=\"og:title\" content=\"Conferin\u021b\u0103: Karma personal\u0103 \u0219i de neam - Ovidiu Drago\u0219 Arge\u0219anu\" \/>\n<meta property=\"og:description\" content=\"Descoper\u0103 informa\u021bii captivante \u00een cadrul conferin\u021bei \u201cDespre karma. Karma personal\u0103 si de neam\u201d, sus\u021binut\u0103 de Dr. Ovidiu-Drago\u0219 Arge\u0219anu.\" \/>\n<meta property=\"og:url\" content=\"https:\/\/www.ovidiudragosargesanu.ro\/en\/shop\/conferinte-premium\/karma\/karma-personala-si-de-neam\/\" \/>\n<meta property=\"og:site_name\" content=\"Ovidiu Drago\u0219 Arge\u0219anu\" \/>\n<meta property=\"article:modified_time\" content=\"2025-02-28T19:29:56+00:00\" \/>\n<meta property=\"og:image\" content=\"https:\/\/www.ovidiudragosargesanu.ro\/en\/wp-content\/uploads\/2023\/12\/Karma-personala-si-de-neam-conferinta-1.png\" \/>\n\t<meta property=\"og:image:width\" content=\"600\" \/>\n\t<meta property=\"og:image:height\" content=\"800\" \/>\n\t<meta property=\"og:image:type\" content=\"image\/png\" \/>\n<meta name=\"twitter:card\" content=\"summary_large_image\" \/>\n<meta name=\"twitter:label1\" content=\"Est. reading time\" \/>\n\t<meta name=\"twitter:data1\" content=\"1 minute\" \/>\n<script type=\"application\/ld+json\" class=\"yoast-schema-graph\">{\"@context\":\"https:\/\/schema.org\",\"@graph\":[{\"@type\":\"WebPage\",\"@id\":\"https:\/\/www.ovidiudragosargesanu.ro\/en\/shop\/conferinte-premium\/karma\/karma-personala-si-de-neam\/\",\"url\":\"https:\/\/www.ovidiudragosargesanu.ro\/en\/shop\/conferinte-premium\/karma\/karma-personala-si-de-neam\/\",\"name\":\"Conferin\u021b\u0103: Karma personal\u0103 \u0219i de neam - Ovidiu Drago\u0219 Arge\u0219anu\",\"isPartOf\":{\"@id\":\"https:\/\/www.ovidiudragosargesanu.ro\/en\/#website\"},\"primaryImageOfPage\":{\"@id\":\"https:\/\/www.ovidiudragosargesanu.ro\/en\/shop\/conferinte-premium\/karma\/karma-personala-si-de-neam\/#primaryimage\"},\"image\":{\"@id\":\"https:\/\/www.ovidiudragosargesanu.ro\/en\/shop\/conferinte-premium\/karma\/karma-personala-si-de-neam\/#primaryimage\"},\"thumbnailUrl\":\"https:\/\/www.ovidiudragosargesanu.ro\/en\/wp-content\/uploads\/2023\/12\/Karma-personala-si-de-neam-conferinta-1.png\",\"datePublished\":\"2023-12-06T02:40:26+00:00\",\"dateModified\":\"2025-02-28T19:29:56+00:00\",\"description\":\"Descoper\u0103 informa\u021bii captivante \u00een cadrul conferin\u021bei \u201cDespre karma. Karma personal\u0103 si de neam\u201d, sus\u021binut\u0103 de Dr. Ovidiu-Drago\u0219 Arge\u0219anu.\",\"breadcrumb\":{\"@id\":\"https:\/\/www.ovidiudragosargesanu.ro\/en\/shop\/conferinte-premium\/karma\/karma-personala-si-de-neam\/#breadcrumb\"},\"inLanguage\":\"en-US\",\"potentialAction\":[{\"@type\":\"ReadAction\",\"target\":[\"https:\/\/www.ovidiudragosargesanu.ro\/en\/shop\/conferinte-premium\/karma\/karma-personala-si-de-neam\/\"]}]},{\"@type\":\"ImageObject\",\"inLanguage\":\"en-US\",\"@id\":\"https:\/\/www.ovidiudragosargesanu.ro\/en\/shop\/conferinte-premium\/karma\/karma-personala-si-de-neam\/#primaryimage\",\"url\":\"https:\/\/www.ovidiudragosargesanu.ro\/en\/wp-content\/uploads\/2023\/12\/Karma-personala-si-de-neam-conferinta-1.png\",\"contentUrl\":\"https:\/\/www.ovidiudragosargesanu.ro\/en\/wp-content\/uploads\/2023\/12\/Karma-personala-si-de-neam-conferinta-1.png\",\"width\":600,\"height\":800},{\"@type\":\"BreadcrumbList\",\"@id\":\"https:\/\/www.ovidiudragosargesanu.ro\/en\/shop\/conferinte-premium\/karma\/karma-personala-si-de-neam\/#breadcrumb\",\"itemListElement\":[{\"@type\":\"ListItem\",\"position\":1,\"name\":\"Prima pagin\u0103\",\"item\":\"https:\/\/www.ovidiudragosargesanu.ro\/en\/\"},{\"@type\":\"ListItem\",\"position\":2,\"name\":\"Shop\",\"item\":\"https:\/\/www.ovidiudragosargesanu.ro\/en\/shop\/\"},{\"@type\":\"ListItem\",\"position\":3,\"name\":\"Conferin\u021b\u0103: Karma personal\u0103 \u0219i de neam\"}]},{\"@type\":\"WebSite\",\"@id\":\"https:\/\/www.ovidiudragosargesanu.ro\/en\/#website\",\"url\":\"https:\/\/www.ovidiudragosargesanu.ro\/en\/\",\"name\":\"Ovidiu Drago\u0219 Arge\u0219anu\",\"description\":\"\",\"publisher\":{\"@id\":\"https:\/\/www.ovidiudragosargesanu.ro\/en\/#organization\"},\"potentialAction\":[{\"@type\":\"SearchAction\",\"target\":{\"@type\":\"EntryPoint\",\"urlTemplate\":\"https:\/\/www.ovidiudragosargesanu.ro\/en\/?s={search_term_string}\"},\"query-input\":{\"@type\":\"PropertyValueSpecification\",\"valueRequired\":true,\"valueName\":\"search_term_string\"}}],\"inLanguage\":\"en-US\"},{\"@type\":\"Organization\",\"@id\":\"https:\/\/www.ovidiudragosargesanu.ro\/en\/#organization\",\"name\":\"Ovidiu Drago\u0219 Arge\u0219anu\",\"url\":\"https:\/\/www.ovidiudragosargesanu.ro\/en\/\",\"logo\":{\"@type\":\"ImageObject\",\"inLanguage\":\"en-US\",\"@id\":\"https:\/\/www.ovidiudragosargesanu.ro\/en\/#\/schema\/logo\/image\/\",\"url\":\"https:\/\/www.ovidiudragosargesanu.ro\/en\/wp-content\/uploads\/2018\/03\/dragos-logo-lotus-black-400.svg\",\"contentUrl\":\"https:\/\/www.ovidiudragosargesanu.ro\/en\/wp-content\/uploads\/2018\/03\/dragos-logo-lotus-black-400.svg\",\"width\":300,\"height\":150,\"caption\":\"Ovidiu Drago\u0219 Arge\u0219anu\"},\"image\":{\"@id\":\"https:\/\/www.ovidiudragosargesanu.ro\/en\/#\/schema\/logo\/image\/\"}}]}<\/script>\n<!-- \/ Yoast SEO plugin. -->","yoast_head_json":{"title":"Conferin\u021b\u0103: Karma personal\u0103 \u0219i de neam - Ovidiu Drago\u0219 Arge\u0219anu","description":"Descoper\u0103 informa\u021bii captivante \u00een cadrul conferin\u021bei \u201cDespre karma. Karma personal\u0103 si de neam\u201d, sus\u021binut\u0103 de Dr. Ovidiu-Drago\u0219 Arge\u0219anu.","robots":{"index":"noindex","follow":"follow","max-snippet":"max-snippet:-1","max-image-preview":"max-image-preview:large","max-video-preview":"max-video-preview:-1"},"og_locale":"en_US","og_type":"article","og_title":"Conferin\u021b\u0103: Karma personal\u0103 \u0219i de neam - Ovidiu Drago\u0219 Arge\u0219anu","og_description":"Descoper\u0103 informa\u021bii captivante \u00een cadrul conferin\u021bei \u201cDespre karma. Karma personal\u0103 si de neam\u201d, sus\u021binut\u0103 de Dr. Ovidiu-Drago\u0219 Arge\u0219anu.","og_url":"https:\/\/www.ovidiudragosargesanu.ro\/en\/shop\/conferinte-premium\/karma\/karma-personala-si-de-neam\/","og_site_name":"Ovidiu Drago\u0219 Arge\u0219anu","article_modified_time":"2025-02-28T19:29:56+00:00","og_image":[{"width":600,"height":800,"url":"https:\/\/www.ovidiudragosargesanu.ro\/en\/wp-content\/uploads\/2023\/12\/Karma-personala-si-de-neam-conferinta-1.png","type":"image\/png"}],"twitter_card":"summary_large_image","twitter_misc":{"Est. reading time":"1 minute"},"schema":{"@context":"https:\/\/schema.org","@graph":[{"@type":"WebPage","@id":"https:\/\/www.ovidiudragosargesanu.ro\/en\/shop\/conferinte-premium\/karma\/karma-personala-si-de-neam\/","url":"https:\/\/www.ovidiudragosargesanu.ro\/en\/shop\/conferinte-premium\/karma\/karma-personala-si-de-neam\/","name":"Conferin\u021b\u0103: Karma personal\u0103 \u0219i de neam - Ovidiu Drago\u0219 Arge\u0219anu","isPartOf":{"@id":"https:\/\/www.ovidiudragosargesanu.ro\/en\/#website"},"primaryImageOfPage":{"@id":"https:\/\/www.ovidiudragosargesanu.ro\/en\/shop\/conferinte-premium\/karma\/karma-personala-si-de-neam\/#primaryimage"},"image":{"@id":"https:\/\/www.ovidiudragosargesanu.ro\/en\/shop\/conferinte-premium\/karma\/karma-personala-si-de-neam\/#primaryimage"},"thumbnailUrl":"https:\/\/www.ovidiudragosargesanu.ro\/en\/wp-content\/uploads\/2023\/12\/Karma-personala-si-de-neam-conferinta-1.png","datePublished":"2023-12-06T02:40:26+00:00","dateModified":"2025-02-28T19:29:56+00:00","description":"Descoper\u0103 informa\u021bii captivante \u00een cadrul conferin\u021bei \u201cDespre karma. Karma personal\u0103 si de neam\u201d, sus\u021binut\u0103 de Dr. Ovidiu-Drago\u0219 Arge\u0219anu.","breadcrumb":{"@id":"https:\/\/www.ovidiudragosargesanu.ro\/en\/shop\/conferinte-premium\/karma\/karma-personala-si-de-neam\/#breadcrumb"},"inLanguage":"en-US","potentialAction":[{"@type":"ReadAction","target":["https:\/\/www.ovidiudragosargesanu.ro\/en\/shop\/conferinte-premium\/karma\/karma-personala-si-de-neam\/"]}]},{"@type":"ImageObject","inLanguage":"en-US","@id":"https:\/\/www.ovidiudragosargesanu.ro\/en\/shop\/conferinte-premium\/karma\/karma-personala-si-de-neam\/#primaryimage","url":"https:\/\/www.ovidiudragosargesanu.ro\/en\/wp-content\/uploads\/2023\/12\/Karma-personala-si-de-neam-conferinta-1.png","contentUrl":"https:\/\/www.ovidiudragosargesanu.ro\/en\/wp-content\/uploads\/2023\/12\/Karma-personala-si-de-neam-conferinta-1.png","width":600,"height":800},{"@type":"BreadcrumbList","@id":"https:\/\/www.ovidiudragosargesanu.ro\/en\/shop\/conferinte-premium\/karma\/karma-personala-si-de-neam\/#breadcrumb","itemListElement":[{"@type":"ListItem","position":1,"name":"Prima pagin\u0103","item":"https:\/\/www.ovidiudragosargesanu.ro\/en\/"},{"@type":"ListItem","position":2,"name":"Shop","item":"https:\/\/www.ovidiudragosargesanu.ro\/en\/shop\/"},{"@type":"ListItem","position":3,"name":"Conferin\u021b\u0103: Karma personal\u0103 \u0219i de neam"}]},{"@type":"WebSite","@id":"https:\/\/www.ovidiudragosargesanu.ro\/en\/#website","url":"https:\/\/www.ovidiudragosargesanu.ro\/en\/","name":"Ovidiu Drago\u0219 Arge\u0219anu","description":"","publisher":{"@id":"https:\/\/www.ovidiudragosargesanu.ro\/en\/#organization"},"potentialAction":[{"@type":"SearchAction","target":{"@type":"EntryPoint","urlTemplate":"https:\/\/www.ovidiudragosargesanu.ro\/en\/?s={search_term_string}"},"query-input":{"@type":"PropertyValueSpecification","valueRequired":true,"valueName":"search_term_string"}}],"inLanguage":"en-US"},{"@type":"Organization","@id":"https:\/\/www.ovidiudragosargesanu.ro\/en\/#organization","name":"Ovidiu Drago\u0219 Arge\u0219anu","url":"https:\/\/www.ovidiudragosargesanu.ro\/en\/","logo":{"@type":"ImageObject","inLanguage":"en-US","@id":"https:\/\/www.ovidiudragosargesanu.ro\/en\/#\/schema\/logo\/image\/","url":"https:\/\/www.ovidiudragosargesanu.ro\/en\/wp-content\/uploads\/2018\/03\/dragos-logo-lotus-black-400.svg","contentUrl":"https:\/\/www.ovidiudragosargesanu.ro\/en\/wp-content\/uploads\/2018\/03\/dragos-logo-lotus-black-400.svg","width":300,"height":150,"caption":"Ovidiu Drago\u0219 Arge\u0219anu"},"image":{"@id":"https:\/\/www.ovidiudragosargesanu.ro\/en\/#\/schema\/logo\/image\/"}}]}},"_links":{"self":[{"href":"https:\/\/www.ovidiudragosargesanu.ro\/en\/wp-json\/wp\/v2\/product\/4177","targetHints":{"allow":["GET"]}}],"collection":[{"href":"https:\/\/www.ovidiudragosargesanu.ro\/en\/wp-json\/wp\/v2\/product"}],"about":[{"href":"https:\/\/www.ovidiudragosargesanu.ro\/en\/wp-json\/wp\/v2\/types\/product"}],"version-history":[{"count":6,"href":"https:\/\/www.ovidiudragosargesanu.ro\/en\/wp-json\/wp\/v2\/product\/4177\/revisions"}],"predecessor-version":[{"id":26603,"href":"https:\/\/www.ovidiudragosargesanu.ro\/en\/wp-json\/wp\/v2\/product\/4177\/revisions\/26603"}],"wp:featuredmedia":[{"embeddable":true,"href":"https:\/\/www.ovidiudragosargesanu.ro\/en\/wp-json\/wp\/v2\/media\/4713"}],"wp:attachment":[{"href":"https:\/\/www.ovidiudragosargesanu.ro\/en\/wp-json\/wp\/v2\/media?parent=4177"}],"wp:term":[{"taxonomy":"product_brand","embeddable":true,"href":"https:\/\/www.ovidiudragosargesanu.ro\/en\/wp-json\/wp\/v2\/product_brand?post=4177"},{"taxonomy":"product_cat","embeddable":true,"href":"https:\/\/www.ovidiudragosargesanu.ro\/en\/wp-json\/wp\/v2\/product_cat?post=4177"},{"taxonomy":"product_tag","embeddable":true,"href":"https:\/\/www.ovidiudragosargesanu.ro\/en\/wp-json\/wp\/v2\/product_tag?post=4177"}],"curies":[{"name":"wp","href":"https:\/\/api.w.org\/{rel}","templated":true}]}}