{"id":4191,"date":"2023-12-06T05:22:51","date_gmt":"2023-12-06T03:22:51","guid":{"rendered":"https:\/\/www.ovidiudragosargesanu.ro\/?post_type=product&#038;p=4191"},"modified":"2025-02-28T21:29:11","modified_gmt":"2025-02-28T19:29:11","slug":"raul-in-evolutia-spirituala","status":"publish","type":"product","link":"https:\/\/www.ovidiudragosargesanu.ro\/en\/shop\/conferinte-premium\/entitati\/raul-in-evolutia-spirituala\/","title":{"rendered":"Conferin\u021b\u0103: R\u0103ul \u00een evolu\u021bia spiritual\u0103"},"content":{"rendered":"<p><span style=\"font-weight: 400;\">Uneori, cel mai mare truc al demonului este s\u0103 ne conving\u0103 c\u0103 el nu exist\u0103 \u0219i c\u0103 omul este singurul responsabil pentru bine \u0219i r\u0103u. \u00cen\u021belege paradoxul c\u0103 excluderea r\u0103ului poate duce la excluderea lui Dumnezeu \u0219i exploreaz\u0103 conceptul c\u0103 omul, cu imagina\u021bia sa, poate fi mai r\u0103u dec\u00e2t demonul. P\u0103rintele Argatu avertizeaz\u0103 asupra pericolului oamenilor care se folosesc de demoni, iar textul dezv\u0103luie c\u0103 r\u0103ul \u00een lumea noastr\u0103 este, \u00een mare parte, creat de imagina\u021bia uman\u0103. Descoper\u0103 \u00een cadrul conferin\u021bei \u201cR\u0103ul \u00een evolu\u021bia spiritual\u0103\u201c sus\u021binut\u0103 de Dr. Drago\u0219-Ovidiu Arge\u0219anu cum Dumnezeu \u00eeng\u0103duie \u0219i guverneaz\u0103 totul \u00een aceast\u0103 perspectiv\u0103 complex\u0103 asupra existen\u021bei r\u0103ului.<\/span><\/p>\n","protected":false},"excerpt":{"rendered":"<p>ACCES NELIMITAT!<\/p>\n<p>Exploreaz\u0103 \u00een cadrul conferin\u021bei \u201cR\u0103ul \u00een evolu\u021bia spiritual\u0103\u201c sus\u021binut\u0103 de Dr. Drago\u0219- Ovidiu Arge\u0219anu tainele evolu\u021biei spirituale prin \u00een\u021belegerea r\u0103ului, dezv\u0103luind cine \u00eeng\u0103duie manifestarea lui \u0219i de ce acesta se face resim\u021bit \u00een via\u021ba noastr\u0103.<br \/>\nConferin\u021ba te va ghida \u00eentr-o c\u0103l\u0103torie profund\u0103 spre adev\u0103r \u0219i \u00een\u021belegere.<\/p>\n","protected":false},"featured_media":4676,"template":"","meta":{"inline_featured_image":false},"product_brand":[],"product_cat":[604,687],"product_tag":[],"class_list":{"0":"post-4191","1":"product","2":"type-product","3":"status-publish","4":"has-post-thumbnail","6":"product_cat-conferinte-premium","7":"product_cat-entitati","9":"first","10":"instock","11":"virtual","12":"taxable","13":"purchasable","14":"product-type-simple"},"yoast_head":"<!-- This site is optimized with the Yoast SEO plugin v26.9 - https:\/\/yoast.com\/product\/yoast-seo-wordpress\/ -->\n<title>Conferin\u021b\u0103: R\u0103ul \u00een evolu\u021bia spiritual\u0103 - Ovidiu Drago\u0219 Arge\u0219anu<\/title>\n<meta name=\"description\" content=\"Descoper\u0103 tainele evolu\u021biei spirituale \u00een conferin\u021ba R\u0103ul \u00een Evolu\u021bia Spiritual\u0103 sus\u021binut\u0103 de Dr. Drago\u0219-Ovidiu Arge\u0219anu pe 7 octombrie 2017.\" \/>\n<meta name=\"robots\" content=\"noindex, follow, max-snippet:-1, max-image-preview:large, max-video-preview:-1\" \/>\n<meta property=\"og:locale\" content=\"en_US\" \/>\n<meta property=\"og:type\" content=\"article\" \/>\n<meta property=\"og:title\" content=\"Conferin\u021b\u0103: R\u0103ul \u00een evolu\u021bia spiritual\u0103 - Ovidiu Drago\u0219 Arge\u0219anu\" \/>\n<meta property=\"og:description\" content=\"Descoper\u0103 tainele evolu\u021biei spirituale \u00een conferin\u021ba R\u0103ul \u00een Evolu\u021bia Spiritual\u0103 sus\u021binut\u0103 de Dr. Drago\u0219-Ovidiu Arge\u0219anu pe 7 octombrie 2017.\" \/>\n<meta property=\"og:url\" content=\"https:\/\/www.ovidiudragosargesanu.ro\/en\/shop\/conferinte-premium\/entitati\/raul-in-evolutia-spirituala\/\" \/>\n<meta property=\"og:site_name\" content=\"Ovidiu Drago\u0219 Arge\u0219anu\" \/>\n<meta property=\"article:modified_time\" content=\"2025-02-28T19:29:11+00:00\" \/>\n<meta property=\"og:image\" content=\"https:\/\/www.ovidiudragosargesanu.ro\/en\/wp-content\/uploads\/2023\/12\/Raul-in-evolutia-spirituala-Conferita-1.png\" \/>\n\t<meta property=\"og:image:width\" content=\"600\" \/>\n\t<meta property=\"og:image:height\" content=\"800\" \/>\n\t<meta property=\"og:image:type\" content=\"image\/png\" \/>\n<meta name=\"twitter:card\" content=\"summary_large_image\" \/>\n<meta name=\"twitter:label1\" content=\"Est. reading time\" \/>\n\t<meta name=\"twitter:data1\" content=\"1 minute\" \/>\n<script type=\"application\/ld+json\" class=\"yoast-schema-graph\">{\"@context\":\"https:\/\/schema.org\",\"@graph\":[{\"@type\":\"WebPage\",\"@id\":\"https:\/\/www.ovidiudragosargesanu.ro\/en\/shop\/conferinte-premium\/entitati\/raul-in-evolutia-spirituala\/\",\"url\":\"https:\/\/www.ovidiudragosargesanu.ro\/en\/shop\/conferinte-premium\/entitati\/raul-in-evolutia-spirituala\/\",\"name\":\"Conferin\u021b\u0103: R\u0103ul \u00een evolu\u021bia spiritual\u0103 - Ovidiu Drago\u0219 Arge\u0219anu\",\"isPartOf\":{\"@id\":\"https:\/\/www.ovidiudragosargesanu.ro\/en\/#website\"},\"primaryImageOfPage\":{\"@id\":\"https:\/\/www.ovidiudragosargesanu.ro\/en\/shop\/conferinte-premium\/entitati\/raul-in-evolutia-spirituala\/#primaryimage\"},\"image\":{\"@id\":\"https:\/\/www.ovidiudragosargesanu.ro\/en\/shop\/conferinte-premium\/entitati\/raul-in-evolutia-spirituala\/#primaryimage\"},\"thumbnailUrl\":\"https:\/\/www.ovidiudragosargesanu.ro\/en\/wp-content\/uploads\/2023\/12\/Raul-in-evolutia-spirituala-Conferita-1.png\",\"datePublished\":\"2023-12-06T03:22:51+00:00\",\"dateModified\":\"2025-02-28T19:29:11+00:00\",\"description\":\"Descoper\u0103 tainele evolu\u021biei spirituale \u00een conferin\u021ba R\u0103ul \u00een Evolu\u021bia Spiritual\u0103 sus\u021binut\u0103 de Dr. Drago\u0219-Ovidiu Arge\u0219anu pe 7 octombrie 2017.\",\"breadcrumb\":{\"@id\":\"https:\/\/www.ovidiudragosargesanu.ro\/en\/shop\/conferinte-premium\/entitati\/raul-in-evolutia-spirituala\/#breadcrumb\"},\"inLanguage\":\"en-US\",\"potentialAction\":[{\"@type\":\"ReadAction\",\"target\":[\"https:\/\/www.ovidiudragosargesanu.ro\/en\/shop\/conferinte-premium\/entitati\/raul-in-evolutia-spirituala\/\"]}]},{\"@type\":\"ImageObject\",\"inLanguage\":\"en-US\",\"@id\":\"https:\/\/www.ovidiudragosargesanu.ro\/en\/shop\/conferinte-premium\/entitati\/raul-in-evolutia-spirituala\/#primaryimage\",\"url\":\"https:\/\/www.ovidiudragosargesanu.ro\/en\/wp-content\/uploads\/2023\/12\/Raul-in-evolutia-spirituala-Conferita-1.png\",\"contentUrl\":\"https:\/\/www.ovidiudragosargesanu.ro\/en\/wp-content\/uploads\/2023\/12\/Raul-in-evolutia-spirituala-Conferita-1.png\",\"width\":600,\"height\":800},{\"@type\":\"BreadcrumbList\",\"@id\":\"https:\/\/www.ovidiudragosargesanu.ro\/en\/shop\/conferinte-premium\/entitati\/raul-in-evolutia-spirituala\/#breadcrumb\",\"itemListElement\":[{\"@type\":\"ListItem\",\"position\":1,\"name\":\"Prima pagin\u0103\",\"item\":\"https:\/\/www.ovidiudragosargesanu.ro\/en\/\"},{\"@type\":\"ListItem\",\"position\":2,\"name\":\"Shop\",\"item\":\"https:\/\/www.ovidiudragosargesanu.ro\/en\/shop\/\"},{\"@type\":\"ListItem\",\"position\":3,\"name\":\"Conferin\u021b\u0103: R\u0103ul \u00een evolu\u021bia spiritual\u0103\"}]},{\"@type\":\"WebSite\",\"@id\":\"https:\/\/www.ovidiudragosargesanu.ro\/en\/#website\",\"url\":\"https:\/\/www.ovidiudragosargesanu.ro\/en\/\",\"name\":\"Ovidiu Drago\u0219 Arge\u0219anu\",\"description\":\"\",\"publisher\":{\"@id\":\"https:\/\/www.ovidiudragosargesanu.ro\/en\/#organization\"},\"potentialAction\":[{\"@type\":\"SearchAction\",\"target\":{\"@type\":\"EntryPoint\",\"urlTemplate\":\"https:\/\/www.ovidiudragosargesanu.ro\/en\/?s={search_term_string}\"},\"query-input\":{\"@type\":\"PropertyValueSpecification\",\"valueRequired\":true,\"valueName\":\"search_term_string\"}}],\"inLanguage\":\"en-US\"},{\"@type\":\"Organization\",\"@id\":\"https:\/\/www.ovidiudragosargesanu.ro\/en\/#organization\",\"name\":\"Ovidiu Drago\u0219 Arge\u0219anu\",\"url\":\"https:\/\/www.ovidiudragosargesanu.ro\/en\/\",\"logo\":{\"@type\":\"ImageObject\",\"inLanguage\":\"en-US\",\"@id\":\"https:\/\/www.ovidiudragosargesanu.ro\/en\/#\/schema\/logo\/image\/\",\"url\":\"https:\/\/www.ovidiudragosargesanu.ro\/en\/wp-content\/uploads\/2018\/03\/dragos-logo-lotus-black-400.svg\",\"contentUrl\":\"https:\/\/www.ovidiudragosargesanu.ro\/en\/wp-content\/uploads\/2018\/03\/dragos-logo-lotus-black-400.svg\",\"width\":300,\"height\":150,\"caption\":\"Ovidiu Drago\u0219 Arge\u0219anu\"},\"image\":{\"@id\":\"https:\/\/www.ovidiudragosargesanu.ro\/en\/#\/schema\/logo\/image\/\"}}]}<\/script>\n<!-- \/ Yoast SEO plugin. -->","yoast_head_json":{"title":"Conferin\u021b\u0103: R\u0103ul \u00een evolu\u021bia spiritual\u0103 - Ovidiu Drago\u0219 Arge\u0219anu","description":"Descoper\u0103 tainele evolu\u021biei spirituale \u00een conferin\u021ba R\u0103ul \u00een Evolu\u021bia Spiritual\u0103 sus\u021binut\u0103 de Dr. Drago\u0219-Ovidiu Arge\u0219anu pe 7 octombrie 2017.","robots":{"index":"noindex","follow":"follow","max-snippet":"max-snippet:-1","max-image-preview":"max-image-preview:large","max-video-preview":"max-video-preview:-1"},"og_locale":"en_US","og_type":"article","og_title":"Conferin\u021b\u0103: R\u0103ul \u00een evolu\u021bia spiritual\u0103 - Ovidiu Drago\u0219 Arge\u0219anu","og_description":"Descoper\u0103 tainele evolu\u021biei spirituale \u00een conferin\u021ba R\u0103ul \u00een Evolu\u021bia Spiritual\u0103 sus\u021binut\u0103 de Dr. Drago\u0219-Ovidiu Arge\u0219anu pe 7 octombrie 2017.","og_url":"https:\/\/www.ovidiudragosargesanu.ro\/en\/shop\/conferinte-premium\/entitati\/raul-in-evolutia-spirituala\/","og_site_name":"Ovidiu Drago\u0219 Arge\u0219anu","article_modified_time":"2025-02-28T19:29:11+00:00","og_image":[{"width":600,"height":800,"url":"https:\/\/www.ovidiudragosargesanu.ro\/en\/wp-content\/uploads\/2023\/12\/Raul-in-evolutia-spirituala-Conferita-1.png","type":"image\/png"}],"twitter_card":"summary_large_image","twitter_misc":{"Est. reading time":"1 minute"},"schema":{"@context":"https:\/\/schema.org","@graph":[{"@type":"WebPage","@id":"https:\/\/www.ovidiudragosargesanu.ro\/en\/shop\/conferinte-premium\/entitati\/raul-in-evolutia-spirituala\/","url":"https:\/\/www.ovidiudragosargesanu.ro\/en\/shop\/conferinte-premium\/entitati\/raul-in-evolutia-spirituala\/","name":"Conferin\u021b\u0103: R\u0103ul \u00een evolu\u021bia spiritual\u0103 - Ovidiu Drago\u0219 Arge\u0219anu","isPartOf":{"@id":"https:\/\/www.ovidiudragosargesanu.ro\/en\/#website"},"primaryImageOfPage":{"@id":"https:\/\/www.ovidiudragosargesanu.ro\/en\/shop\/conferinte-premium\/entitati\/raul-in-evolutia-spirituala\/#primaryimage"},"image":{"@id":"https:\/\/www.ovidiudragosargesanu.ro\/en\/shop\/conferinte-premium\/entitati\/raul-in-evolutia-spirituala\/#primaryimage"},"thumbnailUrl":"https:\/\/www.ovidiudragosargesanu.ro\/en\/wp-content\/uploads\/2023\/12\/Raul-in-evolutia-spirituala-Conferita-1.png","datePublished":"2023-12-06T03:22:51+00:00","dateModified":"2025-02-28T19:29:11+00:00","description":"Descoper\u0103 tainele evolu\u021biei spirituale \u00een conferin\u021ba R\u0103ul \u00een Evolu\u021bia Spiritual\u0103 sus\u021binut\u0103 de Dr. Drago\u0219-Ovidiu Arge\u0219anu pe 7 octombrie 2017.","breadcrumb":{"@id":"https:\/\/www.ovidiudragosargesanu.ro\/en\/shop\/conferinte-premium\/entitati\/raul-in-evolutia-spirituala\/#breadcrumb"},"inLanguage":"en-US","potentialAction":[{"@type":"ReadAction","target":["https:\/\/www.ovidiudragosargesanu.ro\/en\/shop\/conferinte-premium\/entitati\/raul-in-evolutia-spirituala\/"]}]},{"@type":"ImageObject","inLanguage":"en-US","@id":"https:\/\/www.ovidiudragosargesanu.ro\/en\/shop\/conferinte-premium\/entitati\/raul-in-evolutia-spirituala\/#primaryimage","url":"https:\/\/www.ovidiudragosargesanu.ro\/en\/wp-content\/uploads\/2023\/12\/Raul-in-evolutia-spirituala-Conferita-1.png","contentUrl":"https:\/\/www.ovidiudragosargesanu.ro\/en\/wp-content\/uploads\/2023\/12\/Raul-in-evolutia-spirituala-Conferita-1.png","width":600,"height":800},{"@type":"BreadcrumbList","@id":"https:\/\/www.ovidiudragosargesanu.ro\/en\/shop\/conferinte-premium\/entitati\/raul-in-evolutia-spirituala\/#breadcrumb","itemListElement":[{"@type":"ListItem","position":1,"name":"Prima pagin\u0103","item":"https:\/\/www.ovidiudragosargesanu.ro\/en\/"},{"@type":"ListItem","position":2,"name":"Shop","item":"https:\/\/www.ovidiudragosargesanu.ro\/en\/shop\/"},{"@type":"ListItem","position":3,"name":"Conferin\u021b\u0103: R\u0103ul \u00een evolu\u021bia spiritual\u0103"}]},{"@type":"WebSite","@id":"https:\/\/www.ovidiudragosargesanu.ro\/en\/#website","url":"https:\/\/www.ovidiudragosargesanu.ro\/en\/","name":"Ovidiu Drago\u0219 Arge\u0219anu","description":"","publisher":{"@id":"https:\/\/www.ovidiudragosargesanu.ro\/en\/#organization"},"potentialAction":[{"@type":"SearchAction","target":{"@type":"EntryPoint","urlTemplate":"https:\/\/www.ovidiudragosargesanu.ro\/en\/?s={search_term_string}"},"query-input":{"@type":"PropertyValueSpecification","valueRequired":true,"valueName":"search_term_string"}}],"inLanguage":"en-US"},{"@type":"Organization","@id":"https:\/\/www.ovidiudragosargesanu.ro\/en\/#organization","name":"Ovidiu Drago\u0219 Arge\u0219anu","url":"https:\/\/www.ovidiudragosargesanu.ro\/en\/","logo":{"@type":"ImageObject","inLanguage":"en-US","@id":"https:\/\/www.ovidiudragosargesanu.ro\/en\/#\/schema\/logo\/image\/","url":"https:\/\/www.ovidiudragosargesanu.ro\/en\/wp-content\/uploads\/2018\/03\/dragos-logo-lotus-black-400.svg","contentUrl":"https:\/\/www.ovidiudragosargesanu.ro\/en\/wp-content\/uploads\/2018\/03\/dragos-logo-lotus-black-400.svg","width":300,"height":150,"caption":"Ovidiu Drago\u0219 Arge\u0219anu"},"image":{"@id":"https:\/\/www.ovidiudragosargesanu.ro\/en\/#\/schema\/logo\/image\/"}}]}},"_links":{"self":[{"href":"https:\/\/www.ovidiudragosargesanu.ro\/en\/wp-json\/wp\/v2\/product\/4191","targetHints":{"allow":["GET"]}}],"collection":[{"href":"https:\/\/www.ovidiudragosargesanu.ro\/en\/wp-json\/wp\/v2\/product"}],"about":[{"href":"https:\/\/www.ovidiudragosargesanu.ro\/en\/wp-json\/wp\/v2\/types\/product"}],"version-history":[{"count":6,"href":"https:\/\/www.ovidiudragosargesanu.ro\/en\/wp-json\/wp\/v2\/product\/4191\/revisions"}],"predecessor-version":[{"id":26597,"href":"https:\/\/www.ovidiudragosargesanu.ro\/en\/wp-json\/wp\/v2\/product\/4191\/revisions\/26597"}],"wp:featuredmedia":[{"embeddable":true,"href":"https:\/\/www.ovidiudragosargesanu.ro\/en\/wp-json\/wp\/v2\/media\/4676"}],"wp:attachment":[{"href":"https:\/\/www.ovidiudragosargesanu.ro\/en\/wp-json\/wp\/v2\/media?parent=4191"}],"wp:term":[{"taxonomy":"product_brand","embeddable":true,"href":"https:\/\/www.ovidiudragosargesanu.ro\/en\/wp-json\/wp\/v2\/product_brand?post=4191"},{"taxonomy":"product_cat","embeddable":true,"href":"https:\/\/www.ovidiudragosargesanu.ro\/en\/wp-json\/wp\/v2\/product_cat?post=4191"},{"taxonomy":"product_tag","embeddable":true,"href":"https:\/\/www.ovidiudragosargesanu.ro\/en\/wp-json\/wp\/v2\/product_tag?post=4191"}],"curies":[{"name":"wp","href":"https:\/\/api.w.org\/{rel}","templated":true}]}}