{"id":4215,"date":"2023-12-06T05:58:09","date_gmt":"2023-12-06T03:58:09","guid":{"rendered":"https:\/\/www.ovidiudragosargesanu.ro\/?post_type=product&#038;p=4215"},"modified":"2025-02-28T21:27:42","modified_gmt":"2025-02-28T19:27:42","slug":"trezirea-spirituala-si-constiinta-de-sine-2","status":"publish","type":"product","link":"https:\/\/www.ovidiudragosargesanu.ro\/en\/shop\/conferinte-premium\/trezire-spirituala\/trezirea-spirituala-si-constiinta-de-sine-2\/","title":{"rendered":"Conferin\u021b\u0103: Trezirea spiritual\u0103 \u0219i con\u0219tiin\u021ba de sine"},"content":{"rendered":"<p><span style=\"font-weight: 400;\">Descoper\u0103 tainele trezirii spirituale al\u0103turi de Dr. Drago\u0219 Arge\u0219anu urm\u0103rind conferin\u021ba . Afl\u0103 despre structura psihicului uman \u0219i diferen\u021ba esen\u021bial\u0103 dintre suflet \u0219i corp.\u00a0<\/span><\/p>\n<p><span style=\"font-weight: 400;\">Dr. Arge\u0219anu aduce \u00een cadrul acestei conferin\u021be revelatoare \u00een lumin\u0103 concepte profunde precum rolul sufletului ca dar divin \u0219i cum acesta creeaz\u0103 via\u021ba \u00een materie. Exploreaz\u0103 analogia dintre corp \u0219i o ma\u0219in\u0103 de raliu, \u00een\u021beleg\u00e2nd cum sufletul ac\u021bioneaz\u0103 ca motor \u0219i soft \u00een aceast\u0103 ma\u0219in\u0103 vie. Descoper\u0103 rolul pilotului \u0219i copilotului, eu-l individual \u0219i \u00eengerul p\u0103zitor, \u00een c\u0103l\u0103toria trezirii spirituale.<\/span><\/p>\n","protected":false},"excerpt":{"rendered":"<p>ACCES NELIMITAT!<\/p>\n<p>Afl\u0103 \u00een aceast\u0103 conferin\u021b\u0103 inspira\u021bional\u0103 r\u0103spunsurile la \u00eentreb\u0103rile esen\u021biale despre identitatea personal\u0103 \u0219i semnifica\u021bia profund\u0103 a acestui proces evolutiv.<br \/>\nUrm\u0103rind conferin\u021ba \u201cTrezirea spiritual\u0103 \u0219i con\u0219tiin\u021ba de sine\u201d vei c\u0103p\u0103ta o \u00een\u021belegere profund\u0103 despre cum sufletul este perceput ca un dar divin \u0219i cum acesta influen\u021beaz\u0103 crearea \u0219i evolu\u021bia vie\u021bii \u00een materie, devoal\u00e2nd o perspectiv\u0103 ampl\u0103 asupra c\u0103l\u0103toriei spirituale \u0219i a trezirii interioare.<\/p>\n","protected":false},"featured_media":4711,"template":"","meta":{"inline_featured_image":false},"product_brand":[],"product_cat":[604,691],"product_tag":[],"class_list":{"0":"post-4215","1":"product","2":"type-product","3":"status-publish","4":"has-post-thumbnail","6":"product_cat-conferinte-premium","7":"product_cat-trezire-spirituala","9":"first","10":"instock","11":"virtual","12":"taxable","13":"purchasable","14":"product-type-simple"},"yoast_head":"<!-- This site is optimized with the Yoast SEO plugin v26.9 - https:\/\/yoast.com\/product\/yoast-seo-wordpress\/ -->\n<title>Conferin\u021b\u0103: Trezirea spiritual\u0103 \u0219i con\u0219tiin\u021ba de sine - Ovidiu Drago\u0219 Arge\u0219anu<\/title>\n<meta name=\"description\" content=\"Descoper\u0103 tainele trezirii spirituale \u00een conferin\u021ba \u201cTrezirea spiritual\u0103 \u0219i con\u0219tiin\u021ba de sine\u201d al\u0103turi de Dr. Drago\u0219 Arge\u0219anu. Afl\u0103 mai\" \/>\n<meta name=\"robots\" content=\"noindex, follow, max-snippet:-1, max-image-preview:large, max-video-preview:-1\" \/>\n<meta property=\"og:locale\" content=\"en_US\" \/>\n<meta property=\"og:type\" content=\"article\" \/>\n<meta property=\"og:title\" content=\"Conferin\u021b\u0103: Trezirea spiritual\u0103 \u0219i con\u0219tiin\u021ba de sine - Ovidiu Drago\u0219 Arge\u0219anu\" \/>\n<meta property=\"og:description\" content=\"Descoper\u0103 tainele trezirii spirituale \u00een conferin\u021ba \u201cTrezirea spiritual\u0103 \u0219i con\u0219tiin\u021ba de sine\u201d al\u0103turi de Dr. Drago\u0219 Arge\u0219anu. Afl\u0103 mai\" \/>\n<meta property=\"og:url\" content=\"https:\/\/www.ovidiudragosargesanu.ro\/en\/shop\/conferinte-premium\/trezire-spirituala\/trezirea-spirituala-si-constiinta-de-sine-2\/\" \/>\n<meta property=\"og:site_name\" content=\"Ovidiu Drago\u0219 Arge\u0219anu\" \/>\n<meta property=\"article:modified_time\" content=\"2025-02-28T19:27:42+00:00\" \/>\n<meta property=\"og:image\" content=\"https:\/\/www.ovidiudragosargesanu.ro\/en\/wp-content\/uploads\/2023\/12\/Trezirea-spirituala-si-constiinta-de-sine-conferinta-1.png\" \/>\n\t<meta property=\"og:image:width\" content=\"600\" \/>\n\t<meta property=\"og:image:height\" content=\"800\" \/>\n\t<meta property=\"og:image:type\" content=\"image\/png\" \/>\n<meta name=\"twitter:card\" content=\"summary_large_image\" \/>\n<meta name=\"twitter:label1\" content=\"Est. reading time\" \/>\n\t<meta name=\"twitter:data1\" content=\"1 minute\" \/>\n<script type=\"application\/ld+json\" class=\"yoast-schema-graph\">{\"@context\":\"https:\/\/schema.org\",\"@graph\":[{\"@type\":\"WebPage\",\"@id\":\"https:\/\/www.ovidiudragosargesanu.ro\/en\/shop\/conferinte-premium\/trezire-spirituala\/trezirea-spirituala-si-constiinta-de-sine-2\/\",\"url\":\"https:\/\/www.ovidiudragosargesanu.ro\/en\/shop\/conferinte-premium\/trezire-spirituala\/trezirea-spirituala-si-constiinta-de-sine-2\/\",\"name\":\"Conferin\u021b\u0103: Trezirea spiritual\u0103 \u0219i con\u0219tiin\u021ba de sine - Ovidiu Drago\u0219 Arge\u0219anu\",\"isPartOf\":{\"@id\":\"https:\/\/www.ovidiudragosargesanu.ro\/en\/#website\"},\"primaryImageOfPage\":{\"@id\":\"https:\/\/www.ovidiudragosargesanu.ro\/en\/shop\/conferinte-premium\/trezire-spirituala\/trezirea-spirituala-si-constiinta-de-sine-2\/#primaryimage\"},\"image\":{\"@id\":\"https:\/\/www.ovidiudragosargesanu.ro\/en\/shop\/conferinte-premium\/trezire-spirituala\/trezirea-spirituala-si-constiinta-de-sine-2\/#primaryimage\"},\"thumbnailUrl\":\"https:\/\/www.ovidiudragosargesanu.ro\/en\/wp-content\/uploads\/2023\/12\/Trezirea-spirituala-si-constiinta-de-sine-conferinta-1.png\",\"datePublished\":\"2023-12-06T03:58:09+00:00\",\"dateModified\":\"2025-02-28T19:27:42+00:00\",\"description\":\"Descoper\u0103 tainele trezirii spirituale \u00een conferin\u021ba \u201cTrezirea spiritual\u0103 \u0219i con\u0219tiin\u021ba de sine\u201d al\u0103turi de Dr. Drago\u0219 Arge\u0219anu. Afl\u0103 mai\",\"breadcrumb\":{\"@id\":\"https:\/\/www.ovidiudragosargesanu.ro\/en\/shop\/conferinte-premium\/trezire-spirituala\/trezirea-spirituala-si-constiinta-de-sine-2\/#breadcrumb\"},\"inLanguage\":\"en-US\",\"potentialAction\":[{\"@type\":\"ReadAction\",\"target\":[\"https:\/\/www.ovidiudragosargesanu.ro\/en\/shop\/conferinte-premium\/trezire-spirituala\/trezirea-spirituala-si-constiinta-de-sine-2\/\"]}]},{\"@type\":\"ImageObject\",\"inLanguage\":\"en-US\",\"@id\":\"https:\/\/www.ovidiudragosargesanu.ro\/en\/shop\/conferinte-premium\/trezire-spirituala\/trezirea-spirituala-si-constiinta-de-sine-2\/#primaryimage\",\"url\":\"https:\/\/www.ovidiudragosargesanu.ro\/en\/wp-content\/uploads\/2023\/12\/Trezirea-spirituala-si-constiinta-de-sine-conferinta-1.png\",\"contentUrl\":\"https:\/\/www.ovidiudragosargesanu.ro\/en\/wp-content\/uploads\/2023\/12\/Trezirea-spirituala-si-constiinta-de-sine-conferinta-1.png\",\"width\":600,\"height\":800},{\"@type\":\"BreadcrumbList\",\"@id\":\"https:\/\/www.ovidiudragosargesanu.ro\/en\/shop\/conferinte-premium\/trezire-spirituala\/trezirea-spirituala-si-constiinta-de-sine-2\/#breadcrumb\",\"itemListElement\":[{\"@type\":\"ListItem\",\"position\":1,\"name\":\"Prima pagin\u0103\",\"item\":\"https:\/\/www.ovidiudragosargesanu.ro\/en\/\"},{\"@type\":\"ListItem\",\"position\":2,\"name\":\"Shop\",\"item\":\"https:\/\/www.ovidiudragosargesanu.ro\/en\/shop\/\"},{\"@type\":\"ListItem\",\"position\":3,\"name\":\"Conferin\u021b\u0103: Trezirea spiritual\u0103 \u0219i con\u0219tiin\u021ba de sine\"}]},{\"@type\":\"WebSite\",\"@id\":\"https:\/\/www.ovidiudragosargesanu.ro\/en\/#website\",\"url\":\"https:\/\/www.ovidiudragosargesanu.ro\/en\/\",\"name\":\"Ovidiu Drago\u0219 Arge\u0219anu\",\"description\":\"\",\"publisher\":{\"@id\":\"https:\/\/www.ovidiudragosargesanu.ro\/en\/#organization\"},\"potentialAction\":[{\"@type\":\"SearchAction\",\"target\":{\"@type\":\"EntryPoint\",\"urlTemplate\":\"https:\/\/www.ovidiudragosargesanu.ro\/en\/?s={search_term_string}\"},\"query-input\":{\"@type\":\"PropertyValueSpecification\",\"valueRequired\":true,\"valueName\":\"search_term_string\"}}],\"inLanguage\":\"en-US\"},{\"@type\":\"Organization\",\"@id\":\"https:\/\/www.ovidiudragosargesanu.ro\/en\/#organization\",\"name\":\"Ovidiu Drago\u0219 Arge\u0219anu\",\"url\":\"https:\/\/www.ovidiudragosargesanu.ro\/en\/\",\"logo\":{\"@type\":\"ImageObject\",\"inLanguage\":\"en-US\",\"@id\":\"https:\/\/www.ovidiudragosargesanu.ro\/en\/#\/schema\/logo\/image\/\",\"url\":\"https:\/\/www.ovidiudragosargesanu.ro\/en\/wp-content\/uploads\/2018\/03\/dragos-logo-lotus-black-400.svg\",\"contentUrl\":\"https:\/\/www.ovidiudragosargesanu.ro\/en\/wp-content\/uploads\/2018\/03\/dragos-logo-lotus-black-400.svg\",\"width\":300,\"height\":150,\"caption\":\"Ovidiu Drago\u0219 Arge\u0219anu\"},\"image\":{\"@id\":\"https:\/\/www.ovidiudragosargesanu.ro\/en\/#\/schema\/logo\/image\/\"}}]}<\/script>\n<!-- \/ Yoast SEO plugin. -->","yoast_head_json":{"title":"Conferin\u021b\u0103: Trezirea spiritual\u0103 \u0219i con\u0219tiin\u021ba de sine - Ovidiu Drago\u0219 Arge\u0219anu","description":"Descoper\u0103 tainele trezirii spirituale \u00een conferin\u021ba \u201cTrezirea spiritual\u0103 \u0219i con\u0219tiin\u021ba de sine\u201d al\u0103turi de Dr. Drago\u0219 Arge\u0219anu. Afl\u0103 mai","robots":{"index":"noindex","follow":"follow","max-snippet":"max-snippet:-1","max-image-preview":"max-image-preview:large","max-video-preview":"max-video-preview:-1"},"og_locale":"en_US","og_type":"article","og_title":"Conferin\u021b\u0103: Trezirea spiritual\u0103 \u0219i con\u0219tiin\u021ba de sine - Ovidiu Drago\u0219 Arge\u0219anu","og_description":"Descoper\u0103 tainele trezirii spirituale \u00een conferin\u021ba \u201cTrezirea spiritual\u0103 \u0219i con\u0219tiin\u021ba de sine\u201d al\u0103turi de Dr. Drago\u0219 Arge\u0219anu. Afl\u0103 mai","og_url":"https:\/\/www.ovidiudragosargesanu.ro\/en\/shop\/conferinte-premium\/trezire-spirituala\/trezirea-spirituala-si-constiinta-de-sine-2\/","og_site_name":"Ovidiu Drago\u0219 Arge\u0219anu","article_modified_time":"2025-02-28T19:27:42+00:00","og_image":[{"width":600,"height":800,"url":"https:\/\/www.ovidiudragosargesanu.ro\/en\/wp-content\/uploads\/2023\/12\/Trezirea-spirituala-si-constiinta-de-sine-conferinta-1.png","type":"image\/png"}],"twitter_card":"summary_large_image","twitter_misc":{"Est. reading time":"1 minute"},"schema":{"@context":"https:\/\/schema.org","@graph":[{"@type":"WebPage","@id":"https:\/\/www.ovidiudragosargesanu.ro\/en\/shop\/conferinte-premium\/trezire-spirituala\/trezirea-spirituala-si-constiinta-de-sine-2\/","url":"https:\/\/www.ovidiudragosargesanu.ro\/en\/shop\/conferinte-premium\/trezire-spirituala\/trezirea-spirituala-si-constiinta-de-sine-2\/","name":"Conferin\u021b\u0103: Trezirea spiritual\u0103 \u0219i con\u0219tiin\u021ba de sine - Ovidiu Drago\u0219 Arge\u0219anu","isPartOf":{"@id":"https:\/\/www.ovidiudragosargesanu.ro\/en\/#website"},"primaryImageOfPage":{"@id":"https:\/\/www.ovidiudragosargesanu.ro\/en\/shop\/conferinte-premium\/trezire-spirituala\/trezirea-spirituala-si-constiinta-de-sine-2\/#primaryimage"},"image":{"@id":"https:\/\/www.ovidiudragosargesanu.ro\/en\/shop\/conferinte-premium\/trezire-spirituala\/trezirea-spirituala-si-constiinta-de-sine-2\/#primaryimage"},"thumbnailUrl":"https:\/\/www.ovidiudragosargesanu.ro\/en\/wp-content\/uploads\/2023\/12\/Trezirea-spirituala-si-constiinta-de-sine-conferinta-1.png","datePublished":"2023-12-06T03:58:09+00:00","dateModified":"2025-02-28T19:27:42+00:00","description":"Descoper\u0103 tainele trezirii spirituale \u00een conferin\u021ba \u201cTrezirea spiritual\u0103 \u0219i con\u0219tiin\u021ba de sine\u201d al\u0103turi de Dr. Drago\u0219 Arge\u0219anu. Afl\u0103 mai","breadcrumb":{"@id":"https:\/\/www.ovidiudragosargesanu.ro\/en\/shop\/conferinte-premium\/trezire-spirituala\/trezirea-spirituala-si-constiinta-de-sine-2\/#breadcrumb"},"inLanguage":"en-US","potentialAction":[{"@type":"ReadAction","target":["https:\/\/www.ovidiudragosargesanu.ro\/en\/shop\/conferinte-premium\/trezire-spirituala\/trezirea-spirituala-si-constiinta-de-sine-2\/"]}]},{"@type":"ImageObject","inLanguage":"en-US","@id":"https:\/\/www.ovidiudragosargesanu.ro\/en\/shop\/conferinte-premium\/trezire-spirituala\/trezirea-spirituala-si-constiinta-de-sine-2\/#primaryimage","url":"https:\/\/www.ovidiudragosargesanu.ro\/en\/wp-content\/uploads\/2023\/12\/Trezirea-spirituala-si-constiinta-de-sine-conferinta-1.png","contentUrl":"https:\/\/www.ovidiudragosargesanu.ro\/en\/wp-content\/uploads\/2023\/12\/Trezirea-spirituala-si-constiinta-de-sine-conferinta-1.png","width":600,"height":800},{"@type":"BreadcrumbList","@id":"https:\/\/www.ovidiudragosargesanu.ro\/en\/shop\/conferinte-premium\/trezire-spirituala\/trezirea-spirituala-si-constiinta-de-sine-2\/#breadcrumb","itemListElement":[{"@type":"ListItem","position":1,"name":"Prima pagin\u0103","item":"https:\/\/www.ovidiudragosargesanu.ro\/en\/"},{"@type":"ListItem","position":2,"name":"Shop","item":"https:\/\/www.ovidiudragosargesanu.ro\/en\/shop\/"},{"@type":"ListItem","position":3,"name":"Conferin\u021b\u0103: Trezirea spiritual\u0103 \u0219i con\u0219tiin\u021ba de sine"}]},{"@type":"WebSite","@id":"https:\/\/www.ovidiudragosargesanu.ro\/en\/#website","url":"https:\/\/www.ovidiudragosargesanu.ro\/en\/","name":"Ovidiu Drago\u0219 Arge\u0219anu","description":"","publisher":{"@id":"https:\/\/www.ovidiudragosargesanu.ro\/en\/#organization"},"potentialAction":[{"@type":"SearchAction","target":{"@type":"EntryPoint","urlTemplate":"https:\/\/www.ovidiudragosargesanu.ro\/en\/?s={search_term_string}"},"query-input":{"@type":"PropertyValueSpecification","valueRequired":true,"valueName":"search_term_string"}}],"inLanguage":"en-US"},{"@type":"Organization","@id":"https:\/\/www.ovidiudragosargesanu.ro\/en\/#organization","name":"Ovidiu Drago\u0219 Arge\u0219anu","url":"https:\/\/www.ovidiudragosargesanu.ro\/en\/","logo":{"@type":"ImageObject","inLanguage":"en-US","@id":"https:\/\/www.ovidiudragosargesanu.ro\/en\/#\/schema\/logo\/image\/","url":"https:\/\/www.ovidiudragosargesanu.ro\/en\/wp-content\/uploads\/2018\/03\/dragos-logo-lotus-black-400.svg","contentUrl":"https:\/\/www.ovidiudragosargesanu.ro\/en\/wp-content\/uploads\/2018\/03\/dragos-logo-lotus-black-400.svg","width":300,"height":150,"caption":"Ovidiu Drago\u0219 Arge\u0219anu"},"image":{"@id":"https:\/\/www.ovidiudragosargesanu.ro\/en\/#\/schema\/logo\/image\/"}}]}},"_links":{"self":[{"href":"https:\/\/www.ovidiudragosargesanu.ro\/en\/wp-json\/wp\/v2\/product\/4215","targetHints":{"allow":["GET"]}}],"collection":[{"href":"https:\/\/www.ovidiudragosargesanu.ro\/en\/wp-json\/wp\/v2\/product"}],"about":[{"href":"https:\/\/www.ovidiudragosargesanu.ro\/en\/wp-json\/wp\/v2\/types\/product"}],"version-history":[{"count":6,"href":"https:\/\/www.ovidiudragosargesanu.ro\/en\/wp-json\/wp\/v2\/product\/4215\/revisions"}],"predecessor-version":[{"id":26584,"href":"https:\/\/www.ovidiudragosargesanu.ro\/en\/wp-json\/wp\/v2\/product\/4215\/revisions\/26584"}],"wp:featuredmedia":[{"embeddable":true,"href":"https:\/\/www.ovidiudragosargesanu.ro\/en\/wp-json\/wp\/v2\/media\/4711"}],"wp:attachment":[{"href":"https:\/\/www.ovidiudragosargesanu.ro\/en\/wp-json\/wp\/v2\/media?parent=4215"}],"wp:term":[{"taxonomy":"product_brand","embeddable":true,"href":"https:\/\/www.ovidiudragosargesanu.ro\/en\/wp-json\/wp\/v2\/product_brand?post=4215"},{"taxonomy":"product_cat","embeddable":true,"href":"https:\/\/www.ovidiudragosargesanu.ro\/en\/wp-json\/wp\/v2\/product_cat?post=4215"},{"taxonomy":"product_tag","embeddable":true,"href":"https:\/\/www.ovidiudragosargesanu.ro\/en\/wp-json\/wp\/v2\/product_tag?post=4215"}],"curies":[{"name":"wp","href":"https:\/\/api.w.org\/{rel}","templated":true}]}}