{"id":4221,"date":"2023-12-06T06:14:25","date_gmt":"2023-12-06T04:14:25","guid":{"rendered":"https:\/\/www.ovidiudragosargesanu.ro\/?post_type=product&#038;p=4221"},"modified":"2025-02-28T21:27:22","modified_gmt":"2025-02-28T19:27:22","slug":"ierarhiile-ceresti-si-religiile-de-pe-planeta-terrra","status":"publish","type":"product","link":"https:\/\/www.ovidiudragosargesanu.ro\/en\/shop\/conferinte-premium\/supraconstiinta\/ierarhiile-ceresti-si-religiile-de-pe-planeta-terrra\/","title":{"rendered":"Conferin\u021b\u0103: Ierarhiile cere\u0219ti \u0219i religiile de pe planeta Terrra"},"content":{"rendered":"<p><span style=\"font-weight: 400;\">Urm\u0103re\u0219te conferin\u021ba \u201cIerarhiile cere\u0219ti \u0219i religiile de pe planeta Terrra\u201d sus\u021binut\u0103 de Dr. Ovidiu-Drago\u0219 Arge\u0219anu. Afl\u0103 mai multe despre ierarhii, un element prezent \u00een toate aspectele vie\u021bii noastre, at\u00e2t \u00een plan material, c\u00e2t \u0219i \u00een cel spiritual. Fiecare sistem, de la regnul animal \u0219i insecte, p\u00e2n\u0103 la structurile umane \u0219i familiale, are la baz\u0103 principii ierarhice. Pe P\u0103m\u00e2nt, suntem contemporanii fii ai Divinit\u0103\u021bii, \u00eengeri, extratere\u0219tri \u0219i Principii Divine. Cu apari\u021bia ierarhiei odat\u0103 cu lumina alb\u0103, anumite spirite au \u00een\u021beles gre\u0219elile \u00een mod diferit \u0219i nu au putut s\u0103 le transmit\u0103 celorlal\u021bi. Lumina apar\u021bine Dumnezeului Primordial, iar oamenii au dezvoltat lumini proprii, dar nu au atins nivelul din care Universul a pornit. \u00cen\u021belepciunea \u00eei separ\u0103 pe oameni de Dumnezeul Primordial, \u0219i orice \u00een\u021belegere gre\u0219it\u0103 sau impuritate \u00eempiedic\u0103 atingerea supracon\u0219tiin\u021bei. \u00cen timp, aceast\u0103 lumin\u0103 se epuizeaz\u0103, iar p\u0103r\u021bi din ei sunt trimise pe P\u0103m\u00e2nt sub forma de \u00eengeri pentru a cre\u0219te, \u00eenv\u0103\u021ba \u0219i produce aur spiritual pentru Dumnezeul de la nivelul originar.<\/span><\/p>\n","protected":false},"excerpt":{"rendered":"<p>ACCES NELIMITAT!<\/p>\n<p>Descoper\u0103 profunzimile ierarhiilor cere\u0219ti \u00een cadrul conferin\u021bei \u201cIerarhiile cere\u0219ti \u0219i religiile de pe planeta Terrra\u201d sus\u021binut\u0103 de Dr. Ovidiu-Drago\u0219 Arge\u0219anu \u0219i \u00een\u021belege originile, func\u021bionarea lor \u0219i modul \u00een care po\u021bi evolua \u0219i atinge supracon\u0219tiin\u021ba, explor\u00e2nd diversitatea religiilor de pe P\u0103m\u00e2nt \u0219i importan\u021ba \u00een\u021belegerii lor, toate acestea \u00een cadrul acestei conferin\u021be revelatoare.<\/p>\n","protected":false},"featured_media":4684,"template":"","meta":{"inline_featured_image":false},"product_brand":[],"product_cat":[604,693],"product_tag":[],"class_list":{"0":"post-4221","1":"product","2":"type-product","3":"status-publish","4":"has-post-thumbnail","6":"product_cat-conferinte-premium","7":"product_cat-supraconstiinta","9":"first","10":"instock","11":"virtual","12":"taxable","13":"purchasable","14":"product-type-simple"},"yoast_head":"<!-- This site is optimized with the Yoast SEO plugin v26.9 - https:\/\/yoast.com\/product\/yoast-seo-wordpress\/ -->\n<title>Conferin\u021b\u0103: Ierarhiile cere\u0219ti \u0219i religiile de pe planeta Terrra - Ovidiu Drago\u0219 Arge\u0219anu<\/title>\n<meta name=\"description\" content=\"Descoper\u0103 tainele ierarhiilor prezente \u00een toate aspectele vie\u021bii, at\u00e2t materiale, c\u00e2t \u0219i spirituale, urm\u0103rind conferin\u021ba \u201cIerarhiile cere\u0219ti \u0219i\" \/>\n<meta name=\"robots\" content=\"noindex, follow, max-snippet:-1, max-image-preview:large, max-video-preview:-1\" \/>\n<meta property=\"og:locale\" content=\"en_US\" \/>\n<meta property=\"og:type\" content=\"article\" \/>\n<meta property=\"og:title\" content=\"Conferin\u021b\u0103: Ierarhiile cere\u0219ti \u0219i religiile de pe planeta Terrra - Ovidiu Drago\u0219 Arge\u0219anu\" \/>\n<meta property=\"og:description\" content=\"Descoper\u0103 tainele ierarhiilor prezente \u00een toate aspectele vie\u021bii, at\u00e2t materiale, c\u00e2t \u0219i spirituale, urm\u0103rind conferin\u021ba \u201cIerarhiile cere\u0219ti \u0219i\" \/>\n<meta property=\"og:url\" content=\"https:\/\/www.ovidiudragosargesanu.ro\/en\/shop\/conferinte-premium\/supraconstiinta\/ierarhiile-ceresti-si-religiile-de-pe-planeta-terrra\/\" \/>\n<meta property=\"og:site_name\" content=\"Ovidiu Drago\u0219 Arge\u0219anu\" \/>\n<meta property=\"article:modified_time\" content=\"2025-02-28T19:27:22+00:00\" \/>\n<meta property=\"og:image\" content=\"https:\/\/www.ovidiudragosargesanu.ro\/en\/wp-content\/uploads\/2023\/12\/Ierarhiile-ceresti-si-religiile-conferinta.png\" \/>\n\t<meta property=\"og:image:width\" content=\"600\" \/>\n\t<meta property=\"og:image:height\" content=\"800\" \/>\n\t<meta property=\"og:image:type\" content=\"image\/png\" \/>\n<meta name=\"twitter:card\" content=\"summary_large_image\" \/>\n<meta name=\"twitter:label1\" content=\"Est. reading time\" \/>\n\t<meta name=\"twitter:data1\" content=\"2 minutes\" \/>\n<script type=\"application\/ld+json\" class=\"yoast-schema-graph\">{\"@context\":\"https:\/\/schema.org\",\"@graph\":[{\"@type\":\"WebPage\",\"@id\":\"https:\/\/www.ovidiudragosargesanu.ro\/en\/shop\/conferinte-premium\/supraconstiinta\/ierarhiile-ceresti-si-religiile-de-pe-planeta-terrra\/\",\"url\":\"https:\/\/www.ovidiudragosargesanu.ro\/en\/shop\/conferinte-premium\/supraconstiinta\/ierarhiile-ceresti-si-religiile-de-pe-planeta-terrra\/\",\"name\":\"Conferin\u021b\u0103: Ierarhiile cere\u0219ti \u0219i religiile de pe planeta Terrra - Ovidiu Drago\u0219 Arge\u0219anu\",\"isPartOf\":{\"@id\":\"https:\/\/www.ovidiudragosargesanu.ro\/en\/#website\"},\"primaryImageOfPage\":{\"@id\":\"https:\/\/www.ovidiudragosargesanu.ro\/en\/shop\/conferinte-premium\/supraconstiinta\/ierarhiile-ceresti-si-religiile-de-pe-planeta-terrra\/#primaryimage\"},\"image\":{\"@id\":\"https:\/\/www.ovidiudragosargesanu.ro\/en\/shop\/conferinte-premium\/supraconstiinta\/ierarhiile-ceresti-si-religiile-de-pe-planeta-terrra\/#primaryimage\"},\"thumbnailUrl\":\"https:\/\/www.ovidiudragosargesanu.ro\/en\/wp-content\/uploads\/2023\/12\/Ierarhiile-ceresti-si-religiile-conferinta.png\",\"datePublished\":\"2023-12-06T04:14:25+00:00\",\"dateModified\":\"2025-02-28T19:27:22+00:00\",\"description\":\"Descoper\u0103 tainele ierarhiilor prezente \u00een toate aspectele vie\u021bii, at\u00e2t materiale, c\u00e2t \u0219i spirituale, urm\u0103rind conferin\u021ba \u201cIerarhiile cere\u0219ti \u0219i\",\"breadcrumb\":{\"@id\":\"https:\/\/www.ovidiudragosargesanu.ro\/en\/shop\/conferinte-premium\/supraconstiinta\/ierarhiile-ceresti-si-religiile-de-pe-planeta-terrra\/#breadcrumb\"},\"inLanguage\":\"en-US\",\"potentialAction\":[{\"@type\":\"ReadAction\",\"target\":[\"https:\/\/www.ovidiudragosargesanu.ro\/en\/shop\/conferinte-premium\/supraconstiinta\/ierarhiile-ceresti-si-religiile-de-pe-planeta-terrra\/\"]}]},{\"@type\":\"ImageObject\",\"inLanguage\":\"en-US\",\"@id\":\"https:\/\/www.ovidiudragosargesanu.ro\/en\/shop\/conferinte-premium\/supraconstiinta\/ierarhiile-ceresti-si-religiile-de-pe-planeta-terrra\/#primaryimage\",\"url\":\"https:\/\/www.ovidiudragosargesanu.ro\/en\/wp-content\/uploads\/2023\/12\/Ierarhiile-ceresti-si-religiile-conferinta.png\",\"contentUrl\":\"https:\/\/www.ovidiudragosargesanu.ro\/en\/wp-content\/uploads\/2023\/12\/Ierarhiile-ceresti-si-religiile-conferinta.png\",\"width\":600,\"height\":800},{\"@type\":\"BreadcrumbList\",\"@id\":\"https:\/\/www.ovidiudragosargesanu.ro\/en\/shop\/conferinte-premium\/supraconstiinta\/ierarhiile-ceresti-si-religiile-de-pe-planeta-terrra\/#breadcrumb\",\"itemListElement\":[{\"@type\":\"ListItem\",\"position\":1,\"name\":\"Prima pagin\u0103\",\"item\":\"https:\/\/www.ovidiudragosargesanu.ro\/en\/\"},{\"@type\":\"ListItem\",\"position\":2,\"name\":\"Shop\",\"item\":\"https:\/\/www.ovidiudragosargesanu.ro\/en\/shop\/\"},{\"@type\":\"ListItem\",\"position\":3,\"name\":\"Conferin\u021b\u0103: Ierarhiile cere\u0219ti \u0219i religiile de pe planeta Terrra\"}]},{\"@type\":\"WebSite\",\"@id\":\"https:\/\/www.ovidiudragosargesanu.ro\/en\/#website\",\"url\":\"https:\/\/www.ovidiudragosargesanu.ro\/en\/\",\"name\":\"Ovidiu Drago\u0219 Arge\u0219anu\",\"description\":\"\",\"publisher\":{\"@id\":\"https:\/\/www.ovidiudragosargesanu.ro\/en\/#organization\"},\"potentialAction\":[{\"@type\":\"SearchAction\",\"target\":{\"@type\":\"EntryPoint\",\"urlTemplate\":\"https:\/\/www.ovidiudragosargesanu.ro\/en\/?s={search_term_string}\"},\"query-input\":{\"@type\":\"PropertyValueSpecification\",\"valueRequired\":true,\"valueName\":\"search_term_string\"}}],\"inLanguage\":\"en-US\"},{\"@type\":\"Organization\",\"@id\":\"https:\/\/www.ovidiudragosargesanu.ro\/en\/#organization\",\"name\":\"Ovidiu Drago\u0219 Arge\u0219anu\",\"url\":\"https:\/\/www.ovidiudragosargesanu.ro\/en\/\",\"logo\":{\"@type\":\"ImageObject\",\"inLanguage\":\"en-US\",\"@id\":\"https:\/\/www.ovidiudragosargesanu.ro\/en\/#\/schema\/logo\/image\/\",\"url\":\"https:\/\/www.ovidiudragosargesanu.ro\/en\/wp-content\/uploads\/2018\/03\/dragos-logo-lotus-black-400.svg\",\"contentUrl\":\"https:\/\/www.ovidiudragosargesanu.ro\/en\/wp-content\/uploads\/2018\/03\/dragos-logo-lotus-black-400.svg\",\"width\":300,\"height\":150,\"caption\":\"Ovidiu Drago\u0219 Arge\u0219anu\"},\"image\":{\"@id\":\"https:\/\/www.ovidiudragosargesanu.ro\/en\/#\/schema\/logo\/image\/\"}}]}<\/script>\n<!-- \/ Yoast SEO plugin. -->","yoast_head_json":{"title":"Conferin\u021b\u0103: Ierarhiile cere\u0219ti \u0219i religiile de pe planeta Terrra - Ovidiu Drago\u0219 Arge\u0219anu","description":"Descoper\u0103 tainele ierarhiilor prezente \u00een toate aspectele vie\u021bii, at\u00e2t materiale, c\u00e2t \u0219i spirituale, urm\u0103rind conferin\u021ba \u201cIerarhiile cere\u0219ti \u0219i","robots":{"index":"noindex","follow":"follow","max-snippet":"max-snippet:-1","max-image-preview":"max-image-preview:large","max-video-preview":"max-video-preview:-1"},"og_locale":"en_US","og_type":"article","og_title":"Conferin\u021b\u0103: Ierarhiile cere\u0219ti \u0219i religiile de pe planeta Terrra - Ovidiu Drago\u0219 Arge\u0219anu","og_description":"Descoper\u0103 tainele ierarhiilor prezente \u00een toate aspectele vie\u021bii, at\u00e2t materiale, c\u00e2t \u0219i spirituale, urm\u0103rind conferin\u021ba \u201cIerarhiile cere\u0219ti \u0219i","og_url":"https:\/\/www.ovidiudragosargesanu.ro\/en\/shop\/conferinte-premium\/supraconstiinta\/ierarhiile-ceresti-si-religiile-de-pe-planeta-terrra\/","og_site_name":"Ovidiu Drago\u0219 Arge\u0219anu","article_modified_time":"2025-02-28T19:27:22+00:00","og_image":[{"width":600,"height":800,"url":"https:\/\/www.ovidiudragosargesanu.ro\/en\/wp-content\/uploads\/2023\/12\/Ierarhiile-ceresti-si-religiile-conferinta.png","type":"image\/png"}],"twitter_card":"summary_large_image","twitter_misc":{"Est. reading time":"2 minutes"},"schema":{"@context":"https:\/\/schema.org","@graph":[{"@type":"WebPage","@id":"https:\/\/www.ovidiudragosargesanu.ro\/en\/shop\/conferinte-premium\/supraconstiinta\/ierarhiile-ceresti-si-religiile-de-pe-planeta-terrra\/","url":"https:\/\/www.ovidiudragosargesanu.ro\/en\/shop\/conferinte-premium\/supraconstiinta\/ierarhiile-ceresti-si-religiile-de-pe-planeta-terrra\/","name":"Conferin\u021b\u0103: Ierarhiile cere\u0219ti \u0219i religiile de pe planeta Terrra - Ovidiu Drago\u0219 Arge\u0219anu","isPartOf":{"@id":"https:\/\/www.ovidiudragosargesanu.ro\/en\/#website"},"primaryImageOfPage":{"@id":"https:\/\/www.ovidiudragosargesanu.ro\/en\/shop\/conferinte-premium\/supraconstiinta\/ierarhiile-ceresti-si-religiile-de-pe-planeta-terrra\/#primaryimage"},"image":{"@id":"https:\/\/www.ovidiudragosargesanu.ro\/en\/shop\/conferinte-premium\/supraconstiinta\/ierarhiile-ceresti-si-religiile-de-pe-planeta-terrra\/#primaryimage"},"thumbnailUrl":"https:\/\/www.ovidiudragosargesanu.ro\/en\/wp-content\/uploads\/2023\/12\/Ierarhiile-ceresti-si-religiile-conferinta.png","datePublished":"2023-12-06T04:14:25+00:00","dateModified":"2025-02-28T19:27:22+00:00","description":"Descoper\u0103 tainele ierarhiilor prezente \u00een toate aspectele vie\u021bii, at\u00e2t materiale, c\u00e2t \u0219i spirituale, urm\u0103rind conferin\u021ba \u201cIerarhiile cere\u0219ti \u0219i","breadcrumb":{"@id":"https:\/\/www.ovidiudragosargesanu.ro\/en\/shop\/conferinte-premium\/supraconstiinta\/ierarhiile-ceresti-si-religiile-de-pe-planeta-terrra\/#breadcrumb"},"inLanguage":"en-US","potentialAction":[{"@type":"ReadAction","target":["https:\/\/www.ovidiudragosargesanu.ro\/en\/shop\/conferinte-premium\/supraconstiinta\/ierarhiile-ceresti-si-religiile-de-pe-planeta-terrra\/"]}]},{"@type":"ImageObject","inLanguage":"en-US","@id":"https:\/\/www.ovidiudragosargesanu.ro\/en\/shop\/conferinte-premium\/supraconstiinta\/ierarhiile-ceresti-si-religiile-de-pe-planeta-terrra\/#primaryimage","url":"https:\/\/www.ovidiudragosargesanu.ro\/en\/wp-content\/uploads\/2023\/12\/Ierarhiile-ceresti-si-religiile-conferinta.png","contentUrl":"https:\/\/www.ovidiudragosargesanu.ro\/en\/wp-content\/uploads\/2023\/12\/Ierarhiile-ceresti-si-religiile-conferinta.png","width":600,"height":800},{"@type":"BreadcrumbList","@id":"https:\/\/www.ovidiudragosargesanu.ro\/en\/shop\/conferinte-premium\/supraconstiinta\/ierarhiile-ceresti-si-religiile-de-pe-planeta-terrra\/#breadcrumb","itemListElement":[{"@type":"ListItem","position":1,"name":"Prima pagin\u0103","item":"https:\/\/www.ovidiudragosargesanu.ro\/en\/"},{"@type":"ListItem","position":2,"name":"Shop","item":"https:\/\/www.ovidiudragosargesanu.ro\/en\/shop\/"},{"@type":"ListItem","position":3,"name":"Conferin\u021b\u0103: Ierarhiile cere\u0219ti \u0219i religiile de pe planeta Terrra"}]},{"@type":"WebSite","@id":"https:\/\/www.ovidiudragosargesanu.ro\/en\/#website","url":"https:\/\/www.ovidiudragosargesanu.ro\/en\/","name":"Ovidiu Drago\u0219 Arge\u0219anu","description":"","publisher":{"@id":"https:\/\/www.ovidiudragosargesanu.ro\/en\/#organization"},"potentialAction":[{"@type":"SearchAction","target":{"@type":"EntryPoint","urlTemplate":"https:\/\/www.ovidiudragosargesanu.ro\/en\/?s={search_term_string}"},"query-input":{"@type":"PropertyValueSpecification","valueRequired":true,"valueName":"search_term_string"}}],"inLanguage":"en-US"},{"@type":"Organization","@id":"https:\/\/www.ovidiudragosargesanu.ro\/en\/#organization","name":"Ovidiu Drago\u0219 Arge\u0219anu","url":"https:\/\/www.ovidiudragosargesanu.ro\/en\/","logo":{"@type":"ImageObject","inLanguage":"en-US","@id":"https:\/\/www.ovidiudragosargesanu.ro\/en\/#\/schema\/logo\/image\/","url":"https:\/\/www.ovidiudragosargesanu.ro\/en\/wp-content\/uploads\/2018\/03\/dragos-logo-lotus-black-400.svg","contentUrl":"https:\/\/www.ovidiudragosargesanu.ro\/en\/wp-content\/uploads\/2018\/03\/dragos-logo-lotus-black-400.svg","width":300,"height":150,"caption":"Ovidiu Drago\u0219 Arge\u0219anu"},"image":{"@id":"https:\/\/www.ovidiudragosargesanu.ro\/en\/#\/schema\/logo\/image\/"}}]}},"_links":{"self":[{"href":"https:\/\/www.ovidiudragosargesanu.ro\/en\/wp-json\/wp\/v2\/product\/4221","targetHints":{"allow":["GET"]}}],"collection":[{"href":"https:\/\/www.ovidiudragosargesanu.ro\/en\/wp-json\/wp\/v2\/product"}],"about":[{"href":"https:\/\/www.ovidiudragosargesanu.ro\/en\/wp-json\/wp\/v2\/types\/product"}],"version-history":[{"count":6,"href":"https:\/\/www.ovidiudragosargesanu.ro\/en\/wp-json\/wp\/v2\/product\/4221\/revisions"}],"predecessor-version":[{"id":26581,"href":"https:\/\/www.ovidiudragosargesanu.ro\/en\/wp-json\/wp\/v2\/product\/4221\/revisions\/26581"}],"wp:featuredmedia":[{"embeddable":true,"href":"https:\/\/www.ovidiudragosargesanu.ro\/en\/wp-json\/wp\/v2\/media\/4684"}],"wp:attachment":[{"href":"https:\/\/www.ovidiudragosargesanu.ro\/en\/wp-json\/wp\/v2\/media?parent=4221"}],"wp:term":[{"taxonomy":"product_brand","embeddable":true,"href":"https:\/\/www.ovidiudragosargesanu.ro\/en\/wp-json\/wp\/v2\/product_brand?post=4221"},{"taxonomy":"product_cat","embeddable":true,"href":"https:\/\/www.ovidiudragosargesanu.ro\/en\/wp-json\/wp\/v2\/product_cat?post=4221"},{"taxonomy":"product_tag","embeddable":true,"href":"https:\/\/www.ovidiudragosargesanu.ro\/en\/wp-json\/wp\/v2\/product_tag?post=4221"}],"curies":[{"name":"wp","href":"https:\/\/api.w.org\/{rel}","templated":true}]}}