{"id":4232,"date":"2023-12-06T06:20:39","date_gmt":"2023-12-06T04:20:39","guid":{"rendered":"https:\/\/www.ovidiudragosargesanu.ro\/?post_type=product&#038;p=4232"},"modified":"2025-02-28T21:26:00","modified_gmt":"2025-02-28T19:26:00","slug":"misiunea-personala-in-evolutia-spirituala","status":"publish","type":"product","link":"https:\/\/www.ovidiudragosargesanu.ro\/en\/shop\/conferinte-premium\/misiune-personala\/misiunea-personala-in-evolutia-spirituala\/","title":{"rendered":"Conferin\u021b\u0103: Misiunea personal\u0103 \u00een evolu\u021bia spiritual\u0103"},"content":{"rendered":"<p><span style=\"font-weight: 400;\">Misiunea personal\u0103 te ghideaz\u0103 c\u0103tre ceea ce trebuie s\u0103 faci \u00een lume. Aceasta poate fi legat\u0103 de job, rela\u021bii, locuin\u021b\u0103 sau chiar de a deveni p\u0103rinte. Alegerea \u00een\u021beleapt\u0103, sus\u021binut\u0103 de experien\u021b\u0103 \u0219i experiment, face diferen\u021ba. \u00cenva\u021b\u0103 din conferin\u021ba \u201cMisiunea personal\u0103 \u00een evolu\u021bia spiritual\u0103\u201c sus\u021binut\u0103 de Dr. Ovidiu-Drago\u0219 Arge\u0219anu s\u0103 nu-\u021bi mai fie team\u0103 de gre\u0219eli, deoarece \u00een\u021belegerea lor \u00ee\u021bi va aduce superioritate, oferindu-\u021bi cuno\u0219tin\u021be \u0219i \u00eencredere \u00een alegerile viitoare.<\/span><\/p>\n","protected":false},"excerpt":{"rendered":"<p>ACCES NELIMITAT!<\/p>\n<p>Conferin\u021ba \u201cMisiunea personal\u0103 \u00een evolu\u021bia spiritual\u0103\u201c sus\u021binut\u0103 de Dr. Ovidiu-Drago\u0219 Arge\u0219anu dezv\u0103luie originile misiunii personale, oferind ghidare despre cum s\u0103 o identifici \u0219i explor\u00e2nd diversitatea tipurilor de misiuni. Descoper\u0103 vizion\u00e2nd aceast\u0103 conferin\u021b\u0103 captivant\u0103 c\u00e2t de esen\u021bial\u0103 este misiunea personal\u0103 \u00een evolu\u021bia spiritual\u0103 \u0219i cum aceasta poate aduce beneficii semnificative \u00een c\u0103l\u0103toria ta de cre\u0219tere personal\u0103 \u0219i \u00een\u021belegere spiritual\u0103.<\/p>\n","protected":false},"featured_media":4680,"template":"","meta":{"inline_featured_image":false},"product_brand":[],"product_cat":[604,694],"product_tag":[],"class_list":{"0":"post-4232","1":"product","2":"type-product","3":"status-publish","4":"has-post-thumbnail","6":"product_cat-conferinte-premium","7":"product_cat-misiune-personala","9":"first","10":"instock","11":"virtual","12":"taxable","13":"purchasable","14":"product-type-simple"},"yoast_head":"<!-- This site is optimized with the Yoast SEO plugin v26.9 - https:\/\/yoast.com\/product\/yoast-seo-wordpress\/ -->\n<title>Conferin\u021b\u0103: Misiunea personal\u0103 \u00een evolu\u021bia spiritual\u0103 - Ovidiu Drago\u0219 Arge\u0219anu<\/title>\n<meta name=\"description\" content=\"Afl\u0103 mai multe despre misiunea ta personal\u0103 \u00een cadrul conferin\u021bei sus\u021binut\u0103 de Dr. Ovidiu-Drago\u0219 Arge\u0219anu. Misiunea personal\u0103 te \u00eendrum\u0103\" \/>\n<meta name=\"robots\" content=\"noindex, follow, max-snippet:-1, max-image-preview:large, max-video-preview:-1\" \/>\n<meta property=\"og:locale\" content=\"en_US\" \/>\n<meta property=\"og:type\" content=\"article\" \/>\n<meta property=\"og:title\" content=\"Conferin\u021b\u0103: Misiunea personal\u0103 \u00een evolu\u021bia spiritual\u0103 - Ovidiu Drago\u0219 Arge\u0219anu\" \/>\n<meta property=\"og:description\" content=\"Afl\u0103 mai multe despre misiunea ta personal\u0103 \u00een cadrul conferin\u021bei sus\u021binut\u0103 de Dr. Ovidiu-Drago\u0219 Arge\u0219anu. Misiunea personal\u0103 te \u00eendrum\u0103\" \/>\n<meta property=\"og:url\" content=\"https:\/\/www.ovidiudragosargesanu.ro\/en\/shop\/conferinte-premium\/misiune-personala\/misiunea-personala-in-evolutia-spirituala\/\" \/>\n<meta property=\"og:site_name\" content=\"Ovidiu Drago\u0219 Arge\u0219anu\" \/>\n<meta property=\"article:modified_time\" content=\"2025-02-28T19:26:00+00:00\" \/>\n<meta property=\"og:image\" content=\"https:\/\/www.ovidiudragosargesanu.ro\/en\/wp-content\/uploads\/2023\/12\/Misiunea-personala-in-evolutia-spirituala-Conferita-1.png\" \/>\n\t<meta property=\"og:image:width\" content=\"600\" \/>\n\t<meta property=\"og:image:height\" content=\"800\" \/>\n\t<meta property=\"og:image:type\" content=\"image\/png\" \/>\n<meta name=\"twitter:card\" content=\"summary_large_image\" \/>\n<meta name=\"twitter:label1\" content=\"Est. reading time\" \/>\n\t<meta name=\"twitter:data1\" content=\"1 minute\" \/>\n<script type=\"application\/ld+json\" class=\"yoast-schema-graph\">{\"@context\":\"https:\/\/schema.org\",\"@graph\":[{\"@type\":\"WebPage\",\"@id\":\"https:\/\/www.ovidiudragosargesanu.ro\/en\/shop\/conferinte-premium\/misiune-personala\/misiunea-personala-in-evolutia-spirituala\/\",\"url\":\"https:\/\/www.ovidiudragosargesanu.ro\/en\/shop\/conferinte-premium\/misiune-personala\/misiunea-personala-in-evolutia-spirituala\/\",\"name\":\"Conferin\u021b\u0103: Misiunea personal\u0103 \u00een evolu\u021bia spiritual\u0103 - Ovidiu Drago\u0219 Arge\u0219anu\",\"isPartOf\":{\"@id\":\"https:\/\/www.ovidiudragosargesanu.ro\/en\/#website\"},\"primaryImageOfPage\":{\"@id\":\"https:\/\/www.ovidiudragosargesanu.ro\/en\/shop\/conferinte-premium\/misiune-personala\/misiunea-personala-in-evolutia-spirituala\/#primaryimage\"},\"image\":{\"@id\":\"https:\/\/www.ovidiudragosargesanu.ro\/en\/shop\/conferinte-premium\/misiune-personala\/misiunea-personala-in-evolutia-spirituala\/#primaryimage\"},\"thumbnailUrl\":\"https:\/\/www.ovidiudragosargesanu.ro\/en\/wp-content\/uploads\/2023\/12\/Misiunea-personala-in-evolutia-spirituala-Conferita-1.png\",\"datePublished\":\"2023-12-06T04:20:39+00:00\",\"dateModified\":\"2025-02-28T19:26:00+00:00\",\"description\":\"Afl\u0103 mai multe despre misiunea ta personal\u0103 \u00een cadrul conferin\u021bei sus\u021binut\u0103 de Dr. Ovidiu-Drago\u0219 Arge\u0219anu. Misiunea personal\u0103 te \u00eendrum\u0103\",\"breadcrumb\":{\"@id\":\"https:\/\/www.ovidiudragosargesanu.ro\/en\/shop\/conferinte-premium\/misiune-personala\/misiunea-personala-in-evolutia-spirituala\/#breadcrumb\"},\"inLanguage\":\"en-US\",\"potentialAction\":[{\"@type\":\"ReadAction\",\"target\":[\"https:\/\/www.ovidiudragosargesanu.ro\/en\/shop\/conferinte-premium\/misiune-personala\/misiunea-personala-in-evolutia-spirituala\/\"]}]},{\"@type\":\"ImageObject\",\"inLanguage\":\"en-US\",\"@id\":\"https:\/\/www.ovidiudragosargesanu.ro\/en\/shop\/conferinte-premium\/misiune-personala\/misiunea-personala-in-evolutia-spirituala\/#primaryimage\",\"url\":\"https:\/\/www.ovidiudragosargesanu.ro\/en\/wp-content\/uploads\/2023\/12\/Misiunea-personala-in-evolutia-spirituala-Conferita-1.png\",\"contentUrl\":\"https:\/\/www.ovidiudragosargesanu.ro\/en\/wp-content\/uploads\/2023\/12\/Misiunea-personala-in-evolutia-spirituala-Conferita-1.png\",\"width\":600,\"height\":800},{\"@type\":\"BreadcrumbList\",\"@id\":\"https:\/\/www.ovidiudragosargesanu.ro\/en\/shop\/conferinte-premium\/misiune-personala\/misiunea-personala-in-evolutia-spirituala\/#breadcrumb\",\"itemListElement\":[{\"@type\":\"ListItem\",\"position\":1,\"name\":\"Prima pagin\u0103\",\"item\":\"https:\/\/www.ovidiudragosargesanu.ro\/en\/\"},{\"@type\":\"ListItem\",\"position\":2,\"name\":\"Shop\",\"item\":\"https:\/\/www.ovidiudragosargesanu.ro\/en\/shop\/\"},{\"@type\":\"ListItem\",\"position\":3,\"name\":\"Conferin\u021b\u0103: Misiunea personal\u0103 \u00een evolu\u021bia spiritual\u0103\"}]},{\"@type\":\"WebSite\",\"@id\":\"https:\/\/www.ovidiudragosargesanu.ro\/en\/#website\",\"url\":\"https:\/\/www.ovidiudragosargesanu.ro\/en\/\",\"name\":\"Ovidiu Drago\u0219 Arge\u0219anu\",\"description\":\"\",\"publisher\":{\"@id\":\"https:\/\/www.ovidiudragosargesanu.ro\/en\/#organization\"},\"potentialAction\":[{\"@type\":\"SearchAction\",\"target\":{\"@type\":\"EntryPoint\",\"urlTemplate\":\"https:\/\/www.ovidiudragosargesanu.ro\/en\/?s={search_term_string}\"},\"query-input\":{\"@type\":\"PropertyValueSpecification\",\"valueRequired\":true,\"valueName\":\"search_term_string\"}}],\"inLanguage\":\"en-US\"},{\"@type\":\"Organization\",\"@id\":\"https:\/\/www.ovidiudragosargesanu.ro\/en\/#organization\",\"name\":\"Ovidiu Drago\u0219 Arge\u0219anu\",\"url\":\"https:\/\/www.ovidiudragosargesanu.ro\/en\/\",\"logo\":{\"@type\":\"ImageObject\",\"inLanguage\":\"en-US\",\"@id\":\"https:\/\/www.ovidiudragosargesanu.ro\/en\/#\/schema\/logo\/image\/\",\"url\":\"https:\/\/www.ovidiudragosargesanu.ro\/en\/wp-content\/uploads\/2018\/03\/dragos-logo-lotus-black-400.svg\",\"contentUrl\":\"https:\/\/www.ovidiudragosargesanu.ro\/en\/wp-content\/uploads\/2018\/03\/dragos-logo-lotus-black-400.svg\",\"width\":300,\"height\":150,\"caption\":\"Ovidiu Drago\u0219 Arge\u0219anu\"},\"image\":{\"@id\":\"https:\/\/www.ovidiudragosargesanu.ro\/en\/#\/schema\/logo\/image\/\"}}]}<\/script>\n<!-- \/ Yoast SEO plugin. -->","yoast_head_json":{"title":"Conferin\u021b\u0103: Misiunea personal\u0103 \u00een evolu\u021bia spiritual\u0103 - Ovidiu Drago\u0219 Arge\u0219anu","description":"Afl\u0103 mai multe despre misiunea ta personal\u0103 \u00een cadrul conferin\u021bei sus\u021binut\u0103 de Dr. Ovidiu-Drago\u0219 Arge\u0219anu. Misiunea personal\u0103 te \u00eendrum\u0103","robots":{"index":"noindex","follow":"follow","max-snippet":"max-snippet:-1","max-image-preview":"max-image-preview:large","max-video-preview":"max-video-preview:-1"},"og_locale":"en_US","og_type":"article","og_title":"Conferin\u021b\u0103: Misiunea personal\u0103 \u00een evolu\u021bia spiritual\u0103 - Ovidiu Drago\u0219 Arge\u0219anu","og_description":"Afl\u0103 mai multe despre misiunea ta personal\u0103 \u00een cadrul conferin\u021bei sus\u021binut\u0103 de Dr. Ovidiu-Drago\u0219 Arge\u0219anu. Misiunea personal\u0103 te \u00eendrum\u0103","og_url":"https:\/\/www.ovidiudragosargesanu.ro\/en\/shop\/conferinte-premium\/misiune-personala\/misiunea-personala-in-evolutia-spirituala\/","og_site_name":"Ovidiu Drago\u0219 Arge\u0219anu","article_modified_time":"2025-02-28T19:26:00+00:00","og_image":[{"width":600,"height":800,"url":"https:\/\/www.ovidiudragosargesanu.ro\/en\/wp-content\/uploads\/2023\/12\/Misiunea-personala-in-evolutia-spirituala-Conferita-1.png","type":"image\/png"}],"twitter_card":"summary_large_image","twitter_misc":{"Est. reading time":"1 minute"},"schema":{"@context":"https:\/\/schema.org","@graph":[{"@type":"WebPage","@id":"https:\/\/www.ovidiudragosargesanu.ro\/en\/shop\/conferinte-premium\/misiune-personala\/misiunea-personala-in-evolutia-spirituala\/","url":"https:\/\/www.ovidiudragosargesanu.ro\/en\/shop\/conferinte-premium\/misiune-personala\/misiunea-personala-in-evolutia-spirituala\/","name":"Conferin\u021b\u0103: Misiunea personal\u0103 \u00een evolu\u021bia spiritual\u0103 - Ovidiu Drago\u0219 Arge\u0219anu","isPartOf":{"@id":"https:\/\/www.ovidiudragosargesanu.ro\/en\/#website"},"primaryImageOfPage":{"@id":"https:\/\/www.ovidiudragosargesanu.ro\/en\/shop\/conferinte-premium\/misiune-personala\/misiunea-personala-in-evolutia-spirituala\/#primaryimage"},"image":{"@id":"https:\/\/www.ovidiudragosargesanu.ro\/en\/shop\/conferinte-premium\/misiune-personala\/misiunea-personala-in-evolutia-spirituala\/#primaryimage"},"thumbnailUrl":"https:\/\/www.ovidiudragosargesanu.ro\/en\/wp-content\/uploads\/2023\/12\/Misiunea-personala-in-evolutia-spirituala-Conferita-1.png","datePublished":"2023-12-06T04:20:39+00:00","dateModified":"2025-02-28T19:26:00+00:00","description":"Afl\u0103 mai multe despre misiunea ta personal\u0103 \u00een cadrul conferin\u021bei sus\u021binut\u0103 de Dr. Ovidiu-Drago\u0219 Arge\u0219anu. Misiunea personal\u0103 te \u00eendrum\u0103","breadcrumb":{"@id":"https:\/\/www.ovidiudragosargesanu.ro\/en\/shop\/conferinte-premium\/misiune-personala\/misiunea-personala-in-evolutia-spirituala\/#breadcrumb"},"inLanguage":"en-US","potentialAction":[{"@type":"ReadAction","target":["https:\/\/www.ovidiudragosargesanu.ro\/en\/shop\/conferinte-premium\/misiune-personala\/misiunea-personala-in-evolutia-spirituala\/"]}]},{"@type":"ImageObject","inLanguage":"en-US","@id":"https:\/\/www.ovidiudragosargesanu.ro\/en\/shop\/conferinte-premium\/misiune-personala\/misiunea-personala-in-evolutia-spirituala\/#primaryimage","url":"https:\/\/www.ovidiudragosargesanu.ro\/en\/wp-content\/uploads\/2023\/12\/Misiunea-personala-in-evolutia-spirituala-Conferita-1.png","contentUrl":"https:\/\/www.ovidiudragosargesanu.ro\/en\/wp-content\/uploads\/2023\/12\/Misiunea-personala-in-evolutia-spirituala-Conferita-1.png","width":600,"height":800},{"@type":"BreadcrumbList","@id":"https:\/\/www.ovidiudragosargesanu.ro\/en\/shop\/conferinte-premium\/misiune-personala\/misiunea-personala-in-evolutia-spirituala\/#breadcrumb","itemListElement":[{"@type":"ListItem","position":1,"name":"Prima pagin\u0103","item":"https:\/\/www.ovidiudragosargesanu.ro\/en\/"},{"@type":"ListItem","position":2,"name":"Shop","item":"https:\/\/www.ovidiudragosargesanu.ro\/en\/shop\/"},{"@type":"ListItem","position":3,"name":"Conferin\u021b\u0103: Misiunea personal\u0103 \u00een evolu\u021bia spiritual\u0103"}]},{"@type":"WebSite","@id":"https:\/\/www.ovidiudragosargesanu.ro\/en\/#website","url":"https:\/\/www.ovidiudragosargesanu.ro\/en\/","name":"Ovidiu Drago\u0219 Arge\u0219anu","description":"","publisher":{"@id":"https:\/\/www.ovidiudragosargesanu.ro\/en\/#organization"},"potentialAction":[{"@type":"SearchAction","target":{"@type":"EntryPoint","urlTemplate":"https:\/\/www.ovidiudragosargesanu.ro\/en\/?s={search_term_string}"},"query-input":{"@type":"PropertyValueSpecification","valueRequired":true,"valueName":"search_term_string"}}],"inLanguage":"en-US"},{"@type":"Organization","@id":"https:\/\/www.ovidiudragosargesanu.ro\/en\/#organization","name":"Ovidiu Drago\u0219 Arge\u0219anu","url":"https:\/\/www.ovidiudragosargesanu.ro\/en\/","logo":{"@type":"ImageObject","inLanguage":"en-US","@id":"https:\/\/www.ovidiudragosargesanu.ro\/en\/#\/schema\/logo\/image\/","url":"https:\/\/www.ovidiudragosargesanu.ro\/en\/wp-content\/uploads\/2018\/03\/dragos-logo-lotus-black-400.svg","contentUrl":"https:\/\/www.ovidiudragosargesanu.ro\/en\/wp-content\/uploads\/2018\/03\/dragos-logo-lotus-black-400.svg","width":300,"height":150,"caption":"Ovidiu Drago\u0219 Arge\u0219anu"},"image":{"@id":"https:\/\/www.ovidiudragosargesanu.ro\/en\/#\/schema\/logo\/image\/"}}]}},"_links":{"self":[{"href":"https:\/\/www.ovidiudragosargesanu.ro\/en\/wp-json\/wp\/v2\/product\/4232","targetHints":{"allow":["GET"]}}],"collection":[{"href":"https:\/\/www.ovidiudragosargesanu.ro\/en\/wp-json\/wp\/v2\/product"}],"about":[{"href":"https:\/\/www.ovidiudragosargesanu.ro\/en\/wp-json\/wp\/v2\/types\/product"}],"version-history":[{"count":6,"href":"https:\/\/www.ovidiudragosargesanu.ro\/en\/wp-json\/wp\/v2\/product\/4232\/revisions"}],"predecessor-version":[{"id":26578,"href":"https:\/\/www.ovidiudragosargesanu.ro\/en\/wp-json\/wp\/v2\/product\/4232\/revisions\/26578"}],"wp:featuredmedia":[{"embeddable":true,"href":"https:\/\/www.ovidiudragosargesanu.ro\/en\/wp-json\/wp\/v2\/media\/4680"}],"wp:attachment":[{"href":"https:\/\/www.ovidiudragosargesanu.ro\/en\/wp-json\/wp\/v2\/media?parent=4232"}],"wp:term":[{"taxonomy":"product_brand","embeddable":true,"href":"https:\/\/www.ovidiudragosargesanu.ro\/en\/wp-json\/wp\/v2\/product_brand?post=4232"},{"taxonomy":"product_cat","embeddable":true,"href":"https:\/\/www.ovidiudragosargesanu.ro\/en\/wp-json\/wp\/v2\/product_cat?post=4232"},{"taxonomy":"product_tag","embeddable":true,"href":"https:\/\/www.ovidiudragosargesanu.ro\/en\/wp-json\/wp\/v2\/product_tag?post=4232"}],"curies":[{"name":"wp","href":"https:\/\/api.w.org\/{rel}","templated":true}]}}