{"id":4248,"date":"2023-12-06T06:36:56","date_gmt":"2023-12-06T04:36:56","guid":{"rendered":"https:\/\/www.ovidiudragosargesanu.ro\/?post_type=product&#038;p=4248"},"modified":"2025-02-28T21:25:13","modified_gmt":"2025-02-28T19:25:13","slug":"puterea-interioara-cum-o-accesez-si-cum-o-cresc","status":"publish","type":"product","link":"https:\/\/www.ovidiudragosargesanu.ro\/en\/shop\/conferinte-premium\/trezire-spirituala\/puterea-interioara-cum-o-accesez-si-cum-o-cresc\/","title":{"rendered":"Conferin\u021b\u0103: Puterea Interioar\u0103 &#8211; cum o accesez \u0219i cum o cresc"},"content":{"rendered":"<p><span style=\"font-weight: 400;\">La baza puterii interioare stau multiple aspecte. Suntem alc\u0103tui\u021bi la nivel de sine din p\u0103rticule, energie, informa\u021bie \u0219i spirit. \u00cen \u00eent\u00e2lnirile cu persoane de v\u00e2rste astrale diferite, se pot manifesta influen\u021be \u0219i provoc\u0103ri, cum ar fi gestionarea energiilor negative. Aceasta reprezint\u0103 o form\u0103 de cre\u0219tere spiritual\u0103, unde \u00eenv\u0103\u021b\u0103m s\u0103 st\u0103p\u00e2nim diversele aspecte ale vie\u021bii. Importan\u021ba alimenta\u021biei, g\u00e2ndirii pozitive, rug\u0103ciunii, activit\u0103\u021bii sportive \u0219i rela\u021biilor interpersonale contribuie la aceast\u0103 evolu\u021bie. \u00cenva\u021b\u0103 urm\u0103rind conferin\u021ba \u201cPuterea Interioar\u0103 &#8211; cum o accesez \u0219i cum o cresc\u201c sus\u021binut\u0103 de Dr. Drago\u0219-Ovidiu Arge\u0219anu, s\u0103 cre\u0219ti mai \u00eent\u00e2i \u00een \u00een\u021belepciune \u0219i apoi \u00een putere, c\u0103ut\u00e2nd \u00eendrumare \u0219i av\u00e2nd \u00eencredere \u00een inten\u021bia divin\u0103 de a-\u021bi cre\u0219te \u00een\u021belepciunea \u0219i puterea.<\/span><\/p>\n","protected":false},"excerpt":{"rendered":"<p>ACCES NELIMITAT!<\/p>\n<p>Prin vizionarea conferin\u021bei \u201cPuterea Interioar\u0103 &#8211; cum o accesez \u0219i cum o cresc\u201c sus\u021binut\u0103 de Dr. Ovidiu-Drago\u0219 Arge\u0219anu, vei descoperi semnifica\u021bia puterii interioare \u0219i vei beneficia de metode practice pentru a o dezvolta \u00een mod eficient \u00een via\u021ba ta.<\/p>\n","protected":false},"featured_media":4709,"template":"","meta":{"inline_featured_image":false},"product_brand":[],"product_cat":[604,691],"product_tag":[],"class_list":{"0":"post-4248","1":"product","2":"type-product","3":"status-publish","4":"has-post-thumbnail","6":"product_cat-conferinte-premium","7":"product_cat-trezire-spirituala","9":"first","10":"instock","11":"virtual","12":"taxable","13":"purchasable","14":"product-type-simple"},"yoast_head":"<!-- This site is optimized with the Yoast SEO plugin v26.9 - https:\/\/yoast.com\/product\/yoast-seo-wordpress\/ -->\n<title>Conferin\u021b\u0103: Puterea Interioar\u0103 - cum o accesez \u0219i cum o cresc - Ovidiu Drago\u0219 Arge\u0219anu<\/title>\n<meta name=\"description\" content=\"Cunoa\u0219te-\u021bi puerea interioar\u0103 \u00een cadrul conferin\u021bei Puterea Interioar\u0103 - cum o accesez \u0219i cum o cresc de Dr. Ovidiu-Drago\u0219 Arge\u0219anu.\" \/>\n<meta name=\"robots\" content=\"noindex, follow, max-snippet:-1, max-image-preview:large, max-video-preview:-1\" \/>\n<meta property=\"og:locale\" content=\"en_US\" \/>\n<meta property=\"og:type\" content=\"article\" \/>\n<meta property=\"og:title\" content=\"Conferin\u021b\u0103: Puterea Interioar\u0103 - cum o accesez \u0219i cum o cresc - Ovidiu Drago\u0219 Arge\u0219anu\" \/>\n<meta property=\"og:description\" content=\"Cunoa\u0219te-\u021bi puerea interioar\u0103 \u00een cadrul conferin\u021bei Puterea Interioar\u0103 - cum o accesez \u0219i cum o cresc de Dr. Ovidiu-Drago\u0219 Arge\u0219anu.\" \/>\n<meta property=\"og:url\" content=\"https:\/\/www.ovidiudragosargesanu.ro\/en\/shop\/conferinte-premium\/trezire-spirituala\/puterea-interioara-cum-o-accesez-si-cum-o-cresc\/\" \/>\n<meta property=\"og:site_name\" content=\"Ovidiu Drago\u0219 Arge\u0219anu\" \/>\n<meta property=\"article:modified_time\" content=\"2025-02-28T19:25:13+00:00\" \/>\n<meta property=\"og:image\" content=\"https:\/\/www.ovidiudragosargesanu.ro\/en\/wp-content\/uploads\/2023\/12\/Puterea-interioara-Conferinta.png\" \/>\n\t<meta property=\"og:image:width\" content=\"600\" \/>\n\t<meta property=\"og:image:height\" content=\"800\" \/>\n\t<meta property=\"og:image:type\" content=\"image\/png\" \/>\n<meta name=\"twitter:card\" content=\"summary_large_image\" \/>\n<meta name=\"twitter:label1\" content=\"Est. reading time\" \/>\n\t<meta name=\"twitter:data1\" content=\"1 minute\" \/>\n<script type=\"application\/ld+json\" class=\"yoast-schema-graph\">{\"@context\":\"https:\/\/schema.org\",\"@graph\":[{\"@type\":\"WebPage\",\"@id\":\"https:\/\/www.ovidiudragosargesanu.ro\/en\/shop\/conferinte-premium\/trezire-spirituala\/puterea-interioara-cum-o-accesez-si-cum-o-cresc\/\",\"url\":\"https:\/\/www.ovidiudragosargesanu.ro\/en\/shop\/conferinte-premium\/trezire-spirituala\/puterea-interioara-cum-o-accesez-si-cum-o-cresc\/\",\"name\":\"Conferin\u021b\u0103: Puterea Interioar\u0103 - cum o accesez \u0219i cum o cresc - Ovidiu Drago\u0219 Arge\u0219anu\",\"isPartOf\":{\"@id\":\"https:\/\/www.ovidiudragosargesanu.ro\/en\/#website\"},\"primaryImageOfPage\":{\"@id\":\"https:\/\/www.ovidiudragosargesanu.ro\/en\/shop\/conferinte-premium\/trezire-spirituala\/puterea-interioara-cum-o-accesez-si-cum-o-cresc\/#primaryimage\"},\"image\":{\"@id\":\"https:\/\/www.ovidiudragosargesanu.ro\/en\/shop\/conferinte-premium\/trezire-spirituala\/puterea-interioara-cum-o-accesez-si-cum-o-cresc\/#primaryimage\"},\"thumbnailUrl\":\"https:\/\/www.ovidiudragosargesanu.ro\/en\/wp-content\/uploads\/2023\/12\/Puterea-interioara-Conferinta.png\",\"datePublished\":\"2023-12-06T04:36:56+00:00\",\"dateModified\":\"2025-02-28T19:25:13+00:00\",\"description\":\"Cunoa\u0219te-\u021bi puerea interioar\u0103 \u00een cadrul conferin\u021bei Puterea Interioar\u0103 - cum o accesez \u0219i cum o cresc de Dr. Ovidiu-Drago\u0219 Arge\u0219anu.\",\"breadcrumb\":{\"@id\":\"https:\/\/www.ovidiudragosargesanu.ro\/en\/shop\/conferinte-premium\/trezire-spirituala\/puterea-interioara-cum-o-accesez-si-cum-o-cresc\/#breadcrumb\"},\"inLanguage\":\"en-US\",\"potentialAction\":[{\"@type\":\"ReadAction\",\"target\":[\"https:\/\/www.ovidiudragosargesanu.ro\/en\/shop\/conferinte-premium\/trezire-spirituala\/puterea-interioara-cum-o-accesez-si-cum-o-cresc\/\"]}]},{\"@type\":\"ImageObject\",\"inLanguage\":\"en-US\",\"@id\":\"https:\/\/www.ovidiudragosargesanu.ro\/en\/shop\/conferinte-premium\/trezire-spirituala\/puterea-interioara-cum-o-accesez-si-cum-o-cresc\/#primaryimage\",\"url\":\"https:\/\/www.ovidiudragosargesanu.ro\/en\/wp-content\/uploads\/2023\/12\/Puterea-interioara-Conferinta.png\",\"contentUrl\":\"https:\/\/www.ovidiudragosargesanu.ro\/en\/wp-content\/uploads\/2023\/12\/Puterea-interioara-Conferinta.png\",\"width\":600,\"height\":800},{\"@type\":\"BreadcrumbList\",\"@id\":\"https:\/\/www.ovidiudragosargesanu.ro\/en\/shop\/conferinte-premium\/trezire-spirituala\/puterea-interioara-cum-o-accesez-si-cum-o-cresc\/#breadcrumb\",\"itemListElement\":[{\"@type\":\"ListItem\",\"position\":1,\"name\":\"Prima pagin\u0103\",\"item\":\"https:\/\/www.ovidiudragosargesanu.ro\/en\/\"},{\"@type\":\"ListItem\",\"position\":2,\"name\":\"Shop\",\"item\":\"https:\/\/www.ovidiudragosargesanu.ro\/en\/shop\/\"},{\"@type\":\"ListItem\",\"position\":3,\"name\":\"Conferin\u021b\u0103: Puterea Interioar\u0103 &#8211; cum o accesez \u0219i cum o cresc\"}]},{\"@type\":\"WebSite\",\"@id\":\"https:\/\/www.ovidiudragosargesanu.ro\/en\/#website\",\"url\":\"https:\/\/www.ovidiudragosargesanu.ro\/en\/\",\"name\":\"Ovidiu Drago\u0219 Arge\u0219anu\",\"description\":\"\",\"publisher\":{\"@id\":\"https:\/\/www.ovidiudragosargesanu.ro\/en\/#organization\"},\"potentialAction\":[{\"@type\":\"SearchAction\",\"target\":{\"@type\":\"EntryPoint\",\"urlTemplate\":\"https:\/\/www.ovidiudragosargesanu.ro\/en\/?s={search_term_string}\"},\"query-input\":{\"@type\":\"PropertyValueSpecification\",\"valueRequired\":true,\"valueName\":\"search_term_string\"}}],\"inLanguage\":\"en-US\"},{\"@type\":\"Organization\",\"@id\":\"https:\/\/www.ovidiudragosargesanu.ro\/en\/#organization\",\"name\":\"Ovidiu Drago\u0219 Arge\u0219anu\",\"url\":\"https:\/\/www.ovidiudragosargesanu.ro\/en\/\",\"logo\":{\"@type\":\"ImageObject\",\"inLanguage\":\"en-US\",\"@id\":\"https:\/\/www.ovidiudragosargesanu.ro\/en\/#\/schema\/logo\/image\/\",\"url\":\"https:\/\/www.ovidiudragosargesanu.ro\/en\/wp-content\/uploads\/2018\/03\/dragos-logo-lotus-black-400.svg\",\"contentUrl\":\"https:\/\/www.ovidiudragosargesanu.ro\/en\/wp-content\/uploads\/2018\/03\/dragos-logo-lotus-black-400.svg\",\"width\":300,\"height\":150,\"caption\":\"Ovidiu Drago\u0219 Arge\u0219anu\"},\"image\":{\"@id\":\"https:\/\/www.ovidiudragosargesanu.ro\/en\/#\/schema\/logo\/image\/\"}}]}<\/script>\n<!-- \/ Yoast SEO plugin. -->","yoast_head_json":{"title":"Conferin\u021b\u0103: Puterea Interioar\u0103 - cum o accesez \u0219i cum o cresc - Ovidiu Drago\u0219 Arge\u0219anu","description":"Cunoa\u0219te-\u021bi puerea interioar\u0103 \u00een cadrul conferin\u021bei Puterea Interioar\u0103 - cum o accesez \u0219i cum o cresc de Dr. Ovidiu-Drago\u0219 Arge\u0219anu.","robots":{"index":"noindex","follow":"follow","max-snippet":"max-snippet:-1","max-image-preview":"max-image-preview:large","max-video-preview":"max-video-preview:-1"},"og_locale":"en_US","og_type":"article","og_title":"Conferin\u021b\u0103: Puterea Interioar\u0103 - cum o accesez \u0219i cum o cresc - Ovidiu Drago\u0219 Arge\u0219anu","og_description":"Cunoa\u0219te-\u021bi puerea interioar\u0103 \u00een cadrul conferin\u021bei Puterea Interioar\u0103 - cum o accesez \u0219i cum o cresc de Dr. Ovidiu-Drago\u0219 Arge\u0219anu.","og_url":"https:\/\/www.ovidiudragosargesanu.ro\/en\/shop\/conferinte-premium\/trezire-spirituala\/puterea-interioara-cum-o-accesez-si-cum-o-cresc\/","og_site_name":"Ovidiu Drago\u0219 Arge\u0219anu","article_modified_time":"2025-02-28T19:25:13+00:00","og_image":[{"width":600,"height":800,"url":"https:\/\/www.ovidiudragosargesanu.ro\/en\/wp-content\/uploads\/2023\/12\/Puterea-interioara-Conferinta.png","type":"image\/png"}],"twitter_card":"summary_large_image","twitter_misc":{"Est. reading time":"1 minute"},"schema":{"@context":"https:\/\/schema.org","@graph":[{"@type":"WebPage","@id":"https:\/\/www.ovidiudragosargesanu.ro\/en\/shop\/conferinte-premium\/trezire-spirituala\/puterea-interioara-cum-o-accesez-si-cum-o-cresc\/","url":"https:\/\/www.ovidiudragosargesanu.ro\/en\/shop\/conferinte-premium\/trezire-spirituala\/puterea-interioara-cum-o-accesez-si-cum-o-cresc\/","name":"Conferin\u021b\u0103: Puterea Interioar\u0103 - cum o accesez \u0219i cum o cresc - Ovidiu Drago\u0219 Arge\u0219anu","isPartOf":{"@id":"https:\/\/www.ovidiudragosargesanu.ro\/en\/#website"},"primaryImageOfPage":{"@id":"https:\/\/www.ovidiudragosargesanu.ro\/en\/shop\/conferinte-premium\/trezire-spirituala\/puterea-interioara-cum-o-accesez-si-cum-o-cresc\/#primaryimage"},"image":{"@id":"https:\/\/www.ovidiudragosargesanu.ro\/en\/shop\/conferinte-premium\/trezire-spirituala\/puterea-interioara-cum-o-accesez-si-cum-o-cresc\/#primaryimage"},"thumbnailUrl":"https:\/\/www.ovidiudragosargesanu.ro\/en\/wp-content\/uploads\/2023\/12\/Puterea-interioara-Conferinta.png","datePublished":"2023-12-06T04:36:56+00:00","dateModified":"2025-02-28T19:25:13+00:00","description":"Cunoa\u0219te-\u021bi puerea interioar\u0103 \u00een cadrul conferin\u021bei Puterea Interioar\u0103 - cum o accesez \u0219i cum o cresc de Dr. Ovidiu-Drago\u0219 Arge\u0219anu.","breadcrumb":{"@id":"https:\/\/www.ovidiudragosargesanu.ro\/en\/shop\/conferinte-premium\/trezire-spirituala\/puterea-interioara-cum-o-accesez-si-cum-o-cresc\/#breadcrumb"},"inLanguage":"en-US","potentialAction":[{"@type":"ReadAction","target":["https:\/\/www.ovidiudragosargesanu.ro\/en\/shop\/conferinte-premium\/trezire-spirituala\/puterea-interioara-cum-o-accesez-si-cum-o-cresc\/"]}]},{"@type":"ImageObject","inLanguage":"en-US","@id":"https:\/\/www.ovidiudragosargesanu.ro\/en\/shop\/conferinte-premium\/trezire-spirituala\/puterea-interioara-cum-o-accesez-si-cum-o-cresc\/#primaryimage","url":"https:\/\/www.ovidiudragosargesanu.ro\/en\/wp-content\/uploads\/2023\/12\/Puterea-interioara-Conferinta.png","contentUrl":"https:\/\/www.ovidiudragosargesanu.ro\/en\/wp-content\/uploads\/2023\/12\/Puterea-interioara-Conferinta.png","width":600,"height":800},{"@type":"BreadcrumbList","@id":"https:\/\/www.ovidiudragosargesanu.ro\/en\/shop\/conferinte-premium\/trezire-spirituala\/puterea-interioara-cum-o-accesez-si-cum-o-cresc\/#breadcrumb","itemListElement":[{"@type":"ListItem","position":1,"name":"Prima pagin\u0103","item":"https:\/\/www.ovidiudragosargesanu.ro\/en\/"},{"@type":"ListItem","position":2,"name":"Shop","item":"https:\/\/www.ovidiudragosargesanu.ro\/en\/shop\/"},{"@type":"ListItem","position":3,"name":"Conferin\u021b\u0103: Puterea Interioar\u0103 &#8211; cum o accesez \u0219i cum o cresc"}]},{"@type":"WebSite","@id":"https:\/\/www.ovidiudragosargesanu.ro\/en\/#website","url":"https:\/\/www.ovidiudragosargesanu.ro\/en\/","name":"Ovidiu Drago\u0219 Arge\u0219anu","description":"","publisher":{"@id":"https:\/\/www.ovidiudragosargesanu.ro\/en\/#organization"},"potentialAction":[{"@type":"SearchAction","target":{"@type":"EntryPoint","urlTemplate":"https:\/\/www.ovidiudragosargesanu.ro\/en\/?s={search_term_string}"},"query-input":{"@type":"PropertyValueSpecification","valueRequired":true,"valueName":"search_term_string"}}],"inLanguage":"en-US"},{"@type":"Organization","@id":"https:\/\/www.ovidiudragosargesanu.ro\/en\/#organization","name":"Ovidiu Drago\u0219 Arge\u0219anu","url":"https:\/\/www.ovidiudragosargesanu.ro\/en\/","logo":{"@type":"ImageObject","inLanguage":"en-US","@id":"https:\/\/www.ovidiudragosargesanu.ro\/en\/#\/schema\/logo\/image\/","url":"https:\/\/www.ovidiudragosargesanu.ro\/en\/wp-content\/uploads\/2018\/03\/dragos-logo-lotus-black-400.svg","contentUrl":"https:\/\/www.ovidiudragosargesanu.ro\/en\/wp-content\/uploads\/2018\/03\/dragos-logo-lotus-black-400.svg","width":300,"height":150,"caption":"Ovidiu Drago\u0219 Arge\u0219anu"},"image":{"@id":"https:\/\/www.ovidiudragosargesanu.ro\/en\/#\/schema\/logo\/image\/"}}]}},"_links":{"self":[{"href":"https:\/\/www.ovidiudragosargesanu.ro\/en\/wp-json\/wp\/v2\/product\/4248","targetHints":{"allow":["GET"]}}],"collection":[{"href":"https:\/\/www.ovidiudragosargesanu.ro\/en\/wp-json\/wp\/v2\/product"}],"about":[{"href":"https:\/\/www.ovidiudragosargesanu.ro\/en\/wp-json\/wp\/v2\/types\/product"}],"version-history":[{"count":6,"href":"https:\/\/www.ovidiudragosargesanu.ro\/en\/wp-json\/wp\/v2\/product\/4248\/revisions"}],"predecessor-version":[{"id":26572,"href":"https:\/\/www.ovidiudragosargesanu.ro\/en\/wp-json\/wp\/v2\/product\/4248\/revisions\/26572"}],"wp:featuredmedia":[{"embeddable":true,"href":"https:\/\/www.ovidiudragosargesanu.ro\/en\/wp-json\/wp\/v2\/media\/4709"}],"wp:attachment":[{"href":"https:\/\/www.ovidiudragosargesanu.ro\/en\/wp-json\/wp\/v2\/media?parent=4248"}],"wp:term":[{"taxonomy":"product_brand","embeddable":true,"href":"https:\/\/www.ovidiudragosargesanu.ro\/en\/wp-json\/wp\/v2\/product_brand?post=4248"},{"taxonomy":"product_cat","embeddable":true,"href":"https:\/\/www.ovidiudragosargesanu.ro\/en\/wp-json\/wp\/v2\/product_cat?post=4248"},{"taxonomy":"product_tag","embeddable":true,"href":"https:\/\/www.ovidiudragosargesanu.ro\/en\/wp-json\/wp\/v2\/product_tag?post=4248"}],"curies":[{"name":"wp","href":"https:\/\/api.w.org\/{rel}","templated":true}]}}