{"id":44393,"date":"2025-04-11T12:10:46","date_gmt":"2025-04-11T09:10:46","guid":{"rendered":"https:\/\/www.ovidiudragosargesanu.ro\/?post_type=product&#038;p=44393"},"modified":"2025-05-15T22:23:01","modified_gmt":"2025-05-15T19:23:01","slug":"puterea-personala-rezistenta-la-agresiune-capacitatea-de-manifestare-acces-online","status":"publish","type":"product","link":"https:\/\/www.ovidiudragosargesanu.ro\/en\/shop\/cursuri-premium\/supraconstiinta-cursuri-premium\/puterea-personala-rezistenta-la-agresiune-capacitatea-de-manifestare-acces-online\/","title":{"rendered":"Curs: Puterea personala: rezistenta la agresiune; capacitatea de manifestare &#8211; Timisoara &#8211; acces online"},"content":{"rendered":"<h2><b>Curs: Puterea personal\u0103: rezisten\u021ba la agresiune; capacitatea de manifestare<\/b><\/h2>\n<p><span style=\"font-weight: 400;\">Atunci c\u00e2nd cre\u0219ti spiritual, \u00eentreaga ta via\u021b\u0103 \u00eencepe s\u0103 se transforme.<\/span><\/p>\n<p><span style=\"font-weight: 400;\">Cu c\u00e2t te cuno\u0219ti mai profund, cu at\u00e2t po\u021bi manifesta mai clar ceea ce \u00ee\u021bi dore\u0219ti \u2013 rela\u021bii echilibrate, s\u0103n\u0103tate, lini\u0219te, abunden\u021b\u0103.<\/span><\/p>\n<p><span style=\"font-weight: 400;\">Prin acest curs, \u00ee\u021bi prezint modalit\u0103\u021bi prin care s\u0103-\u021bi cre\u0219ti puterea personal\u0103, s\u0103 ob\u021bii darurile spirituale \u0219i s\u0103 devii o prezen\u021b\u0103 care atrage ceea ce este preg\u0103tit\u0103 s\u0103 primeasc\u0103.<\/span><\/p>\n<p><span style=\"font-weight: 400;\">Totul \u00eencepe cu tine.<\/span><\/p>\n<h3><b>Ce \u00ee\u021bi prezint:<\/b><\/h3>\n<ul>\n<li style=\"font-weight: 400;\" aria-level=\"1\"><span style=\"font-weight: 400;\">Cum identifici agresiunea \u00een corp \u0219i \u00een via\u021ba de zi cu zi<\/span><\/li>\n<li style=\"font-weight: 400;\" aria-level=\"1\"><span style=\"font-weight: 400;\">Modalit\u0103\u021bi de cre\u0219tere a puterii personale prin \u00eengeri, suflet, sine\/ \u0219arpe kundalini<\/span><\/li>\n<li style=\"font-weight: 400;\" aria-level=\"1\"><span style=\"font-weight: 400;\">Importan\u021ba cre\u0219terii \u00eengerului p\u0103zitor \u0219i protec\u021biei Divine<\/span><\/li>\n<li style=\"font-weight: 400;\" aria-level=\"1\"><span style=\"font-weight: 400;\">Influen\u021ba pl\u0103\u021bilor karmice personale \u0219i de neam\u00a0<\/span><\/li>\n<li style=\"font-weight: 400;\" aria-level=\"1\"><span style=\"font-weight: 400;\">Leg\u0103tura \u00eentre vindecare umbrei \u0219i puterea personal\u0103\/ capacitatea de manifestare<\/span><\/li>\n<li style=\"font-weight: 400;\" aria-level=\"1\"><span style=\"font-weight: 400;\">Ob\u021binerea darurilor \u0219i harurilor Divine\u00a0<\/span><\/li>\n<li style=\"font-weight: 400;\" aria-level=\"1\"><span style=\"font-weight: 400;\">Cre\u0219terea capacit\u0103\u021bii de manifestare \u0219i \u00eendeplinirea dorin\u021bele<\/span><\/li>\n<li style=\"font-weight: 400;\" aria-level=\"1\"><span style=\"font-weight: 400;\">Parametrii radiestezici\u00a0<\/span><\/li>\n<\/ul>\n<p>&nbsp;<\/p>\n","protected":false},"excerpt":{"rendered":"<p><b>LOCURI NELIMITATE!<\/b><\/p>\n<p><span style=\"font-weight: 400;\">Sus\u021bin cursul <\/span><b>,, Puterea personal\u0103: rezisten\u021ba la agresiune; capacitatea de manifestare\u201d<\/b><span style=\"font-weight: 400;\"> pe 14 mai, \u00een Timi\u0219oara, \u00eencep\u00e2nd cu ora 19.00.<\/span><\/p>\n<p><span style=\"font-weight: 400;\">Ve\u021bi primi pe e-mail imediat dup\u0103 achizi\u021bionare toate detaliile privind datele de conectare pe Zoom pentru a viziona cursul Live-Online. Dup\u0103 finalizarea transmisiunii ave\u021bi acces nelimitat pentru a reviziona evenimentul oric\u00e2nd dori\u021bi.<\/span><\/p>\n<p><span style=\"font-weight: 400;\">Telefon rezervare loc \u00een sal\u0103: <\/span><b>0736.00.34.00<\/b><\/p>\n","protected":false},"featured_media":47800,"template":"","meta":{"inline_featured_image":false},"product_brand":[],"product_cat":[602,737],"product_tag":[],"class_list":{"0":"post-44393","1":"product","2":"type-product","3":"status-publish","4":"has-post-thumbnail","6":"product_cat-cursuri-premium","7":"product_cat-supraconstiinta-cursuri-premium","9":"first","10":"instock","11":"virtual","12":"sold-individually","13":"taxable","14":"purchasable","15":"product-type-simple"},"yoast_head":"<!-- This site is optimized with the Yoast SEO plugin v26.9 - https:\/\/yoast.com\/product\/yoast-seo-wordpress\/ -->\n<title>Curs: Puterea personala: rezistenta la agresiune; capacitatea de manifestare - Timisoara - acces online - Ovidiu Drago\u0219 Arge\u0219anu<\/title>\n<meta name=\"description\" content=\"Curs: Puterea personal\u0103: rezisten\u021ba la agresiune; capacitatea de manifestare, in Timisoara, 14 mai, ora 19:00. Atunci c\u00e2nd cre\u0219ti spiritual, \u00eentreaga ta\" \/>\n<meta name=\"robots\" content=\"noindex, follow, max-snippet:-1, max-image-preview:large, max-video-preview:-1\" \/>\n<meta property=\"og:locale\" content=\"en_US\" \/>\n<meta property=\"og:type\" content=\"article\" \/>\n<meta property=\"og:title\" content=\"Curs: Puterea personala: rezistenta la agresiune; capacitatea de manifestare - Timisoara - acces online - Ovidiu Drago\u0219 Arge\u0219anu\" \/>\n<meta property=\"og:description\" content=\"Curs: Puterea personal\u0103: rezisten\u021ba la agresiune; capacitatea de manifestare, in Timisoara, 14 mai, ora 19:00. Atunci c\u00e2nd cre\u0219ti spiritual, \u00eentreaga ta\" \/>\n<meta property=\"og:url\" content=\"https:\/\/www.ovidiudragosargesanu.ro\/en\/shop\/cursuri-premium\/supraconstiinta-cursuri-premium\/puterea-personala-rezistenta-la-agresiune-capacitatea-de-manifestare-acces-online\/\" \/>\n<meta property=\"og:site_name\" content=\"Ovidiu Drago\u0219 Arge\u0219anu\" \/>\n<meta property=\"article:modified_time\" content=\"2025-05-15T19:23:01+00:00\" \/>\n<meta property=\"og:image\" content=\"https:\/\/www.ovidiudragosargesanu.ro\/en\/wp-content\/uploads\/2025\/04\/Curs-Puterea-personala-Timisoara-premium-600-800-scaled.jpg\" \/>\n\t<meta property=\"og:image:width\" content=\"1920\" \/>\n\t<meta property=\"og:image:height\" content=\"2560\" \/>\n\t<meta property=\"og:image:type\" content=\"image\/jpeg\" \/>\n<meta name=\"twitter:card\" content=\"summary_large_image\" \/>\n<meta name=\"twitter:label1\" content=\"Est. reading time\" \/>\n\t<meta name=\"twitter:data1\" content=\"1 minute\" \/>\n<script type=\"application\/ld+json\" class=\"yoast-schema-graph\">{\"@context\":\"https:\/\/schema.org\",\"@graph\":[{\"@type\":\"WebPage\",\"@id\":\"https:\/\/www.ovidiudragosargesanu.ro\/en\/shop\/cursuri-premium\/supraconstiinta-cursuri-premium\/puterea-personala-rezistenta-la-agresiune-capacitatea-de-manifestare-acces-online\/\",\"url\":\"https:\/\/www.ovidiudragosargesanu.ro\/en\/shop\/cursuri-premium\/supraconstiinta-cursuri-premium\/puterea-personala-rezistenta-la-agresiune-capacitatea-de-manifestare-acces-online\/\",\"name\":\"Curs: Puterea personala: rezistenta la agresiune; capacitatea de manifestare - Timisoara - acces online - Ovidiu Drago\u0219 Arge\u0219anu\",\"isPartOf\":{\"@id\":\"https:\/\/www.ovidiudragosargesanu.ro\/en\/#website\"},\"primaryImageOfPage\":{\"@id\":\"https:\/\/www.ovidiudragosargesanu.ro\/en\/shop\/cursuri-premium\/supraconstiinta-cursuri-premium\/puterea-personala-rezistenta-la-agresiune-capacitatea-de-manifestare-acces-online\/#primaryimage\"},\"image\":{\"@id\":\"https:\/\/www.ovidiudragosargesanu.ro\/en\/shop\/cursuri-premium\/supraconstiinta-cursuri-premium\/puterea-personala-rezistenta-la-agresiune-capacitatea-de-manifestare-acces-online\/#primaryimage\"},\"thumbnailUrl\":\"https:\/\/www.ovidiudragosargesanu.ro\/en\/wp-content\/uploads\/2025\/04\/Curs-Puterea-personala-Timisoara-premium-600-800-scaled.jpg\",\"datePublished\":\"2025-04-11T09:10:46+00:00\",\"dateModified\":\"2025-05-15T19:23:01+00:00\",\"description\":\"Curs: Puterea personal\u0103: rezisten\u021ba la agresiune; capacitatea de manifestare, in Timisoara, 14 mai, ora 19:00. Atunci c\u00e2nd cre\u0219ti spiritual, \u00eentreaga ta\",\"breadcrumb\":{\"@id\":\"https:\/\/www.ovidiudragosargesanu.ro\/en\/shop\/cursuri-premium\/supraconstiinta-cursuri-premium\/puterea-personala-rezistenta-la-agresiune-capacitatea-de-manifestare-acces-online\/#breadcrumb\"},\"inLanguage\":\"en-US\",\"potentialAction\":[{\"@type\":\"ReadAction\",\"target\":[\"https:\/\/www.ovidiudragosargesanu.ro\/en\/shop\/cursuri-premium\/supraconstiinta-cursuri-premium\/puterea-personala-rezistenta-la-agresiune-capacitatea-de-manifestare-acces-online\/\"]}]},{\"@type\":\"ImageObject\",\"inLanguage\":\"en-US\",\"@id\":\"https:\/\/www.ovidiudragosargesanu.ro\/en\/shop\/cursuri-premium\/supraconstiinta-cursuri-premium\/puterea-personala-rezistenta-la-agresiune-capacitatea-de-manifestare-acces-online\/#primaryimage\",\"url\":\"https:\/\/www.ovidiudragosargesanu.ro\/en\/wp-content\/uploads\/2025\/04\/Curs-Puterea-personala-Timisoara-premium-600-800-scaled.jpg\",\"contentUrl\":\"https:\/\/www.ovidiudragosargesanu.ro\/en\/wp-content\/uploads\/2025\/04\/Curs-Puterea-personala-Timisoara-premium-600-800-scaled.jpg\",\"width\":1920,\"height\":2560},{\"@type\":\"BreadcrumbList\",\"@id\":\"https:\/\/www.ovidiudragosargesanu.ro\/en\/shop\/cursuri-premium\/supraconstiinta-cursuri-premium\/puterea-personala-rezistenta-la-agresiune-capacitatea-de-manifestare-acces-online\/#breadcrumb\",\"itemListElement\":[{\"@type\":\"ListItem\",\"position\":1,\"name\":\"Prima pagin\u0103\",\"item\":\"https:\/\/www.ovidiudragosargesanu.ro\/en\/\"},{\"@type\":\"ListItem\",\"position\":2,\"name\":\"Shop\",\"item\":\"https:\/\/www.ovidiudragosargesanu.ro\/en\/shop\/\"},{\"@type\":\"ListItem\",\"position\":3,\"name\":\"Curs: Puterea personala: rezistenta la agresiune; capacitatea de manifestare &#8211; Timisoara &#8211; acces online\"}]},{\"@type\":\"WebSite\",\"@id\":\"https:\/\/www.ovidiudragosargesanu.ro\/en\/#website\",\"url\":\"https:\/\/www.ovidiudragosargesanu.ro\/en\/\",\"name\":\"Ovidiu Drago\u0219 Arge\u0219anu\",\"description\":\"\",\"publisher\":{\"@id\":\"https:\/\/www.ovidiudragosargesanu.ro\/en\/#organization\"},\"potentialAction\":[{\"@type\":\"SearchAction\",\"target\":{\"@type\":\"EntryPoint\",\"urlTemplate\":\"https:\/\/www.ovidiudragosargesanu.ro\/en\/?s={search_term_string}\"},\"query-input\":{\"@type\":\"PropertyValueSpecification\",\"valueRequired\":true,\"valueName\":\"search_term_string\"}}],\"inLanguage\":\"en-US\"},{\"@type\":\"Organization\",\"@id\":\"https:\/\/www.ovidiudragosargesanu.ro\/en\/#organization\",\"name\":\"Ovidiu Drago\u0219 Arge\u0219anu\",\"url\":\"https:\/\/www.ovidiudragosargesanu.ro\/en\/\",\"logo\":{\"@type\":\"ImageObject\",\"inLanguage\":\"en-US\",\"@id\":\"https:\/\/www.ovidiudragosargesanu.ro\/en\/#\/schema\/logo\/image\/\",\"url\":\"https:\/\/www.ovidiudragosargesanu.ro\/en\/wp-content\/uploads\/2018\/03\/dragos-logo-lotus-black-400.svg\",\"contentUrl\":\"https:\/\/www.ovidiudragosargesanu.ro\/en\/wp-content\/uploads\/2018\/03\/dragos-logo-lotus-black-400.svg\",\"width\":300,\"height\":150,\"caption\":\"Ovidiu Drago\u0219 Arge\u0219anu\"},\"image\":{\"@id\":\"https:\/\/www.ovidiudragosargesanu.ro\/en\/#\/schema\/logo\/image\/\"}}]}<\/script>\n<!-- \/ Yoast SEO plugin. -->","yoast_head_json":{"title":"Curs: Puterea personala: rezistenta la agresiune; capacitatea de manifestare - Timisoara - acces online - Ovidiu Drago\u0219 Arge\u0219anu","description":"Curs: Puterea personal\u0103: rezisten\u021ba la agresiune; capacitatea de manifestare, in Timisoara, 14 mai, ora 19:00. Atunci c\u00e2nd cre\u0219ti spiritual, \u00eentreaga ta","robots":{"index":"noindex","follow":"follow","max-snippet":"max-snippet:-1","max-image-preview":"max-image-preview:large","max-video-preview":"max-video-preview:-1"},"og_locale":"en_US","og_type":"article","og_title":"Curs: Puterea personala: rezistenta la agresiune; capacitatea de manifestare - Timisoara - acces online - Ovidiu Drago\u0219 Arge\u0219anu","og_description":"Curs: Puterea personal\u0103: rezisten\u021ba la agresiune; capacitatea de manifestare, in Timisoara, 14 mai, ora 19:00. Atunci c\u00e2nd cre\u0219ti spiritual, \u00eentreaga ta","og_url":"https:\/\/www.ovidiudragosargesanu.ro\/en\/shop\/cursuri-premium\/supraconstiinta-cursuri-premium\/puterea-personala-rezistenta-la-agresiune-capacitatea-de-manifestare-acces-online\/","og_site_name":"Ovidiu Drago\u0219 Arge\u0219anu","article_modified_time":"2025-05-15T19:23:01+00:00","og_image":[{"width":1920,"height":2560,"url":"https:\/\/www.ovidiudragosargesanu.ro\/en\/wp-content\/uploads\/2025\/04\/Curs-Puterea-personala-Timisoara-premium-600-800-scaled.jpg","type":"image\/jpeg"}],"twitter_card":"summary_large_image","twitter_misc":{"Est. reading time":"1 minute"},"schema":{"@context":"https:\/\/schema.org","@graph":[{"@type":"WebPage","@id":"https:\/\/www.ovidiudragosargesanu.ro\/en\/shop\/cursuri-premium\/supraconstiinta-cursuri-premium\/puterea-personala-rezistenta-la-agresiune-capacitatea-de-manifestare-acces-online\/","url":"https:\/\/www.ovidiudragosargesanu.ro\/en\/shop\/cursuri-premium\/supraconstiinta-cursuri-premium\/puterea-personala-rezistenta-la-agresiune-capacitatea-de-manifestare-acces-online\/","name":"Curs: Puterea personala: rezistenta la agresiune; capacitatea de manifestare - Timisoara - acces online - Ovidiu Drago\u0219 Arge\u0219anu","isPartOf":{"@id":"https:\/\/www.ovidiudragosargesanu.ro\/en\/#website"},"primaryImageOfPage":{"@id":"https:\/\/www.ovidiudragosargesanu.ro\/en\/shop\/cursuri-premium\/supraconstiinta-cursuri-premium\/puterea-personala-rezistenta-la-agresiune-capacitatea-de-manifestare-acces-online\/#primaryimage"},"image":{"@id":"https:\/\/www.ovidiudragosargesanu.ro\/en\/shop\/cursuri-premium\/supraconstiinta-cursuri-premium\/puterea-personala-rezistenta-la-agresiune-capacitatea-de-manifestare-acces-online\/#primaryimage"},"thumbnailUrl":"https:\/\/www.ovidiudragosargesanu.ro\/en\/wp-content\/uploads\/2025\/04\/Curs-Puterea-personala-Timisoara-premium-600-800-scaled.jpg","datePublished":"2025-04-11T09:10:46+00:00","dateModified":"2025-05-15T19:23:01+00:00","description":"Curs: Puterea personal\u0103: rezisten\u021ba la agresiune; capacitatea de manifestare, in Timisoara, 14 mai, ora 19:00. Atunci c\u00e2nd cre\u0219ti spiritual, \u00eentreaga ta","breadcrumb":{"@id":"https:\/\/www.ovidiudragosargesanu.ro\/en\/shop\/cursuri-premium\/supraconstiinta-cursuri-premium\/puterea-personala-rezistenta-la-agresiune-capacitatea-de-manifestare-acces-online\/#breadcrumb"},"inLanguage":"en-US","potentialAction":[{"@type":"ReadAction","target":["https:\/\/www.ovidiudragosargesanu.ro\/en\/shop\/cursuri-premium\/supraconstiinta-cursuri-premium\/puterea-personala-rezistenta-la-agresiune-capacitatea-de-manifestare-acces-online\/"]}]},{"@type":"ImageObject","inLanguage":"en-US","@id":"https:\/\/www.ovidiudragosargesanu.ro\/en\/shop\/cursuri-premium\/supraconstiinta-cursuri-premium\/puterea-personala-rezistenta-la-agresiune-capacitatea-de-manifestare-acces-online\/#primaryimage","url":"https:\/\/www.ovidiudragosargesanu.ro\/en\/wp-content\/uploads\/2025\/04\/Curs-Puterea-personala-Timisoara-premium-600-800-scaled.jpg","contentUrl":"https:\/\/www.ovidiudragosargesanu.ro\/en\/wp-content\/uploads\/2025\/04\/Curs-Puterea-personala-Timisoara-premium-600-800-scaled.jpg","width":1920,"height":2560},{"@type":"BreadcrumbList","@id":"https:\/\/www.ovidiudragosargesanu.ro\/en\/shop\/cursuri-premium\/supraconstiinta-cursuri-premium\/puterea-personala-rezistenta-la-agresiune-capacitatea-de-manifestare-acces-online\/#breadcrumb","itemListElement":[{"@type":"ListItem","position":1,"name":"Prima pagin\u0103","item":"https:\/\/www.ovidiudragosargesanu.ro\/en\/"},{"@type":"ListItem","position":2,"name":"Shop","item":"https:\/\/www.ovidiudragosargesanu.ro\/en\/shop\/"},{"@type":"ListItem","position":3,"name":"Curs: Puterea personala: rezistenta la agresiune; capacitatea de manifestare &#8211; Timisoara &#8211; acces online"}]},{"@type":"WebSite","@id":"https:\/\/www.ovidiudragosargesanu.ro\/en\/#website","url":"https:\/\/www.ovidiudragosargesanu.ro\/en\/","name":"Ovidiu Drago\u0219 Arge\u0219anu","description":"","publisher":{"@id":"https:\/\/www.ovidiudragosargesanu.ro\/en\/#organization"},"potentialAction":[{"@type":"SearchAction","target":{"@type":"EntryPoint","urlTemplate":"https:\/\/www.ovidiudragosargesanu.ro\/en\/?s={search_term_string}"},"query-input":{"@type":"PropertyValueSpecification","valueRequired":true,"valueName":"search_term_string"}}],"inLanguage":"en-US"},{"@type":"Organization","@id":"https:\/\/www.ovidiudragosargesanu.ro\/en\/#organization","name":"Ovidiu Drago\u0219 Arge\u0219anu","url":"https:\/\/www.ovidiudragosargesanu.ro\/en\/","logo":{"@type":"ImageObject","inLanguage":"en-US","@id":"https:\/\/www.ovidiudragosargesanu.ro\/en\/#\/schema\/logo\/image\/","url":"https:\/\/www.ovidiudragosargesanu.ro\/en\/wp-content\/uploads\/2018\/03\/dragos-logo-lotus-black-400.svg","contentUrl":"https:\/\/www.ovidiudragosargesanu.ro\/en\/wp-content\/uploads\/2018\/03\/dragos-logo-lotus-black-400.svg","width":300,"height":150,"caption":"Ovidiu Drago\u0219 Arge\u0219anu"},"image":{"@id":"https:\/\/www.ovidiudragosargesanu.ro\/en\/#\/schema\/logo\/image\/"}}]}},"_links":{"self":[{"href":"https:\/\/www.ovidiudragosargesanu.ro\/en\/wp-json\/wp\/v2\/product\/44393","targetHints":{"allow":["GET"]}}],"collection":[{"href":"https:\/\/www.ovidiudragosargesanu.ro\/en\/wp-json\/wp\/v2\/product"}],"about":[{"href":"https:\/\/www.ovidiudragosargesanu.ro\/en\/wp-json\/wp\/v2\/types\/product"}],"version-history":[{"count":5,"href":"https:\/\/www.ovidiudragosargesanu.ro\/en\/wp-json\/wp\/v2\/product\/44393\/revisions"}],"predecessor-version":[{"id":47715,"href":"https:\/\/www.ovidiudragosargesanu.ro\/en\/wp-json\/wp\/v2\/product\/44393\/revisions\/47715"}],"wp:featuredmedia":[{"embeddable":true,"href":"https:\/\/www.ovidiudragosargesanu.ro\/en\/wp-json\/wp\/v2\/media\/47800"}],"wp:attachment":[{"href":"https:\/\/www.ovidiudragosargesanu.ro\/en\/wp-json\/wp\/v2\/media?parent=44393"}],"wp:term":[{"taxonomy":"product_brand","embeddable":true,"href":"https:\/\/www.ovidiudragosargesanu.ro\/en\/wp-json\/wp\/v2\/product_brand?post=44393"},{"taxonomy":"product_cat","embeddable":true,"href":"https:\/\/www.ovidiudragosargesanu.ro\/en\/wp-json\/wp\/v2\/product_cat?post=44393"},{"taxonomy":"product_tag","embeddable":true,"href":"https:\/\/www.ovidiudragosargesanu.ro\/en\/wp-json\/wp\/v2\/product_tag?post=44393"}],"curies":[{"name":"wp","href":"https:\/\/api.w.org\/{rel}","templated":true}]}}