{"id":57003,"date":"2025-07-25T19:26:42","date_gmt":"2025-07-25T16:26:42","guid":{"rendered":"https:\/\/www.ovidiudragosargesanu.ro\/shop\/fara-categorie\/curs-umbra-cheia-puterii-interioare\/"},"modified":"2025-10-07T08:13:04","modified_gmt":"2025-10-07T05:13:04","slug":"curs-umbra-cheia-puterii-interioare","status":"publish","type":"product","link":"https:\/\/www.ovidiudragosargesanu.ro\/en\/shop\/evenimente-live-online\/curs-umbra-cheia-puterii-interioare\/","title":{"rendered":"Curs Umbra: Cheia Puterii Interioare"},"content":{"rendered":"<p><span style=\"font-weight: 400;\">S\u00e2mb\u0103t\u0103, 11.10.2025 \u2013 la orele 09.00 &#8211; Curs \u00een sal\u0103 \u0219i Live-Online.<\/span><\/p>\n<p><span style=\"font-weight: 400;\">Curs de vindecare, integrare \u0219i activare a for\u021bei personale \u0219i ancestrale.<\/span><\/p>\n<p><span style=\"font-weight: 400;\">Umbra nu este du\u0219manul t\u0103u. Umbra e\u0219ti tu. Este partea nev\u0103zut\u0103, neasumat\u0103 \u0219i adesea ne\u00een\u021beleas\u0103 a fiin\u021bei tale, dar \u0219i poarta secret\u0103 c\u0103tre for\u021ba ta interioar\u0103, c\u0103tre puterea real\u0103 \u0219i autentic\u0103.<\/span><\/p>\n<p><span style=\"font-weight: 400;\">Acest curs nu este despre a lupta cu Umbra, ci despre \u00eembr\u0103\u021bi\u0219area ei.<\/span><\/p>\n<p><span style=\"font-weight: 400;\">Este despre a \u00eenv\u0103\u021ba s\u0103 o vezi, s\u0103 o \u00een\u021belegi, s\u0103 o accep\u021bi, s\u0103 o vindeci \u0219i s\u0103 o transformi \u00een aliat. Este despre a reg\u0103si puterea pierdut\u0103 \u2013 nu doar personal\u0103, ci \u0219i colectiv\u0103: Umbra neamului t\u0103u, Umbra poporului, Umbra planetei, Umbra lui Dumnezeu.<\/span><\/p>\n<p><strong>\u00cen acest curs vom explora:<\/strong><\/p>\n<p><span style=\"font-weight: 400;\">&#8211; \u00a0 \u00a0 \u00a0 Ce este Umbra personal\u0103, ce se afl\u0103 \u00een ea \u0219i cum se formeaz\u0103 (incon\u0219tient, transgenera\u021bional, karmic, spiritual);<\/span><\/p>\n<p><span style=\"font-weight: 400;\">&#8211; \u00a0 \u00a0 \u00a0 Cum influen\u021beaz\u0103 Umbra ta rela\u021biile, s\u0103n\u0103tatea, succesul \u0219i misiunea de via\u021b\u0103;<\/span><\/p>\n<p><span style=\"font-weight: 400;\">&#8211; \u00a0 \u00a0 \u00a0 Cum te afecteaz\u0103 Umbra poporului din care provii, subcon\u0219tientul colectiv \u0219i Umbra neamului t\u0103u;<\/span><\/p>\n<p><span style=\"font-weight: 400;\">&#8211; \u00a0 \u00a0 \u00a0 Ce este Umbra lui Dumnezeu \u0219i de ce este necesar s\u0103 o \u00een\u021belegi pentru a te vindeca pe tine;<\/span><\/p>\n<p><span style=\"font-weight: 400;\">&#8211; \u00a0 \u00a0 \u00a0 Cum se manifest\u0103 Umbra \u00een familie, \u00een corp, \u00een vise, \u00een rela\u021biile spirituale \u0219i \u00een munca de zi cu zi;<\/span><\/p>\n<p><span style=\"font-weight: 400;\">&#8211; \u00a0 \u00a0 \u00a0 Tehnici pentru vindecarea \u0219i integrarea Umbrei la toate nivelurile: emo\u021bional, energetic, spiritual \u0219i arhetipal<\/span><\/p>\n<p><strong>Vei \u00eenv\u0103\u021ba:<\/strong><\/p>\n<p><span style=\"font-weight: 400;\">&#8211; \u00a0 \u00a0 \u00a0 S\u0103 recuno\u0219ti \u0219i s\u0103 accep\u021bi partea ta \u201e\u00eentunecat\u0103\u201d f\u0103r\u0103 ru\u0219ine sau fric\u0103;<\/span><\/p>\n<p><span style=\"font-weight: 400;\">&#8211; \u00a0 \u00a0 \u00a0 S\u0103 accesezi puterea interioar\u0103 ascuns\u0103 \u00een programele, fricile, blestemele, traumele \u0219i r\u0103nile nevindecate;<\/span><\/p>\n<p><span style=\"font-weight: 400;\">&#8211; \u00a0 \u00a0 \u00a0 S\u0103 onorezi mo\u0219tenirea nev\u0103zut\u0103 a str\u0103bunilor \u0219i s\u0103 o transmu\u021bi \u00een Lumin\u0103;<\/span><\/p>\n<p><span style=\"font-weight: 400;\">&#8211; \u00a0 \u00a0 \u00a0 S\u0103 devii suveran \u00een fa\u021ba propriilor proiec\u021bii, demoni interiori \u0219i tipare incon\u0219tiente;<\/span><\/p>\n<p><span style=\"font-weight: 400;\">&#8211; \u00a0 \u00a0 \u00a0 S\u0103 lucrezi cu arhangheli, \u00eengeri de lumin\u0103 \u0219i de \u00eentuneric pentru echilibru interior;<\/span><\/p>\n<p><span style=\"font-weight: 400;\">Umbra nu dispare. Ea se transform\u0103 \u00een con\u0219tiin\u021b\u0103, \u00een \u00een\u021belepciune, \u00een aur spiritual. Acolo unde e cea mai mare fric\u0103, acolo este ascuns\u0103 cea mai mare putere! Umbra ta este cheia. \u00cendr\u0103zne\u0219te s\u0103 o deschizi!<\/span><\/p>\n<p><span style=\"font-weight: 400;\">Loc de desf\u0103\u0219urare: Complexul Turistic DAR &#8211; Adres\u0103: Drumul Putineilor 160, Coste\u0219ti-Deal 337328.\u00a0<\/span><\/p>\n<p><span style=\"font-weight: 400;\">Dac\u0103 dori\u021bi s\u0103 v\u0103 caza\u021bi aici, \u00een limita locurilor disponibile, pentru cazare \u0219i mas\u0103, suna\u021bi la proprietate 0731 852 086 \u2013 Denisa.<\/span><\/p>\n<p><b>Modalit\u0103\u021bi de participare:<\/b><\/p>\n<p><span style=\"font-weight: 400;\">\ud83d\udd39 <\/span><b>Live \u2013 Online <\/b><span style=\"font-weight: 400;\">&amp; <\/span><b>Fizic \u2013 \u00cen sal\u0103<\/b><b><br \/>\n<\/b><span style=\"font-weight: 400;\"> \u23f1 Durat\u0103: 2 ore<\/span><\/p>\n<p><b>\ud83d\udcde Rezerv\u0103ri loc \u00een sal\u0103: 0721.90.81.40<\/b><\/p>\n<p><span style=\"font-weight: 400;\">Dac\u0103 vrei s\u0103 vezi programul c\u0103l\u0103toriei din perioada aceasta sau c\u00e2teva locuri deja vizitate:<\/span><\/p>\n<p><a href=\"https:\/\/www.ovidiudragosargesanu.ro\/calatorii\/\"><span style=\"font-weight: 400;\">https:\/\/www.ovidiudragosargesanu.ro\/calatorii\/<\/span><\/a><span style=\"font-weight: 400;\">\u00a0 .<\/span><\/p>\n<p><span style=\"font-weight: 400;\">V\u0103 a\u0219tept cu mare drag, l\u0103sa\u021bi \u00eengerii s\u0103 v\u0103 ghideze!<\/span><\/p>\n","protected":false},"excerpt":{"rendered":"<p><strong>LOCURI NELIMITATE!<\/strong><\/p>\n<p><b>Curs Umbra: Cheia puterii Interioare<\/b><span style=\"font-weight: 400;\"> \u00een data de 11 octombrie, la Complexul Turistic DAR din Coste\u0219ti-Deal (Sarmizegetusa Regia), \u00eencep\u00e2nd cu ora 09.00.<\/span><\/p>\n<p><span style=\"font-weight: 400;\">Telefon rezervare loc \u00een sal\u0103: <\/span><b>0721.90.81.40.<\/b><\/p>\n<p>&nbsp;<\/p>\n","protected":false},"featured_media":57005,"template":"","meta":{"inline_featured_image":false},"product_brand":[],"product_cat":[756],"product_tag":[],"class_list":{"0":"post-57003","1":"product","2":"type-product","3":"status-publish","4":"has-post-thumbnail","6":"product_cat-evenimente-live-online","8":"first","9":"instock","10":"virtual","11":"sold-individually","12":"taxable","13":"purchasable","14":"product-type-simple"},"yoast_head":"<!-- This site is optimized with the Yoast SEO plugin v26.9 - https:\/\/yoast.com\/product\/yoast-seo-wordpress\/ -->\n<title>Curs Umbra: Cheia Puterii Interioare - Ovidiu Drago\u0219 Arge\u0219anu<\/title>\n<meta name=\"description\" content=\"S\u00e2mb\u0103t\u0103, 11.10.2025 \u2013 la orele 09.00 - Curs \u00een sal\u0103 \u0219i Live-Online.Curs de vindecare, integrare \u0219i activare a for\u021bei personale \u0219i ancestrale.\" \/>\n<meta name=\"robots\" content=\"noindex, follow, max-snippet:-1, max-image-preview:large, max-video-preview:-1\" \/>\n<meta property=\"og:locale\" content=\"en_US\" \/>\n<meta property=\"og:type\" content=\"article\" \/>\n<meta property=\"og:title\" content=\"Curs Umbra: Cheia Puterii Interioare - Ovidiu Drago\u0219 Arge\u0219anu\" \/>\n<meta property=\"og:description\" content=\"S\u00e2mb\u0103t\u0103, 11.10.2025 \u2013 la orele 09.00 - Curs \u00een sal\u0103 \u0219i Live-Online.Curs de vindecare, integrare \u0219i activare a for\u021bei personale \u0219i ancestrale.\" \/>\n<meta property=\"og:url\" content=\"https:\/\/www.ovidiudragosargesanu.ro\/en\/shop\/evenimente-live-online\/curs-umbra-cheia-puterii-interioare\/\" \/>\n<meta property=\"og:site_name\" content=\"Ovidiu Drago\u0219 Arge\u0219anu\" \/>\n<meta property=\"article:modified_time\" content=\"2025-10-07T05:13:04+00:00\" \/>\n<meta property=\"og:image\" content=\"https:\/\/www.ovidiudragosargesanu.ro\/en\/wp-content\/uploads\/2025\/07\/Curs-Umbra-cheia-puterii-interioare-600-x-800-px.jpg\" \/>\n\t<meta property=\"og:image:width\" content=\"600\" \/>\n\t<meta property=\"og:image:height\" content=\"800\" \/>\n\t<meta property=\"og:image:type\" content=\"image\/jpeg\" \/>\n<meta name=\"twitter:card\" content=\"summary_large_image\" \/>\n<meta name=\"twitter:label1\" content=\"Est. reading time\" \/>\n\t<meta name=\"twitter:data1\" content=\"3 minutes\" \/>\n<script type=\"application\/ld+json\" class=\"yoast-schema-graph\">{\"@context\":\"https:\/\/schema.org\",\"@graph\":[{\"@type\":\"WebPage\",\"@id\":\"https:\/\/www.ovidiudragosargesanu.ro\/en\/shop\/evenimente-live-online\/curs-umbra-cheia-puterii-interioare\/\",\"url\":\"https:\/\/www.ovidiudragosargesanu.ro\/en\/shop\/evenimente-live-online\/curs-umbra-cheia-puterii-interioare\/\",\"name\":\"Curs Umbra: Cheia Puterii Interioare - Ovidiu Drago\u0219 Arge\u0219anu\",\"isPartOf\":{\"@id\":\"https:\/\/www.ovidiudragosargesanu.ro\/en\/#website\"},\"primaryImageOfPage\":{\"@id\":\"https:\/\/www.ovidiudragosargesanu.ro\/en\/shop\/evenimente-live-online\/curs-umbra-cheia-puterii-interioare\/#primaryimage\"},\"image\":{\"@id\":\"https:\/\/www.ovidiudragosargesanu.ro\/en\/shop\/evenimente-live-online\/curs-umbra-cheia-puterii-interioare\/#primaryimage\"},\"thumbnailUrl\":\"https:\/\/www.ovidiudragosargesanu.ro\/en\/wp-content\/uploads\/2025\/07\/Curs-Umbra-cheia-puterii-interioare-600-x-800-px.jpg\",\"datePublished\":\"2025-07-25T16:26:42+00:00\",\"dateModified\":\"2025-10-07T05:13:04+00:00\",\"description\":\"S\u00e2mb\u0103t\u0103, 11.10.2025 \u2013 la orele 09.00 - Curs \u00een sal\u0103 \u0219i Live-Online.Curs de vindecare, integrare \u0219i activare a for\u021bei personale \u0219i ancestrale.\",\"breadcrumb\":{\"@id\":\"https:\/\/www.ovidiudragosargesanu.ro\/en\/shop\/evenimente-live-online\/curs-umbra-cheia-puterii-interioare\/#breadcrumb\"},\"inLanguage\":\"en-US\",\"potentialAction\":[{\"@type\":\"ReadAction\",\"target\":[\"https:\/\/www.ovidiudragosargesanu.ro\/en\/shop\/evenimente-live-online\/curs-umbra-cheia-puterii-interioare\/\"]}]},{\"@type\":\"ImageObject\",\"inLanguage\":\"en-US\",\"@id\":\"https:\/\/www.ovidiudragosargesanu.ro\/en\/shop\/evenimente-live-online\/curs-umbra-cheia-puterii-interioare\/#primaryimage\",\"url\":\"https:\/\/www.ovidiudragosargesanu.ro\/en\/wp-content\/uploads\/2025\/07\/Curs-Umbra-cheia-puterii-interioare-600-x-800-px.jpg\",\"contentUrl\":\"https:\/\/www.ovidiudragosargesanu.ro\/en\/wp-content\/uploads\/2025\/07\/Curs-Umbra-cheia-puterii-interioare-600-x-800-px.jpg\",\"width\":600,\"height\":800,\"caption\":\"Curs Umbra - cheia puterii interioare (600 x 800 px)\"},{\"@type\":\"BreadcrumbList\",\"@id\":\"https:\/\/www.ovidiudragosargesanu.ro\/en\/shop\/evenimente-live-online\/curs-umbra-cheia-puterii-interioare\/#breadcrumb\",\"itemListElement\":[{\"@type\":\"ListItem\",\"position\":1,\"name\":\"Prima pagin\u0103\",\"item\":\"https:\/\/www.ovidiudragosargesanu.ro\/en\/\"},{\"@type\":\"ListItem\",\"position\":2,\"name\":\"Shop\",\"item\":\"https:\/\/www.ovidiudragosargesanu.ro\/en\/shop\/\"},{\"@type\":\"ListItem\",\"position\":3,\"name\":\"Curs Umbra: Cheia Puterii Interioare\"}]},{\"@type\":\"WebSite\",\"@id\":\"https:\/\/www.ovidiudragosargesanu.ro\/en\/#website\",\"url\":\"https:\/\/www.ovidiudragosargesanu.ro\/en\/\",\"name\":\"Ovidiu Drago\u0219 Arge\u0219anu\",\"description\":\"\",\"publisher\":{\"@id\":\"https:\/\/www.ovidiudragosargesanu.ro\/en\/#organization\"},\"potentialAction\":[{\"@type\":\"SearchAction\",\"target\":{\"@type\":\"EntryPoint\",\"urlTemplate\":\"https:\/\/www.ovidiudragosargesanu.ro\/en\/?s={search_term_string}\"},\"query-input\":{\"@type\":\"PropertyValueSpecification\",\"valueRequired\":true,\"valueName\":\"search_term_string\"}}],\"inLanguage\":\"en-US\"},{\"@type\":\"Organization\",\"@id\":\"https:\/\/www.ovidiudragosargesanu.ro\/en\/#organization\",\"name\":\"Ovidiu Drago\u0219 Arge\u0219anu\",\"url\":\"https:\/\/www.ovidiudragosargesanu.ro\/en\/\",\"logo\":{\"@type\":\"ImageObject\",\"inLanguage\":\"en-US\",\"@id\":\"https:\/\/www.ovidiudragosargesanu.ro\/en\/#\/schema\/logo\/image\/\",\"url\":\"https:\/\/www.ovidiudragosargesanu.ro\/en\/wp-content\/uploads\/2018\/03\/dragos-logo-lotus-black-400.svg\",\"contentUrl\":\"https:\/\/www.ovidiudragosargesanu.ro\/en\/wp-content\/uploads\/2018\/03\/dragos-logo-lotus-black-400.svg\",\"width\":300,\"height\":150,\"caption\":\"Ovidiu Drago\u0219 Arge\u0219anu\"},\"image\":{\"@id\":\"https:\/\/www.ovidiudragosargesanu.ro\/en\/#\/schema\/logo\/image\/\"}}]}<\/script>\n<!-- \/ Yoast SEO plugin. -->","yoast_head_json":{"title":"Curs Umbra: Cheia Puterii Interioare - Ovidiu Drago\u0219 Arge\u0219anu","description":"S\u00e2mb\u0103t\u0103, 11.10.2025 \u2013 la orele 09.00 - Curs \u00een sal\u0103 \u0219i Live-Online.Curs de vindecare, integrare \u0219i activare a for\u021bei personale \u0219i ancestrale.","robots":{"index":"noindex","follow":"follow","max-snippet":"max-snippet:-1","max-image-preview":"max-image-preview:large","max-video-preview":"max-video-preview:-1"},"og_locale":"en_US","og_type":"article","og_title":"Curs Umbra: Cheia Puterii Interioare - Ovidiu Drago\u0219 Arge\u0219anu","og_description":"S\u00e2mb\u0103t\u0103, 11.10.2025 \u2013 la orele 09.00 - Curs \u00een sal\u0103 \u0219i Live-Online.Curs de vindecare, integrare \u0219i activare a for\u021bei personale \u0219i ancestrale.","og_url":"https:\/\/www.ovidiudragosargesanu.ro\/en\/shop\/evenimente-live-online\/curs-umbra-cheia-puterii-interioare\/","og_site_name":"Ovidiu Drago\u0219 Arge\u0219anu","article_modified_time":"2025-10-07T05:13:04+00:00","og_image":[{"width":600,"height":800,"url":"https:\/\/www.ovidiudragosargesanu.ro\/en\/wp-content\/uploads\/2025\/07\/Curs-Umbra-cheia-puterii-interioare-600-x-800-px.jpg","type":"image\/jpeg"}],"twitter_card":"summary_large_image","twitter_misc":{"Est. reading time":"3 minutes"},"schema":{"@context":"https:\/\/schema.org","@graph":[{"@type":"WebPage","@id":"https:\/\/www.ovidiudragosargesanu.ro\/en\/shop\/evenimente-live-online\/curs-umbra-cheia-puterii-interioare\/","url":"https:\/\/www.ovidiudragosargesanu.ro\/en\/shop\/evenimente-live-online\/curs-umbra-cheia-puterii-interioare\/","name":"Curs Umbra: Cheia Puterii Interioare - Ovidiu Drago\u0219 Arge\u0219anu","isPartOf":{"@id":"https:\/\/www.ovidiudragosargesanu.ro\/en\/#website"},"primaryImageOfPage":{"@id":"https:\/\/www.ovidiudragosargesanu.ro\/en\/shop\/evenimente-live-online\/curs-umbra-cheia-puterii-interioare\/#primaryimage"},"image":{"@id":"https:\/\/www.ovidiudragosargesanu.ro\/en\/shop\/evenimente-live-online\/curs-umbra-cheia-puterii-interioare\/#primaryimage"},"thumbnailUrl":"https:\/\/www.ovidiudragosargesanu.ro\/en\/wp-content\/uploads\/2025\/07\/Curs-Umbra-cheia-puterii-interioare-600-x-800-px.jpg","datePublished":"2025-07-25T16:26:42+00:00","dateModified":"2025-10-07T05:13:04+00:00","description":"S\u00e2mb\u0103t\u0103, 11.10.2025 \u2013 la orele 09.00 - Curs \u00een sal\u0103 \u0219i Live-Online.Curs de vindecare, integrare \u0219i activare a for\u021bei personale \u0219i ancestrale.","breadcrumb":{"@id":"https:\/\/www.ovidiudragosargesanu.ro\/en\/shop\/evenimente-live-online\/curs-umbra-cheia-puterii-interioare\/#breadcrumb"},"inLanguage":"en-US","potentialAction":[{"@type":"ReadAction","target":["https:\/\/www.ovidiudragosargesanu.ro\/en\/shop\/evenimente-live-online\/curs-umbra-cheia-puterii-interioare\/"]}]},{"@type":"ImageObject","inLanguage":"en-US","@id":"https:\/\/www.ovidiudragosargesanu.ro\/en\/shop\/evenimente-live-online\/curs-umbra-cheia-puterii-interioare\/#primaryimage","url":"https:\/\/www.ovidiudragosargesanu.ro\/en\/wp-content\/uploads\/2025\/07\/Curs-Umbra-cheia-puterii-interioare-600-x-800-px.jpg","contentUrl":"https:\/\/www.ovidiudragosargesanu.ro\/en\/wp-content\/uploads\/2025\/07\/Curs-Umbra-cheia-puterii-interioare-600-x-800-px.jpg","width":600,"height":800,"caption":"Curs Umbra - cheia puterii interioare (600 x 800 px)"},{"@type":"BreadcrumbList","@id":"https:\/\/www.ovidiudragosargesanu.ro\/en\/shop\/evenimente-live-online\/curs-umbra-cheia-puterii-interioare\/#breadcrumb","itemListElement":[{"@type":"ListItem","position":1,"name":"Prima pagin\u0103","item":"https:\/\/www.ovidiudragosargesanu.ro\/en\/"},{"@type":"ListItem","position":2,"name":"Shop","item":"https:\/\/www.ovidiudragosargesanu.ro\/en\/shop\/"},{"@type":"ListItem","position":3,"name":"Curs Umbra: Cheia Puterii Interioare"}]},{"@type":"WebSite","@id":"https:\/\/www.ovidiudragosargesanu.ro\/en\/#website","url":"https:\/\/www.ovidiudragosargesanu.ro\/en\/","name":"Ovidiu Drago\u0219 Arge\u0219anu","description":"","publisher":{"@id":"https:\/\/www.ovidiudragosargesanu.ro\/en\/#organization"},"potentialAction":[{"@type":"SearchAction","target":{"@type":"EntryPoint","urlTemplate":"https:\/\/www.ovidiudragosargesanu.ro\/en\/?s={search_term_string}"},"query-input":{"@type":"PropertyValueSpecification","valueRequired":true,"valueName":"search_term_string"}}],"inLanguage":"en-US"},{"@type":"Organization","@id":"https:\/\/www.ovidiudragosargesanu.ro\/en\/#organization","name":"Ovidiu Drago\u0219 Arge\u0219anu","url":"https:\/\/www.ovidiudragosargesanu.ro\/en\/","logo":{"@type":"ImageObject","inLanguage":"en-US","@id":"https:\/\/www.ovidiudragosargesanu.ro\/en\/#\/schema\/logo\/image\/","url":"https:\/\/www.ovidiudragosargesanu.ro\/en\/wp-content\/uploads\/2018\/03\/dragos-logo-lotus-black-400.svg","contentUrl":"https:\/\/www.ovidiudragosargesanu.ro\/en\/wp-content\/uploads\/2018\/03\/dragos-logo-lotus-black-400.svg","width":300,"height":150,"caption":"Ovidiu Drago\u0219 Arge\u0219anu"},"image":{"@id":"https:\/\/www.ovidiudragosargesanu.ro\/en\/#\/schema\/logo\/image\/"}}]}},"_links":{"self":[{"href":"https:\/\/www.ovidiudragosargesanu.ro\/en\/wp-json\/wp\/v2\/product\/57003","targetHints":{"allow":["GET"]}}],"collection":[{"href":"https:\/\/www.ovidiudragosargesanu.ro\/en\/wp-json\/wp\/v2\/product"}],"about":[{"href":"https:\/\/www.ovidiudragosargesanu.ro\/en\/wp-json\/wp\/v2\/types\/product"}],"version-history":[{"count":2,"href":"https:\/\/www.ovidiudragosargesanu.ro\/en\/wp-json\/wp\/v2\/product\/57003\/revisions"}],"predecessor-version":[{"id":58076,"href":"https:\/\/www.ovidiudragosargesanu.ro\/en\/wp-json\/wp\/v2\/product\/57003\/revisions\/58076"}],"wp:featuredmedia":[{"embeddable":true,"href":"https:\/\/www.ovidiudragosargesanu.ro\/en\/wp-json\/wp\/v2\/media\/57005"}],"wp:attachment":[{"href":"https:\/\/www.ovidiudragosargesanu.ro\/en\/wp-json\/wp\/v2\/media?parent=57003"}],"wp:term":[{"taxonomy":"product_brand","embeddable":true,"href":"https:\/\/www.ovidiudragosargesanu.ro\/en\/wp-json\/wp\/v2\/product_brand?post=57003"},{"taxonomy":"product_cat","embeddable":true,"href":"https:\/\/www.ovidiudragosargesanu.ro\/en\/wp-json\/wp\/v2\/product_cat?post=57003"},{"taxonomy":"product_tag","embeddable":true,"href":"https:\/\/www.ovidiudragosargesanu.ro\/en\/wp-json\/wp\/v2\/product_tag?post=57003"}],"curies":[{"name":"wp","href":"https:\/\/api.w.org\/{rel}","templated":true}]}}