{"id":66034,"date":"2025-10-03T12:40:39","date_gmt":"2025-10-03T09:40:39","guid":{"rendered":"https:\/\/www.ovidiudragosargesanu.ro\/shop\/fara-categorie\/conferinta-despre-om-bucuresti\/"},"modified":"2025-10-08T10:00:45","modified_gmt":"2025-10-08T07:00:45","slug":"conferinta-despre-om-bucuresti","status":"publish","type":"product","link":"https:\/\/www.ovidiudragosargesanu.ro\/en\/shop\/evenimente-live-online\/conferinta-despre-om-bucuresti\/","title":{"rendered":"Conferinta Despre OM &#8211; Bucuresti"},"content":{"rendered":"<p><b>Conferin\u021b\u0103 Despre OM<\/b><\/p>\n<p><span style=\"font-weight: 400;\">\ud83d\uddd3 21 Octombrie 2025<\/span><\/p>\n<p><span style=\"font-weight: 400;\"> \ud83d\udd55 Ora 18:00<\/span><\/p>\n<p><span style=\"font-weight: 400;\"> \ud83d\udccd Loca\u021bie fizic\u0103: Bucure\u0219ti<\/span><\/p>\n<p><b><span style=\"font-weight: 400;\">\ud83c\udfa5 <\/span>LIVE-ONLINE<\/b><\/p>\n<p><span style=\"font-weight: 400;\">Mul\u021bi oameni se simt \u00een via\u021b\u0103 ca \u00eentr-un labirint, f\u0103r\u0103 indicatoare. Finalul drumului este Supracon\u0219tiin\u021ba \u0219i unirea cu Totul. Pentru a-\u021bi u\u0219ura calea, organizez aceast\u0103 conferin\u021b\u0103 despre OM.\u00a0<\/span><\/p>\n<p><b>Vom parcurgem \u00eempreun\u0103 ni\u0219te pa\u0219i:\u00a0<\/b><\/p>\n<p><span style=\"font-weight: 400;\">1.<\/span><b>Rolul Omului pe P\u0103m\u00e2nt<\/b><span style=\"font-weight: 400;\"> \u2013 via\u021ba ca \u0219coal\u0103, diferen\u021ba dintre demon, om \u0219i un sf\u00e2nt, \u0219i cum cre\u0219tem.<\/span><\/p>\n<p><span style=\"font-weight: 400;\">2.<\/span><b>Legile Karmice<\/b><span style=\"font-weight: 400;\"> \u2013 cum func\u021bioneaz\u0103 karma, felurile \u00een care o pl\u0103tim, prin lec\u021bii, sisteme spirituale, religii sau ini\u021bieri pe diverse sisteme.<\/span><\/p>\n<p><span style=\"font-weight: 400;\">3.<\/span><b>Psihicul Uman <\/b><span style=\"font-weight: 400;\">\u2013 structura lui: Con\u0219tiin\u021ba, Sufletul \u0219i Sinele, \u0219i cum le unim.<\/span><\/p>\n<p><span style=\"font-weight: 400;\">4.<\/span><b>Umbra \u0219i Integrarea ei<\/b><span style=\"font-weight: 400;\"> \u2013 deprogramarea tiparelor negative, autocunoa\u0219terea \u0219i \u00een\u021belegerea Universului.<\/span><\/p>\n<p><span style=\"font-weight: 400;\">5.<\/span><b>Iubirea \u0219i Sexualitatea<\/b><span style=\"font-weight: 400;\"> \u2013 deschiderea inimii, sexualitatea sacr\u0103 con\u0219tient\u0103, ca una dintre cele mai rapide c\u0103i c\u0103tre Iluminare.\u00a0<\/span><\/p>\n<p><span style=\"font-weight: 400;\">6.<\/span><b>Smerenia pe Calea Spiritual\u0103<\/b><span style=\"font-weight: 400;\"> \u2013 cum se dizolv\u0103 orgoliul \u0219i ce \u00eenseamn\u0103 smerenia divin\u0103.<\/span><\/p>\n<p><span style=\"font-weight: 400;\">7.<\/span><b>Maestrul Spiritual <\/b><span style=\"font-weight: 400;\">\u2013 importan\u021ba unui ghid, criterii pentru a-l alege corect, intui\u021bia \u0219i rezonan\u021ba personal\u0103.<\/span><\/p>\n<p><span style=\"font-weight: 400;\">8.<\/span><b>Protec\u021bia PSI<\/b><span style=\"font-weight: 400;\"> \u2013 cum ne protej\u0103m pe noi \u00een\u0219ine \u015fi pe \u00eengerii no\u015ftri<\/span><\/p>\n<p><span style=\"font-weight: 400;\">9.<\/span><b>Calea Mea<\/b><span style=\"font-weight: 400;\"> \u2013 experien\u021ba personal\u0103 ca exemplu de cre\u0219tere spiritual\u0103 \u0219i transformare.<\/span><\/p>\n<p><span style=\"font-weight: 400;\">10.<\/span><b>Supracon\u0219tiin\u021ba<\/b><span style=\"font-weight: 400;\"> \u2013 omul ca manifestare a lui Dumnezeu pe p\u0103m\u00e2nt, reconectarea la Divin prin tehnici, practici zilnice, integrarea \u0219i des\u0103v\u00e2r\u0219irea sistemelor spirituale cu care rezonezi.<\/span><\/p>\n<p><b>Aceast\u0103 conferin\u021b\u0103 este pentru tine dac\u0103:<\/b><\/p>\n<p><span style=\"font-weight: 400;\">&#8211; vrei s\u0103 \u00een\u021belegi rolul \u015fi misiunea ta pe p\u0103m\u00e2nt<\/span><\/p>\n<p><span style=\"font-weight: 400;\">&#8211; cau\u021bi \u00een\u021belesuri mai profunde despre karm\u0103, suflet \u015fi umbr\u0103<\/span><\/p>\n<p><span style=\"font-weight: 400;\">&#8211; dore\u0219ti s\u0103 cre\u015fti la nivel de Sine<\/span><\/p>\n<p><span style=\"font-weight: 400;\">&#8211; sim\u021bi c\u0103 e timpul s\u0103-\u021bi asumi rolul de creator con\u0219tient al propriei vie\u021bi<\/span><\/p>\n<p><span style=\"font-weight: 400;\"> Te invit s\u0103 p\u0103\u0219im \u00eempreun\u0103 \u00een acest labirint, s\u0103 descoperim indicatoarele, s\u0103 \u00eenv\u0103\u021b\u0103m lec\u021biile \u0219i s\u0103 g\u0103sim ie\u0219irea c\u0103tre Supracon\u0219tiin\u021b\u0103.<\/span><\/p>\n","protected":false},"excerpt":{"rendered":"<p><span style=\"color: #000000;\"><b>LOCURI NELIMITATE \u00een\u00a0 Live-Online!<\/b><\/span><\/p>\n<p><span style=\"color: #000000;\"><b>LOCURI LIMITATE \u00een\u00a0 Sal\u0103!<\/b><\/span><br \/>\n\ud83d\udccdPullman &#8211; World Trade Center, Bucure\u0219ti, Sector 1, Strada 10 Montreal Square \/ Amfiteatru<\/p>\n<p><span style=\"color: #000000;\"><b>Conferin\u021b\u0103 Despre OM <\/b><\/span><span style=\"font-weight: 400;\"><strong>\ud83d\uddd3 21 Octombrie 2025<\/strong> <strong>\ud83d\udd55 Ora 18:00<\/strong><\/span><\/p>\n<p><span style=\"font-weight: 400;\">M\u0103 bucur s\u0103 te am al\u0103turi la acest eveniment!<\/span><\/p>\n","protected":false},"featured_media":66161,"template":"","meta":{"inline_featured_image":false},"product_brand":[],"product_cat":[756],"product_tag":[],"class_list":{"0":"post-66034","1":"product","2":"type-product","3":"status-publish","4":"has-post-thumbnail","6":"product_cat-evenimente-live-online","8":"first","9":"instock","10":"sold-individually","11":"taxable","12":"shipping-taxable","13":"purchasable","14":"product-type-variable"},"yoast_head":"<!-- This site is optimized with the Yoast SEO plugin v26.9 - https:\/\/yoast.com\/product\/yoast-seo-wordpress\/ -->\n<title>Conferinta Despre OM - Bucuresti - Ovidiu Drago\u0219 Arge\u0219anu<\/title>\n<meta name=\"robots\" content=\"noindex, follow, max-snippet:-1, max-image-preview:large, max-video-preview:-1\" \/>\n<meta property=\"og:locale\" content=\"en_US\" \/>\n<meta property=\"og:type\" content=\"article\" \/>\n<meta property=\"og:title\" content=\"Conferinta Despre OM - Bucuresti - Ovidiu Drago\u0219 Arge\u0219anu\" \/>\n<meta property=\"og:description\" content=\"LOCURI NELIMITATE \u00een\u00a0 Live-Online!  LOCURI LIMITATE \u00een\u00a0 Sal\u0103! \ud83d\udccdPullman - World Trade Center, Bucure\u0219ti, Sector 1, Strada 10 Montreal Square \/ Amfiteatru  Conferin\u021b\u0103 Despre OM \ud83d\uddd3 21 Octombrie 2025 \ud83d\udd55 Ora 18:00  M\u0103 bucur s\u0103 te am al\u0103turi la acest eveniment!\" \/>\n<meta property=\"og:url\" content=\"https:\/\/www.ovidiudragosargesanu.ro\/en\/shop\/evenimente-live-online\/conferinta-despre-om-bucuresti\/\" \/>\n<meta property=\"og:site_name\" content=\"Ovidiu Drago\u0219 Arge\u0219anu\" \/>\n<meta property=\"article:modified_time\" content=\"2025-10-08T07:00:45+00:00\" \/>\n<meta property=\"og:image\" content=\"https:\/\/www.ovidiudragosargesanu.ro\/en\/wp-content\/uploads\/2025\/10\/Conferinta-Despre-OM-600-x-800-px-1-1.png\" \/>\n\t<meta property=\"og:image:width\" content=\"600\" \/>\n\t<meta property=\"og:image:height\" content=\"800\" \/>\n\t<meta property=\"og:image:type\" content=\"image\/png\" \/>\n<meta name=\"twitter:card\" content=\"summary_large_image\" \/>\n<meta name=\"twitter:label1\" content=\"Est. reading time\" \/>\n\t<meta name=\"twitter:data1\" content=\"2 minutes\" \/>\n<script type=\"application\/ld+json\" class=\"yoast-schema-graph\">{\"@context\":\"https:\/\/schema.org\",\"@graph\":[{\"@type\":\"WebPage\",\"@id\":\"https:\/\/www.ovidiudragosargesanu.ro\/en\/shop\/evenimente-live-online\/conferinta-despre-om-bucuresti\/\",\"url\":\"https:\/\/www.ovidiudragosargesanu.ro\/en\/shop\/evenimente-live-online\/conferinta-despre-om-bucuresti\/\",\"name\":\"Conferinta Despre OM - Bucuresti - Ovidiu Drago\u0219 Arge\u0219anu\",\"isPartOf\":{\"@id\":\"https:\/\/www.ovidiudragosargesanu.ro\/en\/#website\"},\"primaryImageOfPage\":{\"@id\":\"https:\/\/www.ovidiudragosargesanu.ro\/en\/shop\/evenimente-live-online\/conferinta-despre-om-bucuresti\/#primaryimage\"},\"image\":{\"@id\":\"https:\/\/www.ovidiudragosargesanu.ro\/en\/shop\/evenimente-live-online\/conferinta-despre-om-bucuresti\/#primaryimage\"},\"thumbnailUrl\":\"https:\/\/www.ovidiudragosargesanu.ro\/en\/wp-content\/uploads\/2025\/10\/Conferinta-Despre-OM-600-x-800-px-1-1.png\",\"datePublished\":\"2025-10-03T09:40:39+00:00\",\"dateModified\":\"2025-10-08T07:00:45+00:00\",\"breadcrumb\":{\"@id\":\"https:\/\/www.ovidiudragosargesanu.ro\/en\/shop\/evenimente-live-online\/conferinta-despre-om-bucuresti\/#breadcrumb\"},\"inLanguage\":\"en-US\",\"potentialAction\":[{\"@type\":\"ReadAction\",\"target\":[\"https:\/\/www.ovidiudragosargesanu.ro\/en\/shop\/evenimente-live-online\/conferinta-despre-om-bucuresti\/\"]}]},{\"@type\":\"ImageObject\",\"inLanguage\":\"en-US\",\"@id\":\"https:\/\/www.ovidiudragosargesanu.ro\/en\/shop\/evenimente-live-online\/conferinta-despre-om-bucuresti\/#primaryimage\",\"url\":\"https:\/\/www.ovidiudragosargesanu.ro\/en\/wp-content\/uploads\/2025\/10\/Conferinta-Despre-OM-600-x-800-px-1-1.png\",\"contentUrl\":\"https:\/\/www.ovidiudragosargesanu.ro\/en\/wp-content\/uploads\/2025\/10\/Conferinta-Despre-OM-600-x-800-px-1-1.png\",\"width\":600,\"height\":800},{\"@type\":\"BreadcrumbList\",\"@id\":\"https:\/\/www.ovidiudragosargesanu.ro\/en\/shop\/evenimente-live-online\/conferinta-despre-om-bucuresti\/#breadcrumb\",\"itemListElement\":[{\"@type\":\"ListItem\",\"position\":1,\"name\":\"Prima pagin\u0103\",\"item\":\"https:\/\/www.ovidiudragosargesanu.ro\/en\/\"},{\"@type\":\"ListItem\",\"position\":2,\"name\":\"Shop\",\"item\":\"https:\/\/www.ovidiudragosargesanu.ro\/en\/shop\/\"},{\"@type\":\"ListItem\",\"position\":3,\"name\":\"Conferinta Despre OM &#8211; Bucuresti\"}]},{\"@type\":\"WebSite\",\"@id\":\"https:\/\/www.ovidiudragosargesanu.ro\/en\/#website\",\"url\":\"https:\/\/www.ovidiudragosargesanu.ro\/en\/\",\"name\":\"Ovidiu Drago\u0219 Arge\u0219anu\",\"description\":\"\",\"publisher\":{\"@id\":\"https:\/\/www.ovidiudragosargesanu.ro\/en\/#organization\"},\"potentialAction\":[{\"@type\":\"SearchAction\",\"target\":{\"@type\":\"EntryPoint\",\"urlTemplate\":\"https:\/\/www.ovidiudragosargesanu.ro\/en\/?s={search_term_string}\"},\"query-input\":{\"@type\":\"PropertyValueSpecification\",\"valueRequired\":true,\"valueName\":\"search_term_string\"}}],\"inLanguage\":\"en-US\"},{\"@type\":\"Organization\",\"@id\":\"https:\/\/www.ovidiudragosargesanu.ro\/en\/#organization\",\"name\":\"Ovidiu Drago\u0219 Arge\u0219anu\",\"url\":\"https:\/\/www.ovidiudragosargesanu.ro\/en\/\",\"logo\":{\"@type\":\"ImageObject\",\"inLanguage\":\"en-US\",\"@id\":\"https:\/\/www.ovidiudragosargesanu.ro\/en\/#\/schema\/logo\/image\/\",\"url\":\"https:\/\/www.ovidiudragosargesanu.ro\/en\/wp-content\/uploads\/2018\/03\/dragos-logo-lotus-black-400.svg\",\"contentUrl\":\"https:\/\/www.ovidiudragosargesanu.ro\/en\/wp-content\/uploads\/2018\/03\/dragos-logo-lotus-black-400.svg\",\"width\":300,\"height\":150,\"caption\":\"Ovidiu Drago\u0219 Arge\u0219anu\"},\"image\":{\"@id\":\"https:\/\/www.ovidiudragosargesanu.ro\/en\/#\/schema\/logo\/image\/\"}}]}<\/script>\n<!-- \/ Yoast SEO plugin. -->","yoast_head_json":{"title":"Conferinta Despre OM - Bucuresti - Ovidiu Drago\u0219 Arge\u0219anu","robots":{"index":"noindex","follow":"follow","max-snippet":"max-snippet:-1","max-image-preview":"max-image-preview:large","max-video-preview":"max-video-preview:-1"},"og_locale":"en_US","og_type":"article","og_title":"Conferinta Despre OM - Bucuresti - Ovidiu Drago\u0219 Arge\u0219anu","og_description":"LOCURI NELIMITATE \u00een\u00a0 Live-Online!  LOCURI LIMITATE \u00een\u00a0 Sal\u0103! \ud83d\udccdPullman - World Trade Center, Bucure\u0219ti, Sector 1, Strada 10 Montreal Square \/ Amfiteatru  Conferin\u021b\u0103 Despre OM \ud83d\uddd3 21 Octombrie 2025 \ud83d\udd55 Ora 18:00  M\u0103 bucur s\u0103 te am al\u0103turi la acest eveniment!","og_url":"https:\/\/www.ovidiudragosargesanu.ro\/en\/shop\/evenimente-live-online\/conferinta-despre-om-bucuresti\/","og_site_name":"Ovidiu Drago\u0219 Arge\u0219anu","article_modified_time":"2025-10-08T07:00:45+00:00","og_image":[{"width":600,"height":800,"url":"https:\/\/www.ovidiudragosargesanu.ro\/en\/wp-content\/uploads\/2025\/10\/Conferinta-Despre-OM-600-x-800-px-1-1.png","type":"image\/png"}],"twitter_card":"summary_large_image","twitter_misc":{"Est. reading time":"2 minutes"},"schema":{"@context":"https:\/\/schema.org","@graph":[{"@type":"WebPage","@id":"https:\/\/www.ovidiudragosargesanu.ro\/en\/shop\/evenimente-live-online\/conferinta-despre-om-bucuresti\/","url":"https:\/\/www.ovidiudragosargesanu.ro\/en\/shop\/evenimente-live-online\/conferinta-despre-om-bucuresti\/","name":"Conferinta Despre OM - Bucuresti - Ovidiu Drago\u0219 Arge\u0219anu","isPartOf":{"@id":"https:\/\/www.ovidiudragosargesanu.ro\/en\/#website"},"primaryImageOfPage":{"@id":"https:\/\/www.ovidiudragosargesanu.ro\/en\/shop\/evenimente-live-online\/conferinta-despre-om-bucuresti\/#primaryimage"},"image":{"@id":"https:\/\/www.ovidiudragosargesanu.ro\/en\/shop\/evenimente-live-online\/conferinta-despre-om-bucuresti\/#primaryimage"},"thumbnailUrl":"https:\/\/www.ovidiudragosargesanu.ro\/en\/wp-content\/uploads\/2025\/10\/Conferinta-Despre-OM-600-x-800-px-1-1.png","datePublished":"2025-10-03T09:40:39+00:00","dateModified":"2025-10-08T07:00:45+00:00","breadcrumb":{"@id":"https:\/\/www.ovidiudragosargesanu.ro\/en\/shop\/evenimente-live-online\/conferinta-despre-om-bucuresti\/#breadcrumb"},"inLanguage":"en-US","potentialAction":[{"@type":"ReadAction","target":["https:\/\/www.ovidiudragosargesanu.ro\/en\/shop\/evenimente-live-online\/conferinta-despre-om-bucuresti\/"]}]},{"@type":"ImageObject","inLanguage":"en-US","@id":"https:\/\/www.ovidiudragosargesanu.ro\/en\/shop\/evenimente-live-online\/conferinta-despre-om-bucuresti\/#primaryimage","url":"https:\/\/www.ovidiudragosargesanu.ro\/en\/wp-content\/uploads\/2025\/10\/Conferinta-Despre-OM-600-x-800-px-1-1.png","contentUrl":"https:\/\/www.ovidiudragosargesanu.ro\/en\/wp-content\/uploads\/2025\/10\/Conferinta-Despre-OM-600-x-800-px-1-1.png","width":600,"height":800},{"@type":"BreadcrumbList","@id":"https:\/\/www.ovidiudragosargesanu.ro\/en\/shop\/evenimente-live-online\/conferinta-despre-om-bucuresti\/#breadcrumb","itemListElement":[{"@type":"ListItem","position":1,"name":"Prima pagin\u0103","item":"https:\/\/www.ovidiudragosargesanu.ro\/en\/"},{"@type":"ListItem","position":2,"name":"Shop","item":"https:\/\/www.ovidiudragosargesanu.ro\/en\/shop\/"},{"@type":"ListItem","position":3,"name":"Conferinta Despre OM &#8211; Bucuresti"}]},{"@type":"WebSite","@id":"https:\/\/www.ovidiudragosargesanu.ro\/en\/#website","url":"https:\/\/www.ovidiudragosargesanu.ro\/en\/","name":"Ovidiu Drago\u0219 Arge\u0219anu","description":"","publisher":{"@id":"https:\/\/www.ovidiudragosargesanu.ro\/en\/#organization"},"potentialAction":[{"@type":"SearchAction","target":{"@type":"EntryPoint","urlTemplate":"https:\/\/www.ovidiudragosargesanu.ro\/en\/?s={search_term_string}"},"query-input":{"@type":"PropertyValueSpecification","valueRequired":true,"valueName":"search_term_string"}}],"inLanguage":"en-US"},{"@type":"Organization","@id":"https:\/\/www.ovidiudragosargesanu.ro\/en\/#organization","name":"Ovidiu Drago\u0219 Arge\u0219anu","url":"https:\/\/www.ovidiudragosargesanu.ro\/en\/","logo":{"@type":"ImageObject","inLanguage":"en-US","@id":"https:\/\/www.ovidiudragosargesanu.ro\/en\/#\/schema\/logo\/image\/","url":"https:\/\/www.ovidiudragosargesanu.ro\/en\/wp-content\/uploads\/2018\/03\/dragos-logo-lotus-black-400.svg","contentUrl":"https:\/\/www.ovidiudragosargesanu.ro\/en\/wp-content\/uploads\/2018\/03\/dragos-logo-lotus-black-400.svg","width":300,"height":150,"caption":"Ovidiu Drago\u0219 Arge\u0219anu"},"image":{"@id":"https:\/\/www.ovidiudragosargesanu.ro\/en\/#\/schema\/logo\/image\/"}}]}},"_links":{"self":[{"href":"https:\/\/www.ovidiudragosargesanu.ro\/en\/wp-json\/wp\/v2\/product\/66034","targetHints":{"allow":["GET"]}}],"collection":[{"href":"https:\/\/www.ovidiudragosargesanu.ro\/en\/wp-json\/wp\/v2\/product"}],"about":[{"href":"https:\/\/www.ovidiudragosargesanu.ro\/en\/wp-json\/wp\/v2\/types\/product"}],"version-history":[{"count":13,"href":"https:\/\/www.ovidiudragosargesanu.ro\/en\/wp-json\/wp\/v2\/product\/66034\/revisions"}],"predecessor-version":[{"id":66041,"href":"https:\/\/www.ovidiudragosargesanu.ro\/en\/wp-json\/wp\/v2\/product\/66034\/revisions\/66041"}],"wp:featuredmedia":[{"embeddable":true,"href":"https:\/\/www.ovidiudragosargesanu.ro\/en\/wp-json\/wp\/v2\/media\/66161"}],"wp:attachment":[{"href":"https:\/\/www.ovidiudragosargesanu.ro\/en\/wp-json\/wp\/v2\/media?parent=66034"}],"wp:term":[{"taxonomy":"product_brand","embeddable":true,"href":"https:\/\/www.ovidiudragosargesanu.ro\/en\/wp-json\/wp\/v2\/product_brand?post=66034"},{"taxonomy":"product_cat","embeddable":true,"href":"https:\/\/www.ovidiudragosargesanu.ro\/en\/wp-json\/wp\/v2\/product_cat?post=66034"},{"taxonomy":"product_tag","embeddable":true,"href":"https:\/\/www.ovidiudragosargesanu.ro\/en\/wp-json\/wp\/v2\/product_tag?post=66034"}],"curies":[{"name":"wp","href":"https:\/\/api.w.org\/{rel}","templated":true}]}}